{"id":45636,"date":"2025-06-25T14:02:36","date_gmt":"2025-06-25T12:02:36","guid":{"rendered":"https:\/\/www.moma-design.it\/?post_type=realizzazione&#038;p=45636"},"modified":"2025-08-28T10:21:24","modified_gmt":"2025-08-28T08:21:24","slug":"residence-privee-a-milan-italie","status":"publish","type":"realizzazione","link":"https:\/\/www.moma-design.it\/fr\/projets\/residence-privee-a-milan-italie\/","title":{"rendered":"R\u00e9sidence priv\u00e9e \u00e0 Milan, Italie"},"content":{"rendered":"\t\t<div data-elementor-type=\"wp-post\" data-elementor-id=\"45636\" class=\"elementor elementor-45636 elementor-45447\" data-elementor-post-type=\"realizzazione\">\n\t\t\t\t\t\t<section class=\"elementor-section elementor-top-section elementor-element elementor-element-0c94106 elementor-section-height-min-height elementor-section-items-bottom elementor-section-boxed elementor-section-height-default wpr-particle-no wpr-jarallax-no wpr-parallax-no wpr-sticky-section-no\" data-id=\"0c94106\" data-element_type=\"section\" data-settings=\"{&quot;background_background&quot;:&quot;classic&quot;}\">\n\t\t\t\t\t\t\t<div class=\"elementor-background-overlay\"><\/div>\n\t\t\t\t\t\t\t<div class=\"elementor-container elementor-column-gap-default\">\n\t\t\t\t\t<div class=\"elementor-column elementor-col-100 elementor-top-column elementor-element elementor-element-5adc2c8 elementor-invisible\" data-id=\"5adc2c8\" data-element_type=\"column\" data-settings=\"{&quot;animation&quot;:&quot;fadeInUp&quot;}\">\n\t\t\t<div class=\"elementor-widget-wrap elementor-element-populated\">\n\t\t\t\t\t\t<div class=\"elementor-element elementor-element-e05c85e elementor-widget elementor-widget-heading\" data-id=\"e05c85e\" data-element_type=\"widget\" data-widget_type=\"heading.default\">\n\t\t\t\t<div class=\"elementor-widget-container\">\n\t\t\t\t\t<h1 class=\"elementor-heading-title elementor-size-default\">R\u00e9sidence priv\u00e9e \u00e0 Milan - Italie<\/h1>\t\t\t\t<\/div>\n\t\t\t\t<\/div>\n\t\t\t\t<div class=\"elementor-element elementor-element-3facd43 elementor-widget elementor-widget-heading\" data-id=\"3facd43\" data-element_type=\"widget\" data-widget_type=\"heading.default\">\n\t\t\t\t<div class=\"elementor-widget-container\">\n\t\t\t\t\t<h3 class=\"elementor-heading-title elementor-size-default\">Projets de salles de bains par MOMA Design<\/h3>\t\t\t\t<\/div>\n\t\t\t\t<\/div>\n\t\t\t\t\t<\/div>\n\t\t<\/div>\n\t\t\t\t\t<\/div>\n\t\t<\/section>\n\t\t\t\t<section class=\"elementor-section elementor-top-section elementor-element elementor-element-4912ed5 elementor-section-boxed elementor-section-height-default elementor-section-height-default wpr-particle-no wpr-jarallax-no wpr-parallax-no wpr-sticky-section-no\" data-id=\"4912ed5\" data-element_type=\"section\">\n\t\t\t\t\t\t<div class=\"elementor-container elementor-column-gap-default\">\n\t\t\t\t\t<div class=\"elementor-column elementor-col-100 elementor-top-column elementor-element elementor-element-2a4ce64\" data-id=\"2a4ce64\" data-element_type=\"column\">\n\t\t\t<div class=\"elementor-widget-wrap elementor-element-populated\">\n\t\t\t\t\t\t<div class=\"elementor-element elementor-element-85ca4a0 elementor-widget elementor-widget-text-editor\" data-id=\"85ca4a0\" data-element_type=\"widget\" data-widget_type=\"text-editor.default\">\n\t\t\t\t<div class=\"elementor-widget-container\">\n\t\t\t\t\t\t\t\t\tMilan nous a toujours habitu\u00e9s \u00e0 des joyaux cach\u00e9s. Souvent, derri\u00e8re des fa\u00e7ades ordinaires se cachent des appartements et des r\u00e9sidences meubl\u00e9s avec un go\u00fbt impeccable.<br><br>Pour ce projet, <strong>MOMA Design<\/strong> a enti\u00e8rement meubl\u00e9 les deux salles de bains de la maison, au rez-de-chauss\u00e9e et au premier \u00e9tage.<br><br>Dans la salle de bains plus masculine du premier \u00e9tage, on trouve une armoire <a href=\"https:\/\/www.moma-design.it\/fr\/produit\/aria-plus\/\" target=\"_blank\">ARIA<\/a> sur mesure, associ\u00e9e \u00e0 un \u00e9l\u00e9gant lavabo <a href=\"https:\/\/www.moma-design.it\/fr\/produit\/plan-vasque-aquatico\/\" target=\"_blank\">AQUATICO<\/a>. Les fa\u00e7ades en noyer Canaletto cannet\u00e9 donnent du mouvement \u00e0 la composition et se marient bien avec la finition bronze de la structure m\u00e9tallique. Le miroir carr\u00e9 <a href=\"https:\/\/www.moma-design.it\/fr\/produit\/mirr-outline\/\" target=\"_blank\">MIRR OUTLINE<\/a> ajoute une touche d&rsquo;\u00e9l\u00e9gance dans sa simplicit\u00e9.<br><br>L&rsquo;espace douche est \u00e9galement con\u00e7u par <strong>MOMA Design<\/strong> : la douchette <a href=\"https:\/\/www.moma-design.it\/fr\/produit\/shower-wall\/\" target=\"_blank\">SHOWER WALL<\/a> est mont\u00e9e sur un receveur <a href=\"https:\/\/www.moma-design.it\/fr\/produit\/piatto-doccia-metro\/\" target=\"_blank\">METRO<\/a> en Stonage blanc, tandis que la paroi fixe en verre tremp\u00e9 est enrichie d&rsquo;une niche <a href=\"https:\/\/www.moma-design.it\/fr\/produit\/niche-container-open\/\" target=\"_blank\">CONTAINER OPEN<\/a> au design tr\u00e8s fonctionnel.<br><br>En descendant au rez-de-chauss\u00e9e, nous trouvons la deuxi\u00e8me salle de bains, caract\u00e9ris\u00e9e par un go\u00fbt nettement f\u00e9minin. Le choix s&rsquo;est port\u00e9 sur le meuble <a href=\"https:\/\/www.moma-design.it\/fr\/eclipse-2\/\" target=\"_blank\">ECLIPSE<\/a>, qui adoucit les formes du meuble choisi pour la salle de bains du premier \u00e9tage. Le plan en marbre Patagonia est la vedette incontest\u00e9e de la composition, accompagn\u00e9 du lavabo <a href=\"https:\/\/www.moma-design.it\/fr\/produit\/lavabo-sweet\/\" target=\"_blank\">SWEET<\/a> en Stonage et du noyer Canaletto de l&rsquo;armoire. Le m\u00eame bois se retrouve dans la zone du miroir <a href=\"https:\/\/www.moma-design.it\/fr\/produit\/mirr-slim\/\" target=\"_blank\">MIRR SLIM CIRCLE<\/a>, sous la forme d&rsquo;une \u00e9tag\u00e8re discr\u00e8te.<br><br>La pomme de douche <a href=\"https:\/\/www.moma-design.it\/fr\/produit\/deco-shower\/\" target=\"_blank\">DECO&rsquo; ROUND<\/a> a \u00e9t\u00e9 mont\u00e9e sur un autre receveur de douche <a href=\"https:\/\/www.moma-design.it\/fr\/produit\/piatto-doccia-metro\/\" target=\"_blank\">METRO<\/a>.<br><br>Les robinets <a href=\"https:\/\/www.gessi.com\/fr\" target=\"_blank\">GESSI<\/a>, le carrelage mural <a href=\"https:\/\/www.florim.com\/fr\" target=\"_blank\">FLORIM<\/a> et les radiateurs <a href=\"https:\/\/www.antrax.com\/fr\/\" target=\"_blank\">ANTRAX<\/a> compl\u00e8tent parfaitement l&rsquo;ensemble, lui conf\u00e9rant une touche luxueuse et contemporaine.\t\t\t\t\t\t\t\t<\/div>\n\t\t\t\t<\/div>\n\t\t\t\t\t<\/div>\n\t\t<\/div>\n\t\t\t\t\t<\/div>\n\t\t<\/section>\n\t\t\t\t<section class=\"elementor-section elementor-top-section elementor-element elementor-element-bb4960c elementor-section-boxed elementor-section-height-default elementor-section-height-default wpr-particle-no wpr-jarallax-no wpr-parallax-no wpr-sticky-section-no\" data-id=\"bb4960c\" data-element_type=\"section\">\n\t\t\t\t\t\t<div class=\"elementor-container elementor-column-gap-default\">\n\t\t\t\t\t<div class=\"elementor-column elementor-col-100 elementor-top-column elementor-element elementor-element-7b73305\" data-id=\"7b73305\" data-element_type=\"column\">\n\t\t\t<div class=\"elementor-widget-wrap elementor-element-populated\">\n\t\t\t\t\t\t<div class=\"elementor-element elementor-element-6704b5d elementor-widget elementor-widget-gallery\" data-id=\"6704b5d\" data-element_type=\"widget\" data-settings=\"{&quot;gallery_layout&quot;:&quot;masonry&quot;,&quot;columns&quot;:&quot;2&quot;,&quot;lazyload&quot;:&quot;yes&quot;,&quot;columns_tablet&quot;:2,&quot;columns_mobile&quot;:1,&quot;gap&quot;:{&quot;unit&quot;:&quot;px&quot;,&quot;size&quot;:10,&quot;sizes&quot;:[]},&quot;gap_tablet&quot;:{&quot;unit&quot;:&quot;px&quot;,&quot;size&quot;:10,&quot;sizes&quot;:[]},&quot;gap_mobile&quot;:{&quot;unit&quot;:&quot;px&quot;,&quot;size&quot;:10,&quot;sizes&quot;:[]},&quot;link_to&quot;:&quot;file&quot;,&quot;overlay_background&quot;:&quot;yes&quot;,&quot;content_hover_animation&quot;:&quot;fade-in&quot;}\" data-widget_type=\"gallery.default\">\n\t\t\t\t<div class=\"elementor-widget-container\">\n\t\t\t\t\t\t\t<div class=\"elementor-gallery__container\">\n\t\t\t\t\t\t\t<a class=\"e-gallery-item elementor-gallery-item elementor-animated-content\" href=\"https:\/\/www.moma-design.it\/wp-content\/uploads\/2025\/06\/4-650x450-1.jpg\" data-elementor-open-lightbox=\"yes\" data-elementor-lightbox-slideshow=\"6704b5d\" data-elementor-lightbox-title=\"4 650x450\" data-elementor-lightbox-description=\"piano lavabo aquatico residenza milano\" data-e-action-hash=\"#elementor-action%3Aaction%3Dlightbox%26settings%3DeyJpZCI6NDU1NzksInVybCI6Imh0dHBzOlwvXC93d3cubW9tYS1kZXNpZ24uaXRcL3dwLWNvbnRlbnRcL3VwbG9hZHNcLzIwMjVcLzA2XC80LTY1MHg0NTAtMS5qcGciLCJzbGlkZXNob3ciOiI2NzA0YjVkIn0%3D\">\n\t\t\t\t\t<div class=\"e-gallery-image elementor-gallery-item__image\" data-thumbnail=\"https:\/\/www.moma-design.it\/wp-content\/uploads\/2025\/06\/4-650x450-1.jpg\" data-width=\"650\" data-height=\"450\" aria-label=\"piano lavabo aquatico residenza milano\" role=\"img\" ><\/div>\n\t\t\t\t\t\t\t\t\t\t\t<div class=\"elementor-gallery-item__overlay\"><\/div>\n\t\t\t\t\t\t\t\t\t\t\t\t\t\t<\/a>\n\t\t\t\t\t\t\t<a class=\"e-gallery-item elementor-gallery-item elementor-animated-content\" href=\"https:\/\/www.moma-design.it\/wp-content\/uploads\/2025\/06\/6-450x450-1.jpg\" data-elementor-open-lightbox=\"yes\" data-elementor-lightbox-slideshow=\"6704b5d\" data-elementor-lightbox-title=\"6 450x450\" data-elementor-lightbox-description=\"dettaglio lavabo aquatico con rubinetto Gessi\" data-e-action-hash=\"#elementor-action%3Aaction%3Dlightbox%26settings%3DeyJpZCI6NDU1OTEsInVybCI6Imh0dHBzOlwvXC93d3cubW9tYS1kZXNpZ24uaXRcL3dwLWNvbnRlbnRcL3VwbG9hZHNcLzIwMjVcLzA2XC82LTQ1MHg0NTAtMS5qcGciLCJzbGlkZXNob3ciOiI2NzA0YjVkIn0%3D\">\n\t\t\t\t\t<div class=\"e-gallery-image elementor-gallery-item__image\" data-thumbnail=\"https:\/\/www.moma-design.it\/wp-content\/uploads\/2025\/06\/6-450x450-1.jpg\" data-width=\"450\" data-height=\"450\" aria-label=\"dettaglio lavabo aquatico con rubinetto Gessi\" role=\"img\" ><\/div>\n\t\t\t\t\t\t\t\t\t\t\t<div class=\"elementor-gallery-item__overlay\"><\/div>\n\t\t\t\t\t\t\t\t\t\t\t\t\t\t<\/a>\n\t\t\t\t\t\t\t<a class=\"e-gallery-item elementor-gallery-item elementor-animated-content\" href=\"https:\/\/www.moma-design.it\/wp-content\/uploads\/2025\/06\/6-650x450-1.jpg\" data-elementor-open-lightbox=\"yes\" data-elementor-lightbox-slideshow=\"6704b5d\" data-elementor-lightbox-title=\"6 650x450\" data-elementor-lightbox-description=\"dettaglio mobile aria in noce canaletto fresato\" data-e-action-hash=\"#elementor-action%3Aaction%3Dlightbox%26settings%3DeyJpZCI6NDU1OTUsInVybCI6Imh0dHBzOlwvXC93d3cubW9tYS1kZXNpZ24uaXRcL3dwLWNvbnRlbnRcL3VwbG9hZHNcLzIwMjVcLzA2XC82LTY1MHg0NTAtMS5qcGciLCJzbGlkZXNob3ciOiI2NzA0YjVkIn0%3D\">\n\t\t\t\t\t<div class=\"e-gallery-image elementor-gallery-item__image\" data-thumbnail=\"https:\/\/www.moma-design.it\/wp-content\/uploads\/2025\/06\/6-650x450-1.jpg\" data-width=\"650\" data-height=\"450\" aria-label=\"dettaglio mobile aria in noce canaletto fresato\" role=\"img\" ><\/div>\n\t\t\t\t\t\t\t\t\t\t\t<div class=\"elementor-gallery-item__overlay\"><\/div>\n\t\t\t\t\t\t\t\t\t\t\t\t\t\t<\/a>\n\t\t\t\t\t\t\t<a class=\"e-gallery-item elementor-gallery-item elementor-animated-content\" href=\"https:\/\/www.moma-design.it\/wp-content\/uploads\/2025\/06\/5-450x450-1.jpg\" data-elementor-open-lightbox=\"yes\" data-elementor-lightbox-slideshow=\"6704b5d\" data-elementor-lightbox-title=\"5 450x450\" data-elementor-lightbox-description=\"scorcio mobile aria con top aquatico\" data-e-action-hash=\"#elementor-action%3Aaction%3Dlightbox%26settings%3DeyJpZCI6NDU1ODMsInVybCI6Imh0dHBzOlwvXC93d3cubW9tYS1kZXNpZ24uaXRcL3dwLWNvbnRlbnRcL3VwbG9hZHNcLzIwMjVcLzA2XC81LTQ1MHg0NTAtMS5qcGciLCJzbGlkZXNob3ciOiI2NzA0YjVkIn0%3D\">\n\t\t\t\t\t<div class=\"e-gallery-image elementor-gallery-item__image\" data-thumbnail=\"https:\/\/www.moma-design.it\/wp-content\/uploads\/2025\/06\/5-450x450-1.jpg\" data-width=\"450\" data-height=\"450\" aria-label=\"scorcio mobile aria con top aquatico\" role=\"img\" ><\/div>\n\t\t\t\t\t\t\t\t\t\t\t<div class=\"elementor-gallery-item__overlay\"><\/div>\n\t\t\t\t\t\t\t\t\t\t\t\t\t\t<\/a>\n\t\t\t\t\t\t\t<a class=\"e-gallery-item elementor-gallery-item elementor-animated-content\" href=\"https:\/\/www.moma-design.it\/wp-content\/uploads\/2025\/06\/5-650x450-1.jpg\" data-elementor-open-lightbox=\"yes\" data-elementor-lightbox-slideshow=\"6704b5d\" data-elementor-lightbox-title=\"5 650x450\" data-elementor-lightbox-description=\"soffione shower wall acceso\" data-e-action-hash=\"#elementor-action%3Aaction%3Dlightbox%26settings%3DeyJpZCI6NDU1ODcsInVybCI6Imh0dHBzOlwvXC93d3cubW9tYS1kZXNpZ24uaXRcL3dwLWNvbnRlbnRcL3VwbG9hZHNcLzIwMjVcLzA2XC81LTY1MHg0NTAtMS5qcGciLCJzbGlkZXNob3ciOiI2NzA0YjVkIn0%3D\">\n\t\t\t\t\t<div class=\"e-gallery-image elementor-gallery-item__image\" data-thumbnail=\"https:\/\/www.moma-design.it\/wp-content\/uploads\/2025\/06\/5-650x450-1.jpg\" data-width=\"650\" data-height=\"450\" aria-label=\"soffione shower wall acceso\" role=\"img\" ><\/div>\n\t\t\t\t\t\t\t\t\t\t\t<div class=\"elementor-gallery-item__overlay\"><\/div>\n\t\t\t\t\t\t\t\t\t\t\t\t\t\t<\/a>\n\t\t\t\t\t\t\t<a class=\"e-gallery-item elementor-gallery-item elementor-animated-content\" href=\"https:\/\/www.moma-design.it\/wp-content\/uploads\/2025\/06\/4-450x450-1.jpg\" data-elementor-open-lightbox=\"yes\" data-elementor-lightbox-slideshow=\"6704b5d\" data-elementor-lightbox-title=\"4 450x450\" data-elementor-lightbox-description=\"nicchia container open per vetro doccia milano\" data-e-action-hash=\"#elementor-action%3Aaction%3Dlightbox%26settings%3DeyJpZCI6NDU1NzUsInVybCI6Imh0dHBzOlwvXC93d3cubW9tYS1kZXNpZ24uaXRcL3dwLWNvbnRlbnRcL3VwbG9hZHNcLzIwMjVcLzA2XC80LTQ1MHg0NTAtMS5qcGciLCJzbGlkZXNob3ciOiI2NzA0YjVkIn0%3D\">\n\t\t\t\t\t<div class=\"e-gallery-image elementor-gallery-item__image\" data-thumbnail=\"https:\/\/www.moma-design.it\/wp-content\/uploads\/2025\/06\/4-450x450-1.jpg\" data-width=\"450\" data-height=\"450\" aria-label=\"nicchia container open per vetro doccia milano\" role=\"img\" ><\/div>\n\t\t\t\t\t\t\t\t\t\t\t<div class=\"elementor-gallery-item__overlay\"><\/div>\n\t\t\t\t\t\t\t\t\t\t\t\t\t\t<\/a>\n\t\t\t\t\t\t\t<a class=\"e-gallery-item elementor-gallery-item elementor-animated-content\" href=\"https:\/\/www.moma-design.it\/wp-content\/uploads\/2025\/06\/1-650x450-1.jpg\" data-elementor-open-lightbox=\"yes\" data-elementor-lightbox-slideshow=\"6704b5d\" data-elementor-lightbox-title=\"1 650x450\" data-elementor-lightbox-description=\"lavabo sweet su top in patagonia e mobile eclipse\" data-e-action-hash=\"#elementor-action%3Aaction%3Dlightbox%26settings%3DeyJpZCI6NDU1NTUsInVybCI6Imh0dHBzOlwvXC93d3cubW9tYS1kZXNpZ24uaXRcL3dwLWNvbnRlbnRcL3VwbG9hZHNcLzIwMjVcLzA2XC8xLTY1MHg0NTAtMS5qcGciLCJzbGlkZXNob3ciOiI2NzA0YjVkIn0%3D\">\n\t\t\t\t\t<div class=\"e-gallery-image elementor-gallery-item__image\" data-thumbnail=\"https:\/\/www.moma-design.it\/wp-content\/uploads\/2025\/06\/1-650x450-1.jpg\" data-width=\"650\" data-height=\"450\" aria-label=\"lavabo sweet su top in patagonia e mobile eclipse\" role=\"img\" ><\/div>\n\t\t\t\t\t\t\t\t\t\t\t<div class=\"elementor-gallery-item__overlay\"><\/div>\n\t\t\t\t\t\t\t\t\t\t\t\t\t\t<\/a>\n\t\t\t\t\t\t\t<a class=\"e-gallery-item elementor-gallery-item elementor-animated-content\" href=\"https:\/\/www.moma-design.it\/wp-content\/uploads\/2025\/06\/1-450x450-1.jpg\" data-elementor-open-lightbox=\"yes\" data-elementor-lightbox-slideshow=\"6704b5d\" data-elementor-lightbox-title=\"1 450x450\" data-elementor-lightbox-description=\"specchio mirr outline, vetro doccia e nicchia container\" data-e-action-hash=\"#elementor-action%3Aaction%3Dlightbox%26settings%3DeyJpZCI6NDU1NTEsInVybCI6Imh0dHBzOlwvXC93d3cubW9tYS1kZXNpZ24uaXRcL3dwLWNvbnRlbnRcL3VwbG9hZHNcLzIwMjVcLzA2XC8xLTQ1MHg0NTAtMS5qcGciLCJzbGlkZXNob3ciOiI2NzA0YjVkIn0%3D\">\n\t\t\t\t\t<div class=\"e-gallery-image elementor-gallery-item__image\" data-thumbnail=\"https:\/\/www.moma-design.it\/wp-content\/uploads\/2025\/06\/1-450x450-1.jpg\" data-width=\"450\" data-height=\"450\" aria-label=\"specchio mirr outline, vetro doccia e nicchia container\" role=\"img\" ><\/div>\n\t\t\t\t\t\t\t\t\t\t\t<div class=\"elementor-gallery-item__overlay\"><\/div>\n\t\t\t\t\t\t\t\t\t\t\t\t\t\t<\/a>\n\t\t\t\t\t\t\t<a class=\"e-gallery-item elementor-gallery-item elementor-animated-content\" href=\"https:\/\/www.moma-design.it\/wp-content\/uploads\/2025\/06\/3-650x450-1.jpg\" data-elementor-open-lightbox=\"yes\" data-elementor-lightbox-slideshow=\"6704b5d\" data-elementor-lightbox-title=\"3 650x450\" data-elementor-lightbox-description=\"specchio mirr outline e piano aquatico residenza milano\" data-e-action-hash=\"#elementor-action%3Aaction%3Dlightbox%26settings%3DeyJpZCI6NDU1NzEsInVybCI6Imh0dHBzOlwvXC93d3cubW9tYS1kZXNpZ24uaXRcL3dwLWNvbnRlbnRcL3VwbG9hZHNcLzIwMjVcLzA2XC8zLTY1MHg0NTAtMS5qcGciLCJzbGlkZXNob3ciOiI2NzA0YjVkIn0%3D\">\n\t\t\t\t\t<div class=\"e-gallery-image elementor-gallery-item__image\" data-thumbnail=\"https:\/\/www.moma-design.it\/wp-content\/uploads\/2025\/06\/3-650x450-1.jpg\" data-width=\"650\" data-height=\"450\" aria-label=\"specchio mirr outline e piano aquatico residenza milano\" role=\"img\" ><\/div>\n\t\t\t\t\t\t\t\t\t\t\t<div class=\"elementor-gallery-item__overlay\"><\/div>\n\t\t\t\t\t\t\t\t\t\t\t\t\t\t<\/a>\n\t\t\t\t\t\t\t<a class=\"e-gallery-item elementor-gallery-item elementor-animated-content\" href=\"https:\/\/www.moma-design.it\/wp-content\/uploads\/2025\/06\/2-450x450-1.jpg\" data-elementor-open-lightbox=\"yes\" data-elementor-lightbox-slideshow=\"6704b5d\" data-elementor-lightbox-title=\"2 450x450\" data-elementor-lightbox-description=\"lavabo sweet su piano in marmo patagonia\" data-e-action-hash=\"#elementor-action%3Aaction%3Dlightbox%26settings%3DeyJpZCI6NDU1NjMsInVybCI6Imh0dHBzOlwvXC93d3cubW9tYS1kZXNpZ24uaXRcL3dwLWNvbnRlbnRcL3VwbG9hZHNcLzIwMjVcLzA2XC8yLTQ1MHg0NTAtMS5qcGciLCJzbGlkZXNob3ciOiI2NzA0YjVkIn0%3D\">\n\t\t\t\t\t<div class=\"e-gallery-image elementor-gallery-item__image\" data-thumbnail=\"https:\/\/www.moma-design.it\/wp-content\/uploads\/2025\/06\/2-450x450-1.jpg\" data-width=\"450\" data-height=\"450\" aria-label=\"lavabo sweet su piano in marmo patagonia\" role=\"img\" ><\/div>\n\t\t\t\t\t\t\t\t\t\t\t<div class=\"elementor-gallery-item__overlay\"><\/div>\n\t\t\t\t\t\t\t\t\t\t\t\t\t\t<\/a>\n\t\t\t\t\t\t\t<a class=\"e-gallery-item elementor-gallery-item elementor-animated-content\" href=\"https:\/\/www.moma-design.it\/wp-content\/uploads\/2025\/06\/3-650x450-2.jpg\" data-elementor-open-lightbox=\"yes\" data-elementor-lightbox-slideshow=\"6704b5d\" data-elementor-lightbox-title=\"3 650x450 (2)\" data-elementor-lightbox-description=\"soffione shower wall residenza milano\" data-e-action-hash=\"#elementor-action%3Aaction%3Dlightbox%26settings%3DeyJpZCI6NDU1NjcsInVybCI6Imh0dHBzOlwvXC93d3cubW9tYS1kZXNpZ24uaXRcL3dwLWNvbnRlbnRcL3VwbG9hZHNcLzIwMjVcLzA2XC8zLTY1MHg0NTAtMi5qcGciLCJzbGlkZXNob3ciOiI2NzA0YjVkIn0%3D\">\n\t\t\t\t\t<div class=\"e-gallery-image elementor-gallery-item__image\" data-thumbnail=\"https:\/\/www.moma-design.it\/wp-content\/uploads\/2025\/06\/3-650x450-2.jpg\" data-width=\"650\" data-height=\"450\" aria-label=\"soffione shower wall residenza milano\" role=\"img\" ><\/div>\n\t\t\t\t\t\t\t\t\t\t\t<div class=\"elementor-gallery-item__overlay\"><\/div>\n\t\t\t\t\t\t\t\t\t\t\t\t\t\t<\/a>\n\t\t\t\t\t\t\t<a class=\"e-gallery-item elementor-gallery-item elementor-animated-content\" href=\"https:\/\/www.moma-design.it\/wp-content\/uploads\/2025\/06\/2-450x450-2.jpg\" data-elementor-open-lightbox=\"yes\" data-elementor-lightbox-slideshow=\"6704b5d\" data-elementor-lightbox-title=\"2 450x450 (2)\" data-elementor-lightbox-description=\"lavabo sweet dettaglio\" data-e-action-hash=\"#elementor-action%3Aaction%3Dlightbox%26settings%3DeyJpZCI6NDU1NTksInVybCI6Imh0dHBzOlwvXC93d3cubW9tYS1kZXNpZ24uaXRcL3dwLWNvbnRlbnRcL3VwbG9hZHNcLzIwMjVcLzA2XC8yLTQ1MHg0NTAtMi5qcGciLCJzbGlkZXNob3ciOiI2NzA0YjVkIn0%3D\">\n\t\t\t\t\t<div class=\"e-gallery-image elementor-gallery-item__image\" data-thumbnail=\"https:\/\/www.moma-design.it\/wp-content\/uploads\/2025\/06\/2-450x450-2.jpg\" data-width=\"450\" data-height=\"450\" aria-label=\"lavabo sweet dettaglio\" role=\"img\" ><\/div>\n\t\t\t\t\t\t\t\t\t\t\t<div class=\"elementor-gallery-item__overlay\"><\/div>\n\t\t\t\t\t\t\t\t\t\t\t\t\t\t<\/a>\n\t\t\t\t\t<\/div>\n\t\t\t\t\t<\/div>\n\t\t\t\t<\/div>\n\t\t\t\t\t<\/div>\n\t\t<\/div>\n\t\t\t\t\t<\/div>\n\t\t<\/section>\n\t\t\t\t<\/div>\n\t\t","protected":false},"excerpt":{"rendered":"<p>MOMA Design a am\u00e9nag\u00e9 les deux salles de bains de cette r\u00e9sidence priv\u00e9e \u00e0 Milan avec des meubles, des lavabos, des miroirs et des douches dans un style moderne et \u00e9l\u00e9gant.<\/p>\n","protected":false},"featured_media":45926,"template":"","meta":{"site-sidebar-layout":"no-sidebar","site-content-layout":"page-builder","ast-site-content-layout":"full-width-container","site-content-style":"unboxed","site-sidebar-style":"unboxed","ast-global-header-display":"","ast-banner-title-visibility":"","ast-main-header-display":"","ast-hfb-above-header-display":"","ast-hfb-below-header-display":"","ast-hfb-mobile-header-display":"","site-post-title":"disabled","ast-breadcrumbs-content":"","ast-featured-img":"disabled","footer-sml-layout":"","ast-disable-related-posts":"","theme-transparent-header-meta":"","adv-header-id-meta":"","stick-header-meta":"","header-above-stick-meta":"","header-main-stick-meta":"","header-below-stick-meta":"","astra-migrate-meta-layouts":"set","ast-page-background-enabled":"default","ast-page-background-meta":{"desktop":{"background-color":"var(--ast-global-color-4)","background-image":"","background-repeat":"repeat","background-position":"center center","background-size":"auto","background-attachment":"scroll","background-type":"","background-media":"","overlay-type":"","overlay-color":"","overlay-opacity":"","overlay-gradient":""},"tablet":{"background-color":"","background-image":"","background-repeat":"repeat","background-position":"center center","background-size":"auto","background-attachment":"scroll","background-type":"","background-media":"","overlay-type":"","overlay-color":"","overlay-opacity":"","overlay-gradient":""},"mobile":{"background-color":"","background-image":"","background-repeat":"repeat","background-position":"center center","background-size":"auto","background-attachment":"scroll","background-type":"","background-media":"","overlay-type":"","overlay-color":"","overlay-opacity":"","overlay-gradient":""}},"ast-content-background-meta":{"desktop":{"background-color":"var(--ast-global-color-5)","background-image":"","background-repeat":"repeat","background-position":"center center","background-size":"auto","background-attachment":"scroll","background-type":"","background-media":"","overlay-type":"","overlay-color":"","overlay-opacity":"","overlay-gradient":""},"tablet":{"background-color":"var(--ast-global-color-5)","background-image":"","background-repeat":"repeat","background-position":"center center","background-size":"auto","background-attachment":"scroll","background-type":"","background-media":"","overlay-type":"","overlay-color":"","overlay-opacity":"","overlay-gradient":""},"mobile":{"background-color":"var(--ast-global-color-5)","background-image":"","background-repeat":"repeat","background-position":"center center","background-size":"auto","background-attachment":"scroll","background-type":"","background-media":"","overlay-type":"","overlay-color":"","overlay-opacity":"","overlay-gradient":""}}},"realizzazione_categoria":[],"class_list":["post-45636","realizzazione","type-realizzazione","status-publish","has-post-thumbnail","hentry"],"yoast_head":"<!-- This site is optimized with the Yoast SEO plugin v26.8 - https:\/\/yoast.com\/product\/yoast-seo-wordpress\/ -->\n<title>R\u00e9sidence priv\u00e9e \u00e0 Milan | MOMA Design<\/title>\n<meta name=\"description\" content=\"MOMA Design a am\u00e9nag\u00e9 les deux salles de bains de cette r\u00e9sidence priv\u00e9e \u00e0 Milan avec des meubles, des lavabos, des miroirs et des douches dans un style moderne et \u00e9l\u00e9gant.\" \/>\n<meta name=\"robots\" content=\"index, follow, max-snippet:-1, max-image-preview:large, max-video-preview:-1\" \/>\n<link rel=\"canonical\" href=\"https:\/\/www.moma-design.it\/projets\/residenza-privata-a-milano-italia\/\" \/>\n<meta property=\"og:locale\" content=\"fr_FR\" \/>\n<meta property=\"og:type\" content=\"article\" \/>\n<meta property=\"og:title\" content=\"R\u00e9sidence priv\u00e9e \u00e0 Milan | MOMA Design\" \/>\n<meta property=\"og:description\" content=\"MOMA Design a am\u00e9nag\u00e9 les deux salles de bains de cette r\u00e9sidence priv\u00e9e \u00e0 Milan avec des meubles, des lavabos, des miroirs et des douches dans un style moderne et \u00e9l\u00e9gant.\" \/>\n<meta property=\"og:url\" content=\"https:\/\/www.moma-design.it\/projets\/residenza-privata-a-milano-italia\/\" \/>\n<meta property=\"og:site_name\" content=\"MOMA Design\" \/>\n<meta property=\"article:modified_time\" content=\"2025-08-28T08:21:24+00:00\" \/>\n<meta property=\"og:image\" content=\"https:\/\/www.moma-design.it\/wp-content\/uploads\/2025\/08\/550x400-1.jpg\" \/>\n\t<meta property=\"og:image:width\" content=\"550\" \/>\n\t<meta property=\"og:image:height\" content=\"400\" \/>\n\t<meta property=\"og:image:type\" content=\"image\/jpeg\" \/>\n<meta name=\"twitter:card\" content=\"summary_large_image\" \/>\n<meta name=\"twitter:label1\" content=\"Dur\u00e9e de lecture estim\u00e9e\" \/>\n\t<meta name=\"twitter:data1\" content=\"2 minutes\" \/>\n<script type=\"application\/ld+json\" class=\"yoast-schema-graph\">{\"@context\":\"https:\/\/schema.org\",\"@graph\":[{\"@type\":\"WebPage\",\"@id\":\"https:\/\/www.moma-design.it\/projets\/residenza-privata-a-milano-italia\/\",\"url\":\"https:\/\/www.moma-design.it\/projets\/residenza-privata-a-milano-italia\/\",\"name\":\"R\u00e9sidence priv\u00e9e \u00e0 Milan | MOMA Design\",\"isPartOf\":{\"@id\":\"https:\/\/www.moma-design.it\/#website\"},\"primaryImageOfPage\":{\"@id\":\"https:\/\/www.moma-design.it\/projets\/residenza-privata-a-milano-italia\/#primaryimage\"},\"image\":{\"@id\":\"https:\/\/www.moma-design.it\/projets\/residenza-privata-a-milano-italia\/#primaryimage\"},\"thumbnailUrl\":\"https:\/\/www.moma-design.it\/wp-content\/uploads\/2025\/08\/550x400-1.jpg\",\"datePublished\":\"2025-06-25T12:02:36+00:00\",\"dateModified\":\"2025-08-28T08:21:24+00:00\",\"description\":\"MOMA Design a am\u00e9nag\u00e9 les deux salles de bains de cette r\u00e9sidence priv\u00e9e \u00e0 Milan avec des meubles, des lavabos, des miroirs et des douches dans un style moderne et \u00e9l\u00e9gant.\",\"breadcrumb\":{\"@id\":\"https:\/\/www.moma-design.it\/projets\/residenza-privata-a-milano-italia\/#breadcrumb\"},\"inLanguage\":\"fr-FR\",\"potentialAction\":[{\"@type\":\"ReadAction\",\"target\":[\"https:\/\/www.moma-design.it\/projets\/residenza-privata-a-milano-italia\/\"]}]},{\"@type\":\"ImageObject\",\"inLanguage\":\"fr-FR\",\"@id\":\"https:\/\/www.moma-design.it\/projets\/residenza-privata-a-milano-italia\/#primaryimage\",\"url\":\"https:\/\/www.moma-design.it\/wp-content\/uploads\/2025\/08\/550x400-1.jpg\",\"contentUrl\":\"https:\/\/www.moma-design.it\/wp-content\/uploads\/2025\/08\/550x400-1.jpg\",\"width\":550,\"height\":400,\"caption\":\"anteprima residenza privata a Milano\"},{\"@type\":\"BreadcrumbList\",\"@id\":\"https:\/\/www.moma-design.it\/projets\/residenza-privata-a-milano-italia\/#breadcrumb\",\"itemListElement\":[{\"@type\":\"ListItem\",\"position\":1,\"name\":\"Home\",\"item\":\"https:\/\/www.moma-design.it\/\"},{\"@type\":\"ListItem\",\"position\":2,\"name\":\"R\u00e9sidence priv\u00e9e \u00e0 Milan, Italie\"}]},{\"@type\":\"WebSite\",\"@id\":\"https:\/\/www.moma-design.it\/#website\",\"url\":\"https:\/\/www.moma-design.it\/\",\"name\":\"MOMA Design\",\"description\":\"\",\"publisher\":{\"@id\":\"https:\/\/www.moma-design.it\/#organization\"},\"potentialAction\":[{\"@type\":\"SearchAction\",\"target\":{\"@type\":\"EntryPoint\",\"urlTemplate\":\"https:\/\/www.moma-design.it\/?s={search_term_string}\"},\"query-input\":{\"@type\":\"PropertyValueSpecification\",\"valueRequired\":true,\"valueName\":\"search_term_string\"}}],\"inLanguage\":\"fr-FR\"},{\"@type\":\"Organization\",\"@id\":\"https:\/\/www.moma-design.it\/#organization\",\"name\":\"MOMA Design\",\"url\":\"https:\/\/www.moma-design.it\/\",\"logo\":{\"@type\":\"ImageObject\",\"inLanguage\":\"fr-FR\",\"@id\":\"https:\/\/www.moma-design.it\/#\/schema\/logo\/image\/\",\"url\":\"https:\/\/www.moma-design.it\/wp-content\/uploads\/2023\/07\/Logotipo-bianco-Moma-Design.png\",\"contentUrl\":\"https:\/\/www.moma-design.it\/wp-content\/uploads\/2023\/07\/Logotipo-bianco-Moma-Design.png\",\"width\":250,\"height\":150,\"caption\":\"MOMA Design\"},\"image\":{\"@id\":\"https:\/\/www.moma-design.it\/#\/schema\/logo\/image\/\"}}]}<\/script>\n<!-- \/ Yoast SEO plugin. -->","yoast_head_json":{"title":"R\u00e9sidence priv\u00e9e \u00e0 Milan | MOMA Design","description":"MOMA Design a am\u00e9nag\u00e9 les deux salles de bains de cette r\u00e9sidence priv\u00e9e \u00e0 Milan avec des meubles, des lavabos, des miroirs et des douches dans un style moderne et \u00e9l\u00e9gant.","robots":{"index":"index","follow":"follow","max-snippet":"max-snippet:-1","max-image-preview":"max-image-preview:large","max-video-preview":"max-video-preview:-1"},"canonical":"https:\/\/www.moma-design.it\/projets\/residenza-privata-a-milano-italia\/","og_locale":"fr_FR","og_type":"article","og_title":"R\u00e9sidence priv\u00e9e \u00e0 Milan | MOMA Design","og_description":"MOMA Design a am\u00e9nag\u00e9 les deux salles de bains de cette r\u00e9sidence priv\u00e9e \u00e0 Milan avec des meubles, des lavabos, des miroirs et des douches dans un style moderne et \u00e9l\u00e9gant.","og_url":"https:\/\/www.moma-design.it\/projets\/residenza-privata-a-milano-italia\/","og_site_name":"MOMA Design","article_modified_time":"2025-08-28T08:21:24+00:00","og_image":[{"width":550,"height":400,"url":"https:\/\/www.moma-design.it\/wp-content\/uploads\/2025\/08\/550x400-1.jpg","type":"image\/jpeg"}],"twitter_card":"summary_large_image","twitter_misc":{"Dur\u00e9e de lecture estim\u00e9e":"2 minutes"},"schema":{"@context":"https:\/\/schema.org","@graph":[{"@type":"WebPage","@id":"https:\/\/www.moma-design.it\/projets\/residenza-privata-a-milano-italia\/","url":"https:\/\/www.moma-design.it\/projets\/residenza-privata-a-milano-italia\/","name":"R\u00e9sidence priv\u00e9e \u00e0 Milan | MOMA Design","isPartOf":{"@id":"https:\/\/www.moma-design.it\/#website"},"primaryImageOfPage":{"@id":"https:\/\/www.moma-design.it\/projets\/residenza-privata-a-milano-italia\/#primaryimage"},"image":{"@id":"https:\/\/www.moma-design.it\/projets\/residenza-privata-a-milano-italia\/#primaryimage"},"thumbnailUrl":"https:\/\/www.moma-design.it\/wp-content\/uploads\/2025\/08\/550x400-1.jpg","datePublished":"2025-06-25T12:02:36+00:00","dateModified":"2025-08-28T08:21:24+00:00","description":"MOMA Design a am\u00e9nag\u00e9 les deux salles de bains de cette r\u00e9sidence priv\u00e9e \u00e0 Milan avec des meubles, des lavabos, des miroirs et des douches dans un style moderne et \u00e9l\u00e9gant.","breadcrumb":{"@id":"https:\/\/www.moma-design.it\/projets\/residenza-privata-a-milano-italia\/#breadcrumb"},"inLanguage":"fr-FR","potentialAction":[{"@type":"ReadAction","target":["https:\/\/www.moma-design.it\/projets\/residenza-privata-a-milano-italia\/"]}]},{"@type":"ImageObject","inLanguage":"fr-FR","@id":"https:\/\/www.moma-design.it\/projets\/residenza-privata-a-milano-italia\/#primaryimage","url":"https:\/\/www.moma-design.it\/wp-content\/uploads\/2025\/08\/550x400-1.jpg","contentUrl":"https:\/\/www.moma-design.it\/wp-content\/uploads\/2025\/08\/550x400-1.jpg","width":550,"height":400,"caption":"anteprima residenza privata a Milano"},{"@type":"BreadcrumbList","@id":"https:\/\/www.moma-design.it\/projets\/residenza-privata-a-milano-italia\/#breadcrumb","itemListElement":[{"@type":"ListItem","position":1,"name":"Home","item":"https:\/\/www.moma-design.it\/"},{"@type":"ListItem","position":2,"name":"R\u00e9sidence priv\u00e9e \u00e0 Milan, Italie"}]},{"@type":"WebSite","@id":"https:\/\/www.moma-design.it\/#website","url":"https:\/\/www.moma-design.it\/","name":"MOMA Design","description":"","publisher":{"@id":"https:\/\/www.moma-design.it\/#organization"},"potentialAction":[{"@type":"SearchAction","target":{"@type":"EntryPoint","urlTemplate":"https:\/\/www.moma-design.it\/?s={search_term_string}"},"query-input":{"@type":"PropertyValueSpecification","valueRequired":true,"valueName":"search_term_string"}}],"inLanguage":"fr-FR"},{"@type":"Organization","@id":"https:\/\/www.moma-design.it\/#organization","name":"MOMA Design","url":"https:\/\/www.moma-design.it\/","logo":{"@type":"ImageObject","inLanguage":"fr-FR","@id":"https:\/\/www.moma-design.it\/#\/schema\/logo\/image\/","url":"https:\/\/www.moma-design.it\/wp-content\/uploads\/2023\/07\/Logotipo-bianco-Moma-Design.png","contentUrl":"https:\/\/www.moma-design.it\/wp-content\/uploads\/2023\/07\/Logotipo-bianco-Moma-Design.png","width":250,"height":150,"caption":"MOMA Design"},"image":{"@id":"https:\/\/www.moma-design.it\/#\/schema\/logo\/image\/"}}]}},"_links":{"self":[{"href":"https:\/\/www.moma-design.it\/fr\/wp-json\/wp\/v2\/realizzazione\/45636","targetHints":{"allow":["GET"]}}],"collection":[{"href":"https:\/\/www.moma-design.it\/fr\/wp-json\/wp\/v2\/realizzazione"}],"about":[{"href":"https:\/\/www.moma-design.it\/fr\/wp-json\/wp\/v2\/types\/realizzazione"}],"version-history":[{"count":6,"href":"https:\/\/www.moma-design.it\/fr\/wp-json\/wp\/v2\/realizzazione\/45636\/revisions"}],"predecessor-version":[{"id":45929,"href":"https:\/\/www.moma-design.it\/fr\/wp-json\/wp\/v2\/realizzazione\/45636\/revisions\/45929"}],"wp:featuredmedia":[{"embeddable":true,"href":"https:\/\/www.moma-design.it\/fr\/wp-json\/wp\/v2\/media\/45926"}],"wp:attachment":[{"href":"https:\/\/www.moma-design.it\/fr\/wp-json\/wp\/v2\/media?parent=45636"}],"wp:term":[{"taxonomy":"realizzazione_categoria","embeddable":true,"href":"https:\/\/www.moma-design.it\/fr\/wp-json\/wp\/v2\/realizzazione_categoria?post=45636"}],"curies":[{"name":"wp","href":"https:\/\/api.w.org\/{rel}","templated":true}]}}