{"id":44347,"date":"2025-05-19T12:15:18","date_gmt":"2025-05-19T10:15:18","guid":{"rendered":"https:\/\/www.moma-design.it\/?post_type=realizzazione&#038;p=44347"},"modified":"2025-06-04T10:29:14","modified_gmt":"2025-06-04T08:29:14","slug":"chalet-prive-a-megeve","status":"publish","type":"realizzazione","link":"https:\/\/www.moma-design.it\/fr\/projets\/chalet-prive-a-megeve\/","title":{"rendered":"Chalet priv\u00e9 \u00e0 Meg\u00e8ve"},"content":{"rendered":"\t\t<div data-elementor-type=\"wp-post\" data-elementor-id=\"44347\" class=\"elementor elementor-44347 elementor-44250\" data-elementor-post-type=\"realizzazione\">\n\t\t\t\t\t\t<section class=\"elementor-section elementor-top-section elementor-element elementor-element-342bed6 elementor-section-height-min-height elementor-section-items-bottom elementor-section-boxed elementor-section-height-default wpr-particle-no wpr-jarallax-no wpr-parallax-no wpr-sticky-section-no\" data-id=\"342bed6\" data-element_type=\"section\" data-settings=\"{&quot;background_background&quot;:&quot;classic&quot;}\">\n\t\t\t\t\t\t\t<div class=\"elementor-background-overlay\"><\/div>\n\t\t\t\t\t\t\t<div class=\"elementor-container elementor-column-gap-default\">\n\t\t\t\t\t<div class=\"elementor-column elementor-col-100 elementor-top-column elementor-element elementor-element-e74fc8a elementor-invisible\" data-id=\"e74fc8a\" data-element_type=\"column\" data-settings=\"{&quot;animation&quot;:&quot;fadeInUp&quot;}\">\n\t\t\t<div class=\"elementor-widget-wrap elementor-element-populated\">\n\t\t\t\t\t\t<div class=\"elementor-element elementor-element-6375d42 elementor-widget elementor-widget-heading\" data-id=\"6375d42\" data-element_type=\"widget\" data-widget_type=\"heading.default\">\n\t\t\t\t<div class=\"elementor-widget-container\">\n\t\t\t\t\t<h1 class=\"elementor-heading-title elementor-size-default\">Chalet priv\u00e9 - Meg\u00e8ve, France<\/h1>\t\t\t\t<\/div>\n\t\t\t\t<\/div>\n\t\t\t\t<div class=\"elementor-element elementor-element-ce19b0e elementor-widget elementor-widget-heading\" data-id=\"ce19b0e\" data-element_type=\"widget\" data-widget_type=\"heading.default\">\n\t\t\t\t<div class=\"elementor-widget-container\">\n\t\t\t\t\t<h3 class=\"elementor-heading-title elementor-size-default\">Projets de salles de bains par MOMA Design<\/h3>\t\t\t\t<\/div>\n\t\t\t\t<\/div>\n\t\t\t\t\t<\/div>\n\t\t<\/div>\n\t\t\t\t\t<\/div>\n\t\t<\/section>\n\t\t\t\t<section class=\"elementor-section elementor-top-section elementor-element elementor-element-1da988d elementor-section-boxed elementor-section-height-default elementor-section-height-default wpr-particle-no wpr-jarallax-no wpr-parallax-no wpr-sticky-section-no\" data-id=\"1da988d\" data-element_type=\"section\">\n\t\t\t\t\t\t<div class=\"elementor-container elementor-column-gap-default\">\n\t\t\t\t\t<div class=\"elementor-column elementor-col-100 elementor-top-column elementor-element elementor-element-b00786a\" data-id=\"b00786a\" data-element_type=\"column\">\n\t\t\t<div class=\"elementor-widget-wrap elementor-element-populated\">\n\t\t\t\t\t\t<div class=\"elementor-element elementor-element-c01e47c elementor-widget elementor-widget-text-editor\" data-id=\"c01e47c\" data-element_type=\"widget\" data-widget_type=\"text-editor.default\">\n\t\t\t\t<div class=\"elementor-widget-container\">\n\t\t\t\t\t\t\t\t\t<p>Ce chalet pittoresque de deux \u00e9tages est situ\u00e9 au c\u0153ur des Alpes fran\u00e7aises, \u00e0 Meg\u00e8ve, une ville pittoresque au charme r\u00e9tro qui est magnifique toute l&rsquo;ann\u00e9e, mais qui est certainement \u00e0 son meilleur pendant la saison hivernale.<\/p>\n<p>Notre partner <strong>Innovatherm-Le Showroom<\/strong> a pris en charge l&rsquo;am\u00e9nagement int\u00e9rieur de toutes les salles de bains, ainsi que l&rsquo;installation des produits et des syst\u00e8mes de plomberie, offrant ainsi au client un projet cl\u00e9 en main complet. <\/p>\n<p>MOMA Design a r\u00e9alis\u00e9 en deux tranches tous les plans vasques en Corian, encastr\u00e9s dans des meubles enti\u00e8rement sur mesure, con\u00e7us selon le dessin de l&rsquo;architecte du Client.<\/p>\n<p>La particularit\u00e9 de ces meubles, compos\u00e9s de tiroirs et de compartiments ouverts, est qu&rsquo;ils sont construits uniquement en bois de r\u00e9cup\u00e9ration, laiss\u00e9 brut pour s&rsquo;harmoniser avec le reste des \u00e9l\u00e9ments en bois de la maison. Il s&rsquo;agit d&rsquo;un mat\u00e9riau extr\u00eamement d\u00e9licat qui pr\u00e9sente des imperfections et des craquelures, ainsi que des n\u0153uds et des cassures. Mais le r\u00e9sultat final est \u00e0 la hauteur des efforts d\u00e9ploy\u00e9s : les meubles sont de grand impact et s&rsquo;int\u00e8grent parfaitement \u00e0 l&rsquo;environnement naturel entourant.<\/p>\n\t\t\t\t\t\t\t\t<\/div>\n\t\t\t\t<\/div>\n\t\t\t\t\t<\/div>\n\t\t<\/div>\n\t\t\t\t\t<\/div>\n\t\t<\/section>\n\t\t\t\t<section class=\"elementor-section elementor-top-section elementor-element elementor-element-940d924 elementor-section-boxed elementor-section-height-default elementor-section-height-default wpr-particle-no wpr-jarallax-no wpr-parallax-no wpr-sticky-section-no\" data-id=\"940d924\" data-element_type=\"section\">\n\t\t\t\t\t\t<div class=\"elementor-container elementor-column-gap-default\">\n\t\t\t\t\t<div class=\"elementor-column elementor-col-100 elementor-top-column elementor-element elementor-element-e191615\" data-id=\"e191615\" data-element_type=\"column\">\n\t\t\t<div class=\"elementor-widget-wrap elementor-element-populated\">\n\t\t\t\t\t\t<div class=\"elementor-element elementor-element-791a13a elementor-widget elementor-widget-gallery\" data-id=\"791a13a\" data-element_type=\"widget\" data-settings=\"{&quot;gallery_layout&quot;:&quot;masonry&quot;,&quot;columns&quot;:&quot;2&quot;,&quot;lazyload&quot;:&quot;yes&quot;,&quot;columns_tablet&quot;:2,&quot;columns_mobile&quot;:1,&quot;gap&quot;:{&quot;unit&quot;:&quot;px&quot;,&quot;size&quot;:10,&quot;sizes&quot;:[]},&quot;gap_tablet&quot;:{&quot;unit&quot;:&quot;px&quot;,&quot;size&quot;:10,&quot;sizes&quot;:[]},&quot;gap_mobile&quot;:{&quot;unit&quot;:&quot;px&quot;,&quot;size&quot;:10,&quot;sizes&quot;:[]},&quot;link_to&quot;:&quot;file&quot;,&quot;overlay_background&quot;:&quot;yes&quot;,&quot;content_hover_animation&quot;:&quot;fade-in&quot;}\" data-widget_type=\"gallery.default\">\n\t\t\t\t<div class=\"elementor-widget-container\">\n\t\t\t\t\t\t\t<div class=\"elementor-gallery__container\">\n\t\t\t\t\t\t\t<a class=\"e-gallery-item elementor-gallery-item elementor-animated-content\" href=\"https:\/\/www.moma-design.it\/wp-content\/uploads\/2025\/05\/1-650x450-2.jpg\" data-elementor-open-lightbox=\"yes\" data-elementor-lightbox-slideshow=\"791a13a\" data-elementor-lightbox-title=\"1-650x450\" data-elementor-lightbox-description=\"chalet privato a megeve, piano otello module double su mobile su misura in legno abete vintage\" data-e-action-hash=\"#elementor-action%3Aaction%3Dlightbox%26settings%3DeyJpZCI6NDQzMjUsInVybCI6Imh0dHBzOlwvXC93d3cubW9tYS1kZXNpZ24uaXRcL3dwLWNvbnRlbnRcL3VwbG9hZHNcLzIwMjVcLzA1XC8xLTY1MHg0NTAtMi5qcGciLCJzbGlkZXNob3ciOiI3OTFhMTNhIn0%3D\">\n\t\t\t\t\t<div class=\"e-gallery-image elementor-gallery-item__image\" data-thumbnail=\"https:\/\/www.moma-design.it\/wp-content\/uploads\/2025\/05\/1-650x450-2.jpg\" data-width=\"650\" data-height=\"450\" aria-label=\"chalet privato a megeve, piano otello module double su mobile su misura in legno abete vintage\" role=\"img\" ><\/div>\n\t\t\t\t\t\t\t\t\t\t\t<div class=\"elementor-gallery-item__overlay\"><\/div>\n\t\t\t\t\t\t\t\t\t\t\t\t\t\t<\/a>\n\t\t\t\t\t\t\t<a class=\"e-gallery-item elementor-gallery-item elementor-animated-content\" href=\"https:\/\/www.moma-design.it\/wp-content\/uploads\/2025\/05\/1-450x450-3.jpg\" data-elementor-open-lightbox=\"yes\" data-elementor-lightbox-slideshow=\"791a13a\" data-elementor-lightbox-title=\"1-450x450\" data-elementor-lightbox-description=\"chalet privato a megeve, piano otello module double su mobile su misura in legno abete vintage\" data-e-action-hash=\"#elementor-action%3Aaction%3Dlightbox%26settings%3DeyJpZCI6NDQzMjEsInVybCI6Imh0dHBzOlwvXC93d3cubW9tYS1kZXNpZ24uaXRcL3dwLWNvbnRlbnRcL3VwbG9hZHNcLzIwMjVcLzA1XC8xLTQ1MHg0NTAtMy5qcGciLCJzbGlkZXNob3ciOiI3OTFhMTNhIn0%3D\">\n\t\t\t\t\t<div class=\"e-gallery-image elementor-gallery-item__image\" data-thumbnail=\"https:\/\/www.moma-design.it\/wp-content\/uploads\/2025\/05\/1-450x450-3.jpg\" data-width=\"450\" data-height=\"450\" aria-label=\"chalet privato a megeve, piano otello module double su mobile su misura in legno abete vintage\" role=\"img\" ><\/div>\n\t\t\t\t\t\t\t\t\t\t\t<div class=\"elementor-gallery-item__overlay\"><\/div>\n\t\t\t\t\t\t\t\t\t\t\t\t\t\t<\/a>\n\t\t\t\t\t\t\t<a class=\"e-gallery-item elementor-gallery-item elementor-animated-content\" href=\"https:\/\/www.moma-design.it\/wp-content\/uploads\/2025\/05\/2-650x450-2.jpg\" data-elementor-open-lightbox=\"yes\" data-elementor-lightbox-slideshow=\"791a13a\" data-elementor-lightbox-title=\"2-650x450\" data-elementor-lightbox-description=\"chalet privato a megeve, piano otello module su mobile su misura in legno abete vintage\" data-e-action-hash=\"#elementor-action%3Aaction%3Dlightbox%26settings%3DeyJpZCI6NDQzMDUsInVybCI6Imh0dHBzOlwvXC93d3cubW9tYS1kZXNpZ24uaXRcL3dwLWNvbnRlbnRcL3VwbG9hZHNcLzIwMjVcLzA1XC8yLTY1MHg0NTAtMi5qcGciLCJzbGlkZXNob3ciOiI3OTFhMTNhIn0%3D\">\n\t\t\t\t\t<div class=\"e-gallery-image elementor-gallery-item__image\" data-thumbnail=\"https:\/\/www.moma-design.it\/wp-content\/uploads\/2025\/05\/2-650x450-2.jpg\" data-width=\"650\" data-height=\"450\" aria-label=\"chalet privato a megeve, piano otello module su mobile su misura in legno abete vintage\" role=\"img\" ><\/div>\n\t\t\t\t\t\t\t\t\t\t\t<div class=\"elementor-gallery-item__overlay\"><\/div>\n\t\t\t\t\t\t\t\t\t\t\t\t\t\t<\/a>\n\t\t\t\t\t\t\t<a class=\"e-gallery-item elementor-gallery-item elementor-animated-content\" href=\"https:\/\/www.moma-design.it\/wp-content\/uploads\/2025\/05\/2-450x450-3.jpg\" data-elementor-open-lightbox=\"yes\" data-elementor-lightbox-slideshow=\"791a13a\" data-elementor-lightbox-title=\"2-450x450\" data-elementor-lightbox-description=\"chalet privato a megeve, piano otello module double su mobile su misura in legno abete vintage\" data-e-action-hash=\"#elementor-action%3Aaction%3Dlightbox%26settings%3DeyJpZCI6NDQzMjksInVybCI6Imh0dHBzOlwvXC93d3cubW9tYS1kZXNpZ24uaXRcL3dwLWNvbnRlbnRcL3VwbG9hZHNcLzIwMjVcLzA1XC8yLTQ1MHg0NTAtMy5qcGciLCJzbGlkZXNob3ciOiI3OTFhMTNhIn0%3D\">\n\t\t\t\t\t<div class=\"e-gallery-image elementor-gallery-item__image\" data-thumbnail=\"https:\/\/www.moma-design.it\/wp-content\/uploads\/2025\/05\/2-450x450-3.jpg\" data-width=\"450\" data-height=\"450\" aria-label=\"chalet privato a megeve, piano otello module double su mobile su misura in legno abete vintage\" role=\"img\" ><\/div>\n\t\t\t\t\t\t\t\t\t\t\t<div class=\"elementor-gallery-item__overlay\"><\/div>\n\t\t\t\t\t\t\t\t\t\t\t\t\t\t<\/a>\n\t\t\t\t\t\t\t<a class=\"e-gallery-item elementor-gallery-item elementor-animated-content\" href=\"https:\/\/www.moma-design.it\/wp-content\/uploads\/2025\/05\/3-450x450-3.jpg\" data-elementor-open-lightbox=\"yes\" data-elementor-lightbox-slideshow=\"791a13a\" data-elementor-lightbox-title=\"3-450x450\" data-elementor-lightbox-description=\"chalet privato a megeve, piano otello module su mobile su misura in legno abete vintage\" data-e-action-hash=\"#elementor-action%3Aaction%3Dlightbox%26settings%3DeyJpZCI6NDQzMDksInVybCI6Imh0dHBzOlwvXC93d3cubW9tYS1kZXNpZ24uaXRcL3dwLWNvbnRlbnRcL3VwbG9hZHNcLzIwMjVcLzA1XC8zLTQ1MHg0NTAtMy5qcGciLCJzbGlkZXNob3ciOiI3OTFhMTNhIn0%3D\">\n\t\t\t\t\t<div class=\"e-gallery-image elementor-gallery-item__image\" data-thumbnail=\"https:\/\/www.moma-design.it\/wp-content\/uploads\/2025\/05\/3-450x450-3.jpg\" data-width=\"450\" data-height=\"450\" aria-label=\"chalet privato a megeve, piano otello module su mobile su misura in legno abete vintage\" role=\"img\" ><\/div>\n\t\t\t\t\t\t\t\t\t\t\t<div class=\"elementor-gallery-item__overlay\"><\/div>\n\t\t\t\t\t\t\t\t\t\t\t\t\t\t<\/a>\n\t\t\t\t\t\t\t<a class=\"e-gallery-item elementor-gallery-item elementor-animated-content\" href=\"https:\/\/www.moma-design.it\/wp-content\/uploads\/2025\/05\/3-650x450-2.jpg\" data-elementor-open-lightbox=\"yes\" data-elementor-lightbox-slideshow=\"791a13a\" data-elementor-lightbox-title=\"3-650x450\" data-elementor-lightbox-description=\"chalet privato a megeve, piano otello module su mobile su misura in legno abete vintage\" data-e-action-hash=\"#elementor-action%3Aaction%3Dlightbox%26settings%3DeyJpZCI6NDQzMTMsInVybCI6Imh0dHBzOlwvXC93d3cubW9tYS1kZXNpZ24uaXRcL3dwLWNvbnRlbnRcL3VwbG9hZHNcLzIwMjVcLzA1XC8zLTY1MHg0NTAtMi5qcGciLCJzbGlkZXNob3ciOiI3OTFhMTNhIn0%3D\">\n\t\t\t\t\t<div class=\"e-gallery-image elementor-gallery-item__image\" data-thumbnail=\"https:\/\/www.moma-design.it\/wp-content\/uploads\/2025\/05\/3-650x450-2.jpg\" data-width=\"650\" data-height=\"450\" aria-label=\"chalet privato a megeve, piano otello module su mobile su misura in legno abete vintage\" role=\"img\" ><\/div>\n\t\t\t\t\t\t\t\t\t\t\t<div class=\"elementor-gallery-item__overlay\"><\/div>\n\t\t\t\t\t\t\t\t\t\t\t\t\t\t<\/a>\n\t\t\t\t\t<\/div>\n\t\t\t\t\t<\/div>\n\t\t\t\t<\/div>\n\t\t\t\t\t<\/div>\n\t\t<\/div>\n\t\t\t\t\t<\/div>\n\t\t<\/section>\n\t\t\t\t<\/div>\n\t\t","protected":false},"excerpt":{"rendered":"<p>MOMA Design a cr\u00e9\u00e9 les plans de lavabos et les meubles en bois de ce magnifique chalet priv\u00e9 \u00e0 Meg\u00e8ve, au c\u0153ur des Alpes fran\u00e7aises.<\/p>\n","protected":false},"featured_media":45090,"template":"","meta":{"site-sidebar-layout":"no-sidebar","site-content-layout":"page-builder","ast-site-content-layout":"full-width-container","site-content-style":"default","site-sidebar-style":"default","ast-global-header-display":"","ast-banner-title-visibility":"","ast-main-header-display":"","ast-hfb-above-header-display":"","ast-hfb-below-header-display":"","ast-hfb-mobile-header-display":"","site-post-title":"disabled","ast-breadcrumbs-content":"","ast-featured-img":"disabled","footer-sml-layout":"","ast-disable-related-posts":"","theme-transparent-header-meta":"","adv-header-id-meta":"","stick-header-meta":"","header-above-stick-meta":"","header-main-stick-meta":"","header-below-stick-meta":"","astra-migrate-meta-layouts":"set","ast-page-background-enabled":"default","ast-page-background-meta":{"desktop":{"background-color":"var(--ast-global-color-4)","background-image":"","background-repeat":"repeat","background-position":"center center","background-size":"auto","background-attachment":"scroll","background-type":"","background-media":"","overlay-type":"","overlay-color":"","overlay-opacity":"","overlay-gradient":""},"tablet":{"background-color":"","background-image":"","background-repeat":"repeat","background-position":"center center","background-size":"auto","background-attachment":"scroll","background-type":"","background-media":"","overlay-type":"","overlay-color":"","overlay-opacity":"","overlay-gradient":""},"mobile":{"background-color":"","background-image":"","background-repeat":"repeat","background-position":"center center","background-size":"auto","background-attachment":"scroll","background-type":"","background-media":"","overlay-type":"","overlay-color":"","overlay-opacity":"","overlay-gradient":""}},"ast-content-background-meta":{"desktop":{"background-color":"var(--ast-global-color-5)","background-image":"","background-repeat":"repeat","background-position":"center center","background-size":"auto","background-attachment":"scroll","background-type":"","background-media":"","overlay-type":"","overlay-color":"","overlay-opacity":"","overlay-gradient":""},"tablet":{"background-color":"var(--ast-global-color-5)","background-image":"","background-repeat":"repeat","background-position":"center center","background-size":"auto","background-attachment":"scroll","background-type":"","background-media":"","overlay-type":"","overlay-color":"","overlay-opacity":"","overlay-gradient":""},"mobile":{"background-color":"var(--ast-global-color-5)","background-image":"","background-repeat":"repeat","background-position":"center center","background-size":"auto","background-attachment":"scroll","background-type":"","background-media":"","overlay-type":"","overlay-color":"","overlay-opacity":"","overlay-gradient":""}}},"realizzazione_categoria":[],"class_list":["post-44347","realizzazione","type-realizzazione","status-publish","has-post-thumbnail","hentry"],"yoast_head":"<!-- This site is optimized with the Yoast SEO plugin v26.8 - https:\/\/yoast.com\/product\/yoast-seo-wordpress\/ -->\n<title>Chalet priv\u00e9 \u00e0 Meg\u00e8ve | MOMA Design<\/title>\n<meta name=\"description\" content=\"MOMA Design a cr\u00e9\u00e9 les plans de lavabos et les meubles en bois de ce magnifique chalet priv\u00e9 \u00e0 Meg\u00e8ve, au c\u0153ur des Alpes fran\u00e7aises.\" \/>\n<meta name=\"robots\" content=\"index, follow, max-snippet:-1, max-image-preview:large, max-video-preview:-1\" \/>\n<link rel=\"canonical\" href=\"https:\/\/www.moma-design.it\/projets\/chalet-privato\/\" \/>\n<meta property=\"og:locale\" content=\"fr_FR\" \/>\n<meta property=\"og:type\" content=\"article\" \/>\n<meta property=\"og:title\" content=\"Chalet priv\u00e9 \u00e0 Meg\u00e8ve | MOMA Design\" \/>\n<meta property=\"og:description\" content=\"MOMA Design a cr\u00e9\u00e9 les plans de lavabos et les meubles en bois de ce magnifique chalet priv\u00e9 \u00e0 Meg\u00e8ve, au c\u0153ur des Alpes fran\u00e7aises.\" \/>\n<meta property=\"og:url\" content=\"https:\/\/www.moma-design.it\/projets\/chalet-privato\/\" \/>\n<meta property=\"og:site_name\" content=\"MOMA Design\" \/>\n<meta property=\"article:modified_time\" content=\"2025-06-04T08:29:14+00:00\" \/>\n<meta property=\"og:image\" content=\"https:\/\/www.moma-design.it\/wp-content\/uploads\/2025\/06\/550x400-e-fai-targa-bianca_Megeve-3-1024x768.jpg\" \/>\n\t<meta property=\"og:image:width\" content=\"1024\" \/>\n\t<meta property=\"og:image:height\" content=\"768\" \/>\n\t<meta property=\"og:image:type\" content=\"image\/jpeg\" \/>\n<meta name=\"twitter:card\" content=\"summary_large_image\" \/>\n<meta name=\"twitter:label1\" content=\"Dur\u00e9e de lecture estim\u00e9e\" \/>\n\t<meta name=\"twitter:data1\" content=\"2 minutes\" \/>\n<script type=\"application\/ld+json\" class=\"yoast-schema-graph\">{\"@context\":\"https:\/\/schema.org\",\"@graph\":[{\"@type\":\"WebPage\",\"@id\":\"https:\/\/www.moma-design.it\/projets\/chalet-privato\/\",\"url\":\"https:\/\/www.moma-design.it\/projets\/chalet-privato\/\",\"name\":\"Chalet priv\u00e9 \u00e0 Meg\u00e8ve | MOMA Design\",\"isPartOf\":{\"@id\":\"https:\/\/www.moma-design.it\/#website\"},\"primaryImageOfPage\":{\"@id\":\"https:\/\/www.moma-design.it\/projets\/chalet-privato\/#primaryimage\"},\"image\":{\"@id\":\"https:\/\/www.moma-design.it\/projets\/chalet-privato\/#primaryimage\"},\"thumbnailUrl\":\"https:\/\/www.moma-design.it\/wp-content\/uploads\/2025\/06\/550x400-e-fai-targa-bianca_Megeve-3.jpg\",\"datePublished\":\"2025-05-19T10:15:18+00:00\",\"dateModified\":\"2025-06-04T08:29:14+00:00\",\"description\":\"MOMA Design a cr\u00e9\u00e9 les plans de lavabos et les meubles en bois de ce magnifique chalet priv\u00e9 \u00e0 Meg\u00e8ve, au c\u0153ur des Alpes fran\u00e7aises.\",\"breadcrumb\":{\"@id\":\"https:\/\/www.moma-design.it\/projets\/chalet-privato\/#breadcrumb\"},\"inLanguage\":\"fr-FR\",\"potentialAction\":[{\"@type\":\"ReadAction\",\"target\":[\"https:\/\/www.moma-design.it\/projets\/chalet-privato\/\"]}]},{\"@type\":\"ImageObject\",\"inLanguage\":\"fr-FR\",\"@id\":\"https:\/\/www.moma-design.it\/projets\/chalet-privato\/#primaryimage\",\"url\":\"https:\/\/www.moma-design.it\/wp-content\/uploads\/2025\/06\/550x400-e-fai-targa-bianca_Megeve-3.jpg\",\"contentUrl\":\"https:\/\/www.moma-design.it\/wp-content\/uploads\/2025\/06\/550x400-e-fai-targa-bianca_Megeve-3.jpg\",\"width\":1920,\"height\":1440,\"caption\":\"anteprima chalet megeve\"},{\"@type\":\"BreadcrumbList\",\"@id\":\"https:\/\/www.moma-design.it\/projets\/chalet-privato\/#breadcrumb\",\"itemListElement\":[{\"@type\":\"ListItem\",\"position\":1,\"name\":\"Home\",\"item\":\"https:\/\/www.moma-design.it\/\"},{\"@type\":\"ListItem\",\"position\":2,\"name\":\"Chalet priv\u00e9 \u00e0 Meg\u00e8ve\"}]},{\"@type\":\"WebSite\",\"@id\":\"https:\/\/www.moma-design.it\/#website\",\"url\":\"https:\/\/www.moma-design.it\/\",\"name\":\"MOMA Design\",\"description\":\"\",\"publisher\":{\"@id\":\"https:\/\/www.moma-design.it\/#organization\"},\"potentialAction\":[{\"@type\":\"SearchAction\",\"target\":{\"@type\":\"EntryPoint\",\"urlTemplate\":\"https:\/\/www.moma-design.it\/?s={search_term_string}\"},\"query-input\":{\"@type\":\"PropertyValueSpecification\",\"valueRequired\":true,\"valueName\":\"search_term_string\"}}],\"inLanguage\":\"fr-FR\"},{\"@type\":\"Organization\",\"@id\":\"https:\/\/www.moma-design.it\/#organization\",\"name\":\"MOMA Design\",\"url\":\"https:\/\/www.moma-design.it\/\",\"logo\":{\"@type\":\"ImageObject\",\"inLanguage\":\"fr-FR\",\"@id\":\"https:\/\/www.moma-design.it\/#\/schema\/logo\/image\/\",\"url\":\"https:\/\/www.moma-design.it\/wp-content\/uploads\/2023\/07\/Logotipo-bianco-Moma-Design.png\",\"contentUrl\":\"https:\/\/www.moma-design.it\/wp-content\/uploads\/2023\/07\/Logotipo-bianco-Moma-Design.png\",\"width\":250,\"height\":150,\"caption\":\"MOMA Design\"},\"image\":{\"@id\":\"https:\/\/www.moma-design.it\/#\/schema\/logo\/image\/\"}}]}<\/script>\n<!-- \/ Yoast SEO plugin. -->","yoast_head_json":{"title":"Chalet priv\u00e9 \u00e0 Meg\u00e8ve | MOMA Design","description":"MOMA Design a cr\u00e9\u00e9 les plans de lavabos et les meubles en bois de ce magnifique chalet priv\u00e9 \u00e0 Meg\u00e8ve, au c\u0153ur des Alpes fran\u00e7aises.","robots":{"index":"index","follow":"follow","max-snippet":"max-snippet:-1","max-image-preview":"max-image-preview:large","max-video-preview":"max-video-preview:-1"},"canonical":"https:\/\/www.moma-design.it\/projets\/chalet-privato\/","og_locale":"fr_FR","og_type":"article","og_title":"Chalet priv\u00e9 \u00e0 Meg\u00e8ve | MOMA Design","og_description":"MOMA Design a cr\u00e9\u00e9 les plans de lavabos et les meubles en bois de ce magnifique chalet priv\u00e9 \u00e0 Meg\u00e8ve, au c\u0153ur des Alpes fran\u00e7aises.","og_url":"https:\/\/www.moma-design.it\/projets\/chalet-privato\/","og_site_name":"MOMA Design","article_modified_time":"2025-06-04T08:29:14+00:00","og_image":[{"width":1024,"height":768,"url":"https:\/\/www.moma-design.it\/wp-content\/uploads\/2025\/06\/550x400-e-fai-targa-bianca_Megeve-3-1024x768.jpg","type":"image\/jpeg"}],"twitter_card":"summary_large_image","twitter_misc":{"Dur\u00e9e de lecture estim\u00e9e":"2 minutes"},"schema":{"@context":"https:\/\/schema.org","@graph":[{"@type":"WebPage","@id":"https:\/\/www.moma-design.it\/projets\/chalet-privato\/","url":"https:\/\/www.moma-design.it\/projets\/chalet-privato\/","name":"Chalet priv\u00e9 \u00e0 Meg\u00e8ve | MOMA Design","isPartOf":{"@id":"https:\/\/www.moma-design.it\/#website"},"primaryImageOfPage":{"@id":"https:\/\/www.moma-design.it\/projets\/chalet-privato\/#primaryimage"},"image":{"@id":"https:\/\/www.moma-design.it\/projets\/chalet-privato\/#primaryimage"},"thumbnailUrl":"https:\/\/www.moma-design.it\/wp-content\/uploads\/2025\/06\/550x400-e-fai-targa-bianca_Megeve-3.jpg","datePublished":"2025-05-19T10:15:18+00:00","dateModified":"2025-06-04T08:29:14+00:00","description":"MOMA Design a cr\u00e9\u00e9 les plans de lavabos et les meubles en bois de ce magnifique chalet priv\u00e9 \u00e0 Meg\u00e8ve, au c\u0153ur des Alpes fran\u00e7aises.","breadcrumb":{"@id":"https:\/\/www.moma-design.it\/projets\/chalet-privato\/#breadcrumb"},"inLanguage":"fr-FR","potentialAction":[{"@type":"ReadAction","target":["https:\/\/www.moma-design.it\/projets\/chalet-privato\/"]}]},{"@type":"ImageObject","inLanguage":"fr-FR","@id":"https:\/\/www.moma-design.it\/projets\/chalet-privato\/#primaryimage","url":"https:\/\/www.moma-design.it\/wp-content\/uploads\/2025\/06\/550x400-e-fai-targa-bianca_Megeve-3.jpg","contentUrl":"https:\/\/www.moma-design.it\/wp-content\/uploads\/2025\/06\/550x400-e-fai-targa-bianca_Megeve-3.jpg","width":1920,"height":1440,"caption":"anteprima chalet megeve"},{"@type":"BreadcrumbList","@id":"https:\/\/www.moma-design.it\/projets\/chalet-privato\/#breadcrumb","itemListElement":[{"@type":"ListItem","position":1,"name":"Home","item":"https:\/\/www.moma-design.it\/"},{"@type":"ListItem","position":2,"name":"Chalet priv\u00e9 \u00e0 Meg\u00e8ve"}]},{"@type":"WebSite","@id":"https:\/\/www.moma-design.it\/#website","url":"https:\/\/www.moma-design.it\/","name":"MOMA Design","description":"","publisher":{"@id":"https:\/\/www.moma-design.it\/#organization"},"potentialAction":[{"@type":"SearchAction","target":{"@type":"EntryPoint","urlTemplate":"https:\/\/www.moma-design.it\/?s={search_term_string}"},"query-input":{"@type":"PropertyValueSpecification","valueRequired":true,"valueName":"search_term_string"}}],"inLanguage":"fr-FR"},{"@type":"Organization","@id":"https:\/\/www.moma-design.it\/#organization","name":"MOMA Design","url":"https:\/\/www.moma-design.it\/","logo":{"@type":"ImageObject","inLanguage":"fr-FR","@id":"https:\/\/www.moma-design.it\/#\/schema\/logo\/image\/","url":"https:\/\/www.moma-design.it\/wp-content\/uploads\/2023\/07\/Logotipo-bianco-Moma-Design.png","contentUrl":"https:\/\/www.moma-design.it\/wp-content\/uploads\/2023\/07\/Logotipo-bianco-Moma-Design.png","width":250,"height":150,"caption":"MOMA Design"},"image":{"@id":"https:\/\/www.moma-design.it\/#\/schema\/logo\/image\/"}}]}},"_links":{"self":[{"href":"https:\/\/www.moma-design.it\/fr\/wp-json\/wp\/v2\/realizzazione\/44347","targetHints":{"allow":["GET"]}}],"collection":[{"href":"https:\/\/www.moma-design.it\/fr\/wp-json\/wp\/v2\/realizzazione"}],"about":[{"href":"https:\/\/www.moma-design.it\/fr\/wp-json\/wp\/v2\/types\/realizzazione"}],"version-history":[{"count":2,"href":"https:\/\/www.moma-design.it\/fr\/wp-json\/wp\/v2\/realizzazione\/44347\/revisions"}],"predecessor-version":[{"id":45273,"href":"https:\/\/www.moma-design.it\/fr\/wp-json\/wp\/v2\/realizzazione\/44347\/revisions\/45273"}],"wp:featuredmedia":[{"embeddable":true,"href":"https:\/\/www.moma-design.it\/fr\/wp-json\/wp\/v2\/media\/45090"}],"wp:attachment":[{"href":"https:\/\/www.moma-design.it\/fr\/wp-json\/wp\/v2\/media?parent=44347"}],"wp:term":[{"taxonomy":"realizzazione_categoria","embeddable":true,"href":"https:\/\/www.moma-design.it\/fr\/wp-json\/wp\/v2\/realizzazione_categoria?post=44347"}],"curies":[{"name":"wp","href":"https:\/\/api.w.org\/{rel}","templated":true}]}}