{"id":35402,"date":"2023-05-24T17:41:44","date_gmt":"2023-05-24T15:41:44","guid":{"rendered":"https:\/\/www.moma-design.it\/prodotto\/mirr-vertigo\/"},"modified":"2023-10-30T17:42:40","modified_gmt":"2023-10-30T16:42:40","slug":"mirr-vertigo","status":"publish","type":"product","link":"https:\/\/www.moma-design.it\/fr\/produit\/mirr-vertigo\/","title":{"rendered":"Mirr Vertigo"},"content":{"rendered":"\t\t<div data-elementor-type=\"product-post\" data-elementor-id=\"35402\" class=\"elementor elementor-35402 elementor-10590\" data-elementor-post-type=\"product\">\n\t\t\t\t\t\t<section class=\"elementor-section elementor-top-section elementor-element elementor-element-7b328b6 elementor-section-full_width elementor-section-height-min-height elementor-section-items-bottom elementor-hidden-mobile elementor-section-height-default wpr-particle-no wpr-jarallax-no wpr-parallax-no wpr-sticky-section-no\" data-id=\"7b328b6\" data-element_type=\"section\" data-settings=\"{&quot;background_background&quot;:&quot;slideshow&quot;,&quot;background_slideshow_gallery&quot;:[{&quot;id&quot;:&quot;10878&quot;,&quot;url&quot;:&quot;https:\\\/\\\/www.moma-design.it\\\/wp-content\\\/uploads\\\/2023\\\/05\\\/copertina-mirr-vertigo-specchio-con-elemento-contenitore-in-legno-laccato-bianco-opaco.jpg&quot;}],&quot;background_slideshow_slide_duration&quot;:&quot;4000&quot;,&quot;background_slideshow_loop&quot;:&quot;yes&quot;,&quot;background_slideshow_slide_transition&quot;:&quot;fade&quot;,&quot;background_slideshow_transition_duration&quot;:500}\">\n\t\t\t\t\t\t\t<div class=\"elementor-background-overlay\"><\/div>\n\t\t\t\t\t\t\t<div class=\"elementor-container elementor-column-gap-default\">\n\t\t\t\t\t<div class=\"elementor-column elementor-col-100 elementor-top-column elementor-element elementor-element-e8ea3fd elementor-invisible\" data-id=\"e8ea3fd\" data-element_type=\"column\" data-settings=\"{&quot;animation&quot;:&quot;fadeInUp&quot;}\">\n\t\t\t<div class=\"elementor-widget-wrap elementor-element-populated\">\n\t\t\t\t\t\t<div class=\"elementor-element elementor-element-37ace54 elementor-widget elementor-widget-woocommerce-product-title elementor-page-title elementor-widget-heading\" data-id=\"37ace54\" data-element_type=\"widget\" data-widget_type=\"woocommerce-product-title.default\">\n\t\t\t\t<div class=\"elementor-widget-container\">\n\t\t\t\t\t<h1 class=\"product_title entry-title elementor-heading-title elementor-size-default\">Mirr Vertigo<\/h1>\t\t\t\t<\/div>\n\t\t\t\t<\/div>\n\t\t\t\t<div class=\"elementor-element elementor-element-290d5f5 elementor-widget elementor-widget-text-editor\" data-id=\"290d5f5\" data-element_type=\"widget\" data-widget_type=\"text-editor.default\">\n\t\t\t\t<div class=\"elementor-widget-container\">\n\t\t\t\t\t\t\t\t\t<a href=\"https:\/\/www.moma-design.it\/fr\/categorie-de-produit\/miroirs-de-salle-de-bains\/miroirs-avec-cadre-et-miroirs-pharmacie\/\" rel=\"tag\">Miroirs avec cadre et miroirs pharmacie<\/a>, <a href=\"https:\/\/www.moma-design.it\/fr\/categorie-de-produit\/miroirs-de-salle-de-bains\/\" rel=\"tag\">Miroirs de salle de bains<\/a>\t\t\t\t\t\t\t\t<\/div>\n\t\t\t\t<\/div>\n\t\t\t\t\t<\/div>\n\t\t<\/div>\n\t\t\t\t\t<\/div>\n\t\t<\/section>\n\t\t\t\t<section class=\"elementor-section elementor-top-section elementor-element elementor-element-89058fa elementor-section-full_width elementor-section-height-min-height elementor-section-items-bottom elementor-hidden-desktop elementor-hidden-tablet elementor-section-height-default wpr-particle-no wpr-jarallax-no wpr-parallax-no wpr-sticky-section-no\" data-id=\"89058fa\" data-element_type=\"section\" data-settings=\"{&quot;background_background&quot;:&quot;slideshow&quot;,&quot;background_slideshow_gallery&quot;:[{&quot;id&quot;:&quot;10898&quot;,&quot;url&quot;:&quot;https:\\\/\\\/www.moma-design.it\\\/wp-content\\\/uploads\\\/2023\\\/05\\\/copertinamobile-mirr-vertigo-specchio-con-elemento-contenitore-in-legno-laccato-bianco-opaco.jpg&quot;}],&quot;background_slideshow_slide_duration&quot;:&quot;4000&quot;,&quot;background_slideshow_loop&quot;:&quot;yes&quot;,&quot;background_slideshow_slide_transition&quot;:&quot;fade&quot;,&quot;background_slideshow_transition_duration&quot;:500}\">\n\t\t\t\t\t\t\t<div class=\"elementor-background-overlay\"><\/div>\n\t\t\t\t\t\t\t<div class=\"elementor-container elementor-column-gap-default\">\n\t\t\t\t\t<div class=\"elementor-column elementor-col-100 elementor-top-column elementor-element elementor-element-dc8fecc elementor-invisible\" data-id=\"dc8fecc\" data-element_type=\"column\" data-settings=\"{&quot;animation&quot;:&quot;fadeInUp&quot;}\">\n\t\t\t<div class=\"elementor-widget-wrap elementor-element-populated\">\n\t\t\t\t\t\t<div class=\"elementor-element elementor-element-3e688ed elementor-widget elementor-widget-woocommerce-product-title elementor-page-title elementor-widget-heading\" data-id=\"3e688ed\" data-element_type=\"widget\" data-widget_type=\"woocommerce-product-title.default\">\n\t\t\t\t<div class=\"elementor-widget-container\">\n\t\t\t\t\t<h1 class=\"product_title entry-title elementor-heading-title elementor-size-default\">Mirr Vertigo<\/h1>\t\t\t\t<\/div>\n\t\t\t\t<\/div>\n\t\t\t\t<div class=\"elementor-element elementor-element-0379e7c elementor-widget elementor-widget-text-editor\" data-id=\"0379e7c\" data-element_type=\"widget\" data-widget_type=\"text-editor.default\">\n\t\t\t\t<div class=\"elementor-widget-container\">\n\t\t\t\t\t\t\t\t\t<a href=\"https:\/\/www.moma-design.it\/fr\/categorie-de-produit\/miroirs-de-salle-de-bains\/miroirs-avec-cadre-et-miroirs-pharmacie\/\" rel=\"tag\">Miroirs avec cadre et miroirs pharmacie<\/a>, <a href=\"https:\/\/www.moma-design.it\/fr\/categorie-de-produit\/miroirs-de-salle-de-bains\/\" rel=\"tag\">Miroirs de salle de bains<\/a>\t\t\t\t\t\t\t\t<\/div>\n\t\t\t\t<\/div>\n\t\t\t\t\t<\/div>\n\t\t<\/div>\n\t\t\t\t\t<\/div>\n\t\t<\/section>\n\t\t\t\t<section class=\"elementor-section elementor-top-section elementor-element elementor-element-8bb0ba7 elementor-section-boxed elementor-section-height-default elementor-section-height-default wpr-particle-no wpr-jarallax-no wpr-parallax-no wpr-sticky-section-no\" data-id=\"8bb0ba7\" data-element_type=\"section\">\n\t\t\t\t\t\t<div class=\"elementor-container elementor-column-gap-default\">\n\t\t\t\t\t<div class=\"elementor-column elementor-col-100 elementor-top-column elementor-element elementor-element-d12084a\" data-id=\"d12084a\" data-element_type=\"column\">\n\t\t\t<div class=\"elementor-widget-wrap elementor-element-populated\">\n\t\t\t\t\t\t<div class=\"elementor-element elementor-element-9993d20 elementor-widget elementor-widget-text-editor\" data-id=\"9993d20\" data-element_type=\"widget\" data-widget_type=\"text-editor.default\">\n\t\t\t\t<div class=\"elementor-widget-container\">\n\t\t\t\t\t\t\t\t\t<p>Le miroir <strong>MIRR VERTIGO<\/strong> de <strong>MOMA Design<\/strong> est un miroir conteneur au design unique et saisissant.<\/p>\n<p>Le mod\u00e8le MIRR VERTIGO se compose d&rsquo;un simple miroir sans cadre, qui sert de base \u00e0 un \u00e9l\u00e9ment conteneur en miroir \u00e0 l&rsquo;avant, qui est positionn\u00e9 partiellement \u00e0 l&rsquo;ext\u00e9rieur du premier miroir, cr\u00e9ant ainsi un objet de design avec un fort caract\u00e8re dynamique.<\/p>\n<p>Disponible avec ou sans r\u00e9tro\u00e9clairage LED blanc (standard 3000\u00b0 K, mais \u00e9galement disponible en lumi\u00e8re blanche neutre et froide), ce miroir r\u00e9pondra aux attentes du client qui souhaite impressionner ses invit\u00e9s sans avoir peur d&rsquo;\u00eatre audacieux.<\/p>\n\t\t\t\t\t\t\t\t<\/div>\n\t\t\t\t<\/div>\n\t\t\t\t\t<\/div>\n\t\t<\/div>\n\t\t\t\t\t<\/div>\n\t\t<\/section>\n\t\t\t\t<section class=\"elementor-section elementor-top-section elementor-element elementor-element-ed7b46c elementor-section-boxed elementor-section-height-default elementor-section-height-default wpr-particle-no wpr-jarallax-no wpr-parallax-no wpr-sticky-section-no\" data-id=\"ed7b46c\" data-element_type=\"section\">\n\t\t\t\t\t\t<div class=\"elementor-container elementor-column-gap-default\">\n\t\t\t\t\t<div class=\"elementor-column elementor-col-50 elementor-top-column elementor-element elementor-element-79aa736\" data-id=\"79aa736\" data-element_type=\"column\" data-settings=\"{&quot;background_background&quot;:&quot;classic&quot;}\">\n\t\t\t<div class=\"elementor-widget-wrap elementor-element-populated\">\n\t\t\t\t\t\t<section class=\"elementor-section elementor-inner-section elementor-element elementor-element-7c1fd3d elementor-hidden-desktop elementor-hidden-mobile elementor-section-boxed elementor-section-height-default elementor-section-height-default wpr-particle-no wpr-jarallax-no wpr-parallax-no wpr-sticky-section-no\" data-id=\"7c1fd3d\" data-element_type=\"section\">\n\t\t\t\t\t\t<div class=\"elementor-container elementor-column-gap-default\">\n\t\t\t\t\t<div class=\"elementor-column elementor-col-50 elementor-inner-column elementor-element elementor-element-04e7620\" data-id=\"04e7620\" data-element_type=\"column\">\n\t\t\t<div class=\"elementor-widget-wrap elementor-element-populated\">\n\t\t\t\t\t\t<div class=\"elementor-element elementor-element-7928e60 elementor-widget elementor-widget-image\" data-id=\"7928e60\" data-element_type=\"widget\" data-widget_type=\"image.default\">\n\t\t\t\t<div class=\"elementor-widget-container\">\n\t\t\t\t\t\t\t\t\t\t\t\t\t\t\t<img decoding=\"async\" src=\"https:\/\/www.moma-design.it\/wp-content\/uploads\/elementor\/thumbs\/dettaglio-mirr-vertigo-specchio-con-elemento-contenitore-in-legno-laccato-bianco-opaco-1-q6z4rdepzrzjsn1inzjzeh657ax2q4psvzeer6fip0.jpg\" title=\"dettaglio-mirr-vertigo-specchio-con-elemento-contenitore-in-legno-laccato-bianco-opaco\" alt=\"dettaglio-mirr-vertigo-specchio-con-elemento-contenitore-in-legno-laccato-bianco-opaco\" loading=\"lazy\" \/>\t\t\t\t\t\t\t\t\t\t\t\t\t\t\t<\/div>\n\t\t\t\t<\/div>\n\t\t\t\t\t<\/div>\n\t\t<\/div>\n\t\t\t\t<div class=\"elementor-column elementor-col-50 elementor-inner-column elementor-element elementor-element-9e6bb3c\" data-id=\"9e6bb3c\" data-element_type=\"column\">\n\t\t\t<div class=\"elementor-widget-wrap\">\n\t\t\t\t\t\t\t<\/div>\n\t\t<\/div>\n\t\t\t\t\t<\/div>\n\t\t<\/section>\n\t\t\t\t<div class=\"elementor-element elementor-element-c0941ff elementor-hidden-tablet elementor-widget elementor-widget-image-carousel\" data-id=\"c0941ff\" data-element_type=\"widget\" data-settings=\"{&quot;slides_to_show&quot;:&quot;1&quot;,&quot;navigation&quot;:&quot;none&quot;,&quot;slides_to_show_tablet&quot;:&quot;2&quot;,&quot;slides_to_scroll_tablet&quot;:&quot;2&quot;,&quot;slides_to_show_mobile&quot;:&quot;1&quot;,&quot;autoplay&quot;:&quot;no&quot;,&quot;infinite&quot;:&quot;no&quot;,&quot;speed&quot;:&quot;0&quot;,&quot;effect&quot;:&quot;slide&quot;}\" data-widget_type=\"image-carousel.default\">\n\t\t\t\t<div class=\"elementor-widget-container\">\n\t\t\t\t\t\t\t<div class=\"elementor-image-carousel-wrapper swiper\" role=\"region\" aria-roledescription=\"carousel\" aria-label=\"Carrousel d\u2019images\" dir=\"ltr\">\n\t\t\t<div class=\"elementor-image-carousel swiper-wrapper\" aria-live=\"polite\">\n\t\t\t\t\t\t\t\t<div class=\"swiper-slide\" role=\"group\" aria-roledescription=\"slide\" aria-label=\"1 sur 2\"><figure class=\"swiper-slide-inner\"><img decoding=\"async\" class=\"swiper-slide-image\" src=\"https:\/\/www.moma-design.it\/wp-content\/uploads\/elementor\/thumbs\/dettaglio-mirr-vertigo-specchio-con-elemento-contenitore-in-legno-laccato-bianco-opaco-q6z4r8pj1lt46l8cffiuk0cu8dk8nn757c4zcsmhk4.jpg\" alt=\"dettaglio-mirr-vertigo-specchio-con-elemento-contenitore-in-legno-laccato-bianco-opaco\" \/><\/figure><\/div><div class=\"swiper-slide\" role=\"group\" aria-roledescription=\"slide\" aria-label=\"2 sur 2\"><figure class=\"swiper-slide-inner\"><img decoding=\"async\" class=\"swiper-slide-image\" src=\"https:\/\/www.moma-design.it\/wp-content\/uploads\/elementor\/thumbs\/dettaglio-mirr-vertigo-specchio-con-elemento-contenitore-in-legno-laccato-bianco-opaco-1-q6z4rdepzrzjsn1inzjzeh657ax2q4psvzeer6fip0.jpg\" alt=\"dettaglio-mirr-vertigo-specchio-con-elemento-contenitore-in-legno-laccato-bianco-opaco\" \/><\/figure><\/div>\t\t\t<\/div>\n\t\t\t\t\t\t\t\n\t\t\t\t\t\t\t\t\t<\/div>\n\t\t\t\t\t\t<\/div>\n\t\t\t\t<\/div>\n\t\t\t\t\t<\/div>\n\t\t<\/div>\n\t\t\t\t<div class=\"elementor-column elementor-col-50 elementor-top-column elementor-element elementor-element-49f1a6b\" data-id=\"49f1a6b\" data-element_type=\"column\" data-settings=\"{&quot;background_background&quot;:&quot;classic&quot;}\">\n\t\t\t<div class=\"elementor-widget-wrap elementor-element-populated\">\n\t\t\t\t\t\t<div class=\"elementor-element elementor-element-61bc03a elementor-widget elementor-widget-menu-anchor\" data-id=\"61bc03a\" data-element_type=\"widget\" data-widget_type=\"menu-anchor.default\">\n\t\t\t\t<div class=\"elementor-widget-container\">\n\t\t\t\t\t\t\t<div class=\"elementor-menu-anchor\" id=\"laqu\"><\/div>\n\t\t\t\t\t\t<\/div>\n\t\t\t\t<\/div>\n\t\t\t\t<div class=\"elementor-element elementor-element-8ab08b4 elementor-widget elementor-widget-heading\" data-id=\"8ab08b4\" data-element_type=\"widget\" data-widget_type=\"heading.default\">\n\t\t\t\t<div class=\"elementor-widget-container\">\n\t\t\t\t\t<h2 class=\"elementor-heading-title elementor-size-default\">MIRR VERTIGO<\/h2>\t\t\t\t<\/div>\n\t\t\t\t<\/div>\n\t\t\t\t<div class=\"elementor-element elementor-element-6116dac elementor-widget elementor-widget-text-editor\" data-id=\"6116dac\" data-element_type=\"widget\" data-widget_type=\"text-editor.default\">\n\t\t\t\t<div class=\"elementor-widget-container\">\n\t\t\t\t\t\t\t\t\t<p>Miroir conteneur \u00e0 d\u00e9veloppement vertical form\u00e9 d&rsquo;un miroir rectangulaire de base sans cadre, avec un \u00e9l\u00e9ment conteneur asym\u00e9trique en miroir \u00e0 l&rsquo;avant, \u00e9quip\u00e9 d&rsquo;une porte push-pull en miroir interne\/externe et d&rsquo;\u00e9tag\u00e8res internes. Compartiment de rangement en MDF laqu\u00e9 blanc mat ; autres finitions disponibles sur demande. Supports de fixation murale inclus.<\/p>\n\t\t\t\t\t\t\t\t<\/div>\n\t\t\t\t<\/div>\n\t\t\t\t<div class=\"elementor-element elementor-element-6f8d2d0 elementor-widget elementor-widget-heading\" data-id=\"6f8d2d0\" data-element_type=\"widget\" data-widget_type=\"heading.default\">\n\t\t\t\t<div class=\"elementor-widget-container\">\n\t\t\t\t\t<h3 class=\"elementor-heading-title elementor-size-default\">INFORMATIONS TECHNIQUES SUR LE PRODUIT<\/h3>\t\t\t\t<\/div>\n\t\t\t\t<\/div>\n\t\t\t\t<section class=\"elementor-section elementor-inner-section elementor-element elementor-element-ccbea18 elementor-section-boxed elementor-section-height-default elementor-section-height-default wpr-particle-no wpr-jarallax-no wpr-parallax-no wpr-sticky-section-no\" data-id=\"ccbea18\" data-element_type=\"section\">\n\t\t\t\t\t\t<div class=\"elementor-container elementor-column-gap-default\">\n\t\t\t\t\t<div class=\"elementor-column elementor-col-50 elementor-inner-column elementor-element elementor-element-1e97c17\" data-id=\"1e97c17\" data-element_type=\"column\" data-settings=\"{&quot;background_background&quot;:&quot;classic&quot;}\">\n\t\t\t<div class=\"elementor-widget-wrap elementor-element-populated\">\n\t\t\t\t\t\t<div class=\"elementor-element elementor-element-699c08a elementor-widget elementor-widget-heading\" data-id=\"699c08a\" data-element_type=\"widget\" data-widget_type=\"heading.default\">\n\t\t\t\t<div class=\"elementor-widget-container\">\n\t\t\t\t\t<p class=\"elementor-heading-title elementor-size-default\">DIMENSIONS<\/p>\t\t\t\t<\/div>\n\t\t\t\t<\/div>\n\t\t\t\t\t<\/div>\n\t\t<\/div>\n\t\t\t\t<div class=\"elementor-column elementor-col-50 elementor-inner-column elementor-element elementor-element-6e6076c\" data-id=\"6e6076c\" data-element_type=\"column\">\n\t\t\t<div class=\"elementor-widget-wrap elementor-element-populated\">\n\t\t\t\t\t\t<div class=\"elementor-element elementor-element-a28f434 elementor-widget elementor-widget-heading\" data-id=\"a28f434\" data-element_type=\"widget\" data-widget_type=\"heading.default\">\n\t\t\t\t<div class=\"elementor-widget-container\">\n\t\t\t\t\t<p class=\"elementor-heading-title elementor-size-default\">L. 500\/700 x P. 35\/143 x H. 1000 mm - \u00e9l\u00e9ment conteneur dim: 600x108x400 h mm - CODE: MVTL0100<\/p>\t\t\t\t<\/div>\n\t\t\t\t<\/div>\n\t\t\t\t<div class=\"elementor-element elementor-element-b7fd30b elementor-widget elementor-widget-heading\" data-id=\"b7fd30b\" data-element_type=\"widget\" data-widget_type=\"heading.default\">\n\t\t\t\t<div class=\"elementor-widget-container\">\n\t\t\t\t\t<p class=\"elementor-heading-title elementor-size-default\">L. 500\/700 x P. 35\/143 x H. 1200 mm - \u00e9l\u00e9ment conteneur dim: 600x108x400 h mm - CODE: MVTL0120<\/p>\t\t\t\t<\/div>\n\t\t\t\t<\/div>\n\t\t\t\t\t<\/div>\n\t\t<\/div>\n\t\t\t\t\t<\/div>\n\t\t<\/section>\n\t\t\t\t<section class=\"elementor-section elementor-inner-section elementor-element elementor-element-86e5a98 elementor-section-boxed elementor-section-height-default elementor-section-height-default wpr-particle-no wpr-jarallax-no wpr-parallax-no wpr-sticky-section-no\" data-id=\"86e5a98\" data-element_type=\"section\">\n\t\t\t\t\t\t<div class=\"elementor-container elementor-column-gap-default\">\n\t\t\t\t\t<div class=\"elementor-column elementor-col-50 elementor-inner-column elementor-element elementor-element-ca7e061\" data-id=\"ca7e061\" data-element_type=\"column\" data-settings=\"{&quot;background_background&quot;:&quot;classic&quot;}\">\n\t\t\t<div class=\"elementor-widget-wrap elementor-element-populated\">\n\t\t\t\t\t\t<div class=\"elementor-element elementor-element-ff40ed6 elementor-widget elementor-widget-heading\" data-id=\"ff40ed6\" data-element_type=\"widget\" data-widget_type=\"heading.default\">\n\t\t\t\t<div class=\"elementor-widget-container\">\n\t\t\t\t\t<p class=\"elementor-heading-title elementor-size-default\">MAT\u00c9RIAU<\/p>\t\t\t\t<\/div>\n\t\t\t\t<\/div>\n\t\t\t\t\t<\/div>\n\t\t<\/div>\n\t\t\t\t<div class=\"elementor-column elementor-col-50 elementor-inner-column elementor-element elementor-element-2c0931c\" data-id=\"2c0931c\" data-element_type=\"column\">\n\t\t\t<div class=\"elementor-widget-wrap elementor-element-populated\">\n\t\t\t\t\t\t<div class=\"elementor-element elementor-element-dd3ca46 elementor-widget elementor-widget-heading\" data-id=\"dd3ca46\" data-element_type=\"widget\" data-widget_type=\"heading.default\">\n\t\t\t\t<div class=\"elementor-widget-container\">\n\t\t\t\t\t<p class=\"elementor-heading-title elementor-size-default\">Miroir \/ \u00e9l\u00e9ment de rangement en MDF laqu\u00e9 blanc mat, avec \u00e9tag\u00e8re int\u00e9rieure assortie (autres finitions disponibles sur demande) et porte miroir<\/p>\t\t\t\t<\/div>\n\t\t\t\t<\/div>\n\t\t\t\t\t<\/div>\n\t\t<\/div>\n\t\t\t\t\t<\/div>\n\t\t<\/section>\n\t\t\t\t<section class=\"elementor-section elementor-inner-section elementor-element elementor-element-fd56ef0 elementor-section-boxed elementor-section-height-default elementor-section-height-default wpr-particle-no wpr-jarallax-no wpr-parallax-no wpr-sticky-section-no\" data-id=\"fd56ef0\" data-element_type=\"section\">\n\t\t\t\t\t\t<div class=\"elementor-container elementor-column-gap-default\">\n\t\t\t\t\t<div class=\"elementor-column elementor-col-50 elementor-inner-column elementor-element elementor-element-27e2695\" data-id=\"27e2695\" data-element_type=\"column\" data-settings=\"{&quot;background_background&quot;:&quot;classic&quot;}\">\n\t\t\t<div class=\"elementor-widget-wrap elementor-element-populated\">\n\t\t\t\t\t\t<div class=\"elementor-element elementor-element-a045911 elementor-widget elementor-widget-heading\" data-id=\"a045911\" data-element_type=\"widget\" data-widget_type=\"heading.default\">\n\t\t\t\t<div class=\"elementor-widget-container\">\n\t\t\t\t\t<p class=\"elementor-heading-title elementor-size-default\">OPTIONALS<\/p>\t\t\t\t<\/div>\n\t\t\t\t<\/div>\n\t\t\t\t\t<\/div>\n\t\t<\/div>\n\t\t\t\t<div class=\"elementor-column elementor-col-50 elementor-inner-column elementor-element elementor-element-1534e46\" data-id=\"1534e46\" data-element_type=\"column\" data-settings=\"{&quot;background_background&quot;:&quot;classic&quot;}\">\n\t\t\t<div class=\"elementor-widget-wrap elementor-element-populated\">\n\t\t\t\t\t\t<div class=\"elementor-element elementor-element-1e62394 elementor-widget elementor-widget-heading\" data-id=\"1e62394\" data-element_type=\"widget\" data-widget_type=\"heading.default\">\n\t\t\t\t<div class=\"elementor-widget-container\">\n\t\t\t\t\t<p class=\"elementor-heading-title elementor-size-default\">R\u00e9tro\u00e9clairage LED p\u00e9rim\u00e9trique (standard : 3000\u00b0K) - WLED<\/p>\t\t\t\t<\/div>\n\t\t\t\t<\/div>\n\t\t\t\t<div class=\"elementor-element elementor-element-d302316 elementor-widget elementor-widget-image\" data-id=\"d302316\" data-element_type=\"widget\" data-widget_type=\"image.default\">\n\t\t\t\t<div class=\"elementor-widget-container\">\n\t\t\t\t\t\t\t\t\t\t\t\t\t\t\t<img decoding=\"async\" src=\"https:\/\/www.moma-design.it\/wp-content\/uploads\/2023\/05\/optional-led-grigio.jpg\" title=\"optional-led-grigio\" alt=\"optional-led-grigio\" loading=\"lazy\" \/>\t\t\t\t\t\t\t\t\t\t\t\t\t\t\t<\/div>\n\t\t\t\t<\/div>\n\t\t\t\t<div class=\"elementor-element elementor-element-b89cbef elementor-widget elementor-widget-heading\" data-id=\"b89cbef\" data-element_type=\"widget\" data-widget_type=\"heading.default\">\n\t\t\t\t<div class=\"elementor-widget-container\">\n\t\t\t\t\t<p class=\"elementor-heading-title elementor-size-default\">Loupe \u00d8 200 mm - MNG<\/p>\t\t\t\t<\/div>\n\t\t\t\t<\/div>\n\t\t\t\t<div class=\"elementor-element elementor-element-678dcff elementor-widget elementor-widget-image\" data-id=\"678dcff\" data-element_type=\"widget\" data-widget_type=\"image.default\">\n\t\t\t\t<div class=\"elementor-widget-container\">\n\t\t\t\t\t\t\t\t\t\t\t\t\t\t\t<img decoding=\"async\" src=\"https:\/\/www.moma-design.it\/wp-content\/uploads\/2023\/05\/lente-di-ingrandimento-interna-grigio.jpg\" title=\"lente-di-ingrandimento-interna-grigio\" alt=\"lente-di-ingrandimento-interna-grigio\" loading=\"lazy\" \/>\t\t\t\t\t\t\t\t\t\t\t\t\t\t\t<\/div>\n\t\t\t\t<\/div>\n\t\t\t\t\t<\/div>\n\t\t<\/div>\n\t\t\t\t\t<\/div>\n\t\t<\/section>\n\t\t\t\t<section class=\"elementor-section elementor-inner-section elementor-element elementor-element-39e237c elementor-section-boxed elementor-section-height-default elementor-section-height-default wpr-particle-no wpr-jarallax-no wpr-parallax-no wpr-sticky-section-no\" data-id=\"39e237c\" data-element_type=\"section\">\n\t\t\t\t\t\t<div class=\"elementor-container elementor-column-gap-default\">\n\t\t\t\t\t<div class=\"elementor-column elementor-col-33 elementor-inner-column elementor-element elementor-element-7ff0991\" data-id=\"7ff0991\" data-element_type=\"column\">\n\t\t\t<div class=\"elementor-widget-wrap elementor-element-populated\">\n\t\t\t\t\t\t<div class=\"elementor-element elementor-element-c2e0c50 elementor-align-justify elementor-widget elementor-widget-button\" data-id=\"c2e0c50\" data-element_type=\"widget\" data-widget_type=\"button.default\">\n\t\t\t\t<div class=\"elementor-widget-container\">\n\t\t\t\t\t\t\t\t\t<div class=\"elementor-button-wrapper\">\n\t\t\t\t\t<a class=\"elementor-button elementor-button-link elementor-size-sm\" href=\"\/wp-content\/uploads\/2023\/07\/MOMA-DESIGN_SPECCHI_MIRR-VERTIGO-1.zip\" target=\"_blank\">\n\t\t\t\t\t\t<span class=\"elementor-button-content-wrapper\">\n\t\t\t\t\t\t\t\t\t<span class=\"elementor-button-text\">FICHE TECHNIQUE<\/span>\n\t\t\t\t\t<\/span>\n\t\t\t\t\t<\/a>\n\t\t\t\t<\/div>\n\t\t\t\t\t\t\t\t<\/div>\n\t\t\t\t<\/div>\n\t\t\t\t\t<\/div>\n\t\t<\/div>\n\t\t\t\t<div class=\"elementor-column elementor-col-33 elementor-inner-column elementor-element elementor-element-ba0fca0\" data-id=\"ba0fca0\" data-element_type=\"column\">\n\t\t\t<div class=\"elementor-widget-wrap elementor-element-populated\">\n\t\t\t\t\t\t<div class=\"elementor-element elementor-element-9d2f5dc elementor-align-justify elementor-widget elementor-widget-button\" data-id=\"9d2f5dc\" data-element_type=\"widget\" data-widget_type=\"button.default\">\n\t\t\t\t<div class=\"elementor-widget-container\">\n\t\t\t\t\t\t\t\t\t<div class=\"elementor-button-wrapper\">\n\t\t\t\t\t<a class=\"elementor-button elementor-button-link elementor-size-sm\" href=\"\/wp-content\/uploads\/2023\/07\/MOMA-DESIGN_SPECCHI_MIRR-VERTIGO.zip\" target=\"_blank\">\n\t\t\t\t\t\t<span class=\"elementor-button-content-wrapper\">\n\t\t\t\t\t\t\t\t\t<span class=\"elementor-button-text\">FICHIER CAD 2D<\/span>\n\t\t\t\t\t<\/span>\n\t\t\t\t\t<\/a>\n\t\t\t\t<\/div>\n\t\t\t\t\t\t\t\t<\/div>\n\t\t\t\t<\/div>\n\t\t\t\t\t<\/div>\n\t\t<\/div>\n\t\t\t\t<div class=\"elementor-column elementor-col-33 elementor-inner-column elementor-element elementor-element-89b4955\" data-id=\"89b4955\" data-element_type=\"column\">\n\t\t\t<div class=\"elementor-widget-wrap elementor-element-populated\">\n\t\t\t\t\t\t<div class=\"elementor-element elementor-element-c42051a elementor-align-justify elementor-widget elementor-widget-button\" data-id=\"c42051a\" data-element_type=\"widget\" data-widget_type=\"button.default\">\n\t\t\t\t<div class=\"elementor-widget-container\">\n\t\t\t\t\t\t\t\t\t<div class=\"elementor-button-wrapper\">\n\t\t\t\t\t<a class=\"elementor-button elementor-button-link elementor-size-sm\" href=\"\/wp-content\/uploads\/2023\/07\/MOMA-DESIGN_SPECCHI_MIRR-VERTIGO-2.zip\" target=\"_blank\">\n\t\t\t\t\t\t<span class=\"elementor-button-content-wrapper\">\n\t\t\t\t\t\t\t\t\t<span class=\"elementor-button-text\">FICHIER CAD 3D<\/span>\n\t\t\t\t\t<\/span>\n\t\t\t\t\t<\/a>\n\t\t\t\t<\/div>\n\t\t\t\t\t\t\t\t<\/div>\n\t\t\t\t<\/div>\n\t\t\t\t\t<\/div>\n\t\t<\/div>\n\t\t\t\t\t<\/div>\n\t\t<\/section>\n\t\t\t\t\t<\/div>\n\t\t<\/div>\n\t\t\t\t\t<\/div>\n\t\t<\/section>\n\t\t\t\t<section class=\"elementor-section elementor-top-section elementor-element elementor-element-5f0f364 elementor-hidden-mobile elementor-section-boxed elementor-section-height-default elementor-section-height-default wpr-particle-no wpr-jarallax-no wpr-parallax-no wpr-sticky-section-no\" data-id=\"5f0f364\" data-element_type=\"section\">\n\t\t\t\t\t\t<div class=\"elementor-container elementor-column-gap-default\">\n\t\t\t\t\t<div class=\"elementor-column elementor-col-100 elementor-top-column elementor-element elementor-element-05b78cd\" data-id=\"05b78cd\" data-element_type=\"column\" data-settings=\"{&quot;background_background&quot;:&quot;classic&quot;}\">\n\t\t\t<div class=\"elementor-widget-wrap elementor-element-populated\">\n\t\t\t\t\t\t<div class=\"elementor-element elementor-element-a64d7d4 elementor-widget elementor-widget-image\" data-id=\"a64d7d4\" data-element_type=\"widget\" data-widget_type=\"image.default\">\n\t\t\t\t<div class=\"elementor-widget-container\">\n\t\t\t\t\t\t\t\t\t\t\t\t\t\t\t<img decoding=\"async\" src=\"https:\/\/www.moma-design.it\/wp-content\/uploads\/elementor\/thumbs\/copertina3-mirr-vertigo-specchio-con-elemento-contenitore-in-legno-laccato-bianco-opaco-1-q6z5d783nytrj20yqxk9a61nhxyoayimu1vg20d5kg.jpg\" title=\"copertina3-mirr-vertigo-specchio-con-elemento-contenitore-in-legno-laccato-bianco-opaco\" alt=\"copertina3-mirr-vertigo-specchio-con-elemento-contenitore-in-legno-laccato-bianco-opaco\" loading=\"lazy\" \/>\t\t\t\t\t\t\t\t\t\t\t\t\t\t\t<\/div>\n\t\t\t\t<\/div>\n\t\t\t\t<div class=\"elementor-element elementor-element-ae03fb1 elementor-widget elementor-widget-heading\" data-id=\"ae03fb1\" data-element_type=\"widget\" data-widget_type=\"heading.default\">\n\t\t\t\t<div class=\"elementor-widget-container\">\n\t\t\t\t\t<h3 class=\"elementor-heading-title elementor-size-default\">Des solutions de prestige sur mesure gr\u00e2ce \u00e0 l'amour du design, de la d\u00e9coration et du bien-\u00eatre personnel.<\/h3>\t\t\t\t<\/div>\n\t\t\t\t<\/div>\n\t\t\t\t\t<\/div>\n\t\t<\/div>\n\t\t\t\t\t<\/div>\n\t\t<\/section>\n\t\t\t\t<section class=\"elementor-section elementor-top-section elementor-element elementor-element-86b7906 elementor-hidden-desktop elementor-hidden-tablet elementor-section-boxed elementor-section-height-default elementor-section-height-default wpr-particle-no wpr-jarallax-no wpr-parallax-no wpr-sticky-section-no\" data-id=\"86b7906\" data-element_type=\"section\">\n\t\t\t\t\t\t<div class=\"elementor-container elementor-column-gap-default\">\n\t\t\t\t\t<div class=\"elementor-column elementor-col-100 elementor-top-column elementor-element elementor-element-6564db2\" data-id=\"6564db2\" data-element_type=\"column\" data-settings=\"{&quot;background_background&quot;:&quot;classic&quot;}\">\n\t\t\t<div class=\"elementor-widget-wrap elementor-element-populated\">\n\t\t\t\t\t\t<div class=\"elementor-element elementor-element-ae0efc9 elementor-widget elementor-widget-image\" data-id=\"ae0efc9\" data-element_type=\"widget\" data-widget_type=\"image.default\">\n\t\t\t\t<div class=\"elementor-widget-container\">\n\t\t\t\t\t\t\t\t\t\t\t\t\t\t\t<img decoding=\"async\" src=\"https:\/\/www.moma-design.it\/wp-content\/uploads\/elementor\/thumbs\/copertina3mobile-mirr-vertigo-specchio-con-elemento-contenitore-in-legno-laccato-bianco-opaco-q6z5ej5m7lsoysxmdhuiupvhquu2zuldkvgoix6a7s.jpg\" title=\"copertina3mobile-mirr-vertigo-specchio-con-elemento-contenitore-in-legno-laccato-bianco-opaco\" alt=\"copertina3mobile-mirr-vertigo-specchio-con-elemento-contenitore-in-legno-laccato-bianco-opaco\" loading=\"lazy\" \/>\t\t\t\t\t\t\t\t\t\t\t\t\t\t\t<\/div>\n\t\t\t\t<\/div>\n\t\t\t\t<div class=\"elementor-element elementor-element-e1283ed elementor-widget elementor-widget-heading\" data-id=\"e1283ed\" data-element_type=\"widget\" data-widget_type=\"heading.default\">\n\t\t\t\t<div class=\"elementor-widget-container\">\n\t\t\t\t\t<h3 class=\"elementor-heading-title elementor-size-default\">Des solutions de prestige sur mesure gr\u00e2ce \u00e0 l'amour du design, de la d\u00e9coration et du bien-\u00eatre personnel.<\/h3>\t\t\t\t<\/div>\n\t\t\t\t<\/div>\n\t\t\t\t\t<\/div>\n\t\t<\/div>\n\t\t\t\t\t<\/div>\n\t\t<\/section>\n\t\t\t\t<\/div>\n\t\t","protected":false},"excerpt":{"rendered":"<p>Le miroir MIRR VERTIGO de MOMA Design est un miroir conteneur au design unique et saisissant. Le mod\u00e8le MIRR VERTIGO se compose d&rsquo;un simple miroir sans cadre, qui sert de base \u00e0 un \u00e9l\u00e9ment conteneur en miroir \u00e0 l&rsquo;avant, qui est positionn\u00e9 partiellement \u00e0 l&rsquo;ext\u00e9rieur du premier miroir, cr\u00e9ant ainsi un objet de design avec un fort caract\u00e8re dynamique. Disponible avec ou sans r\u00e9tro\u00e9clairage LED blanc (standard 3000\u00b0 K, mais \u00e9galement disponible en lumi\u00e8re blanche neutre et froide), ce miroir r\u00e9pondra aux attentes du client qui souhaite impressionner ses invit\u00e9s sans avoir peur d&rsquo;\u00eatre audacieux. MIRR VERTIGO Miroir conteneur \u00e0 d\u00e9veloppement vertical form\u00e9 d&rsquo;un miroir rectangulaire de base sans cadre, avec un \u00e9l\u00e9ment conteneur asym\u00e9trique en miroir \u00e0 l&rsquo;avant, \u00e9quip\u00e9 d&rsquo;une porte push-pull en miroir interne\/externe et d&rsquo;\u00e9tag\u00e8res internes. Compartiment de rangement en MDF laqu\u00e9 blanc mat ; autres finitions disponibles sur demande. Supports de fixation murale inclus. INFORMATIONS TECHNIQUES SUR LE PRODUIT DIMENSIONS L. 500\/700 x P. 35\/143 x H. 1000 mm &#8211; \u00e9l\u00e9ment conteneur dim: 600x108x400 h mm &#8211; CODE: MVTL0100 L. 500\/700 x P. 35\/143 x H. 1200 mm &#8211; \u00e9l\u00e9ment conteneur dim: 600x108x400 h mm &#8211; CODE: MVTL0120 MAT\u00c9RIAU Miroir \/ \u00e9l\u00e9ment de rangement en MDF laqu\u00e9 blanc mat, avec \u00e9tag\u00e8re int\u00e9rieure assortie (autres finitions disponibles sur demande) et porte miroir OPTIONALS R\u00e9tro\u00e9clairage LED p\u00e9rim\u00e9trique (standard : 3000\u00b0K) &#8211; WLED Loupe \u00d8 200 mm &#8211; MNG FICHE TECHNIQUE FICHIER CAD 2D FICHIER CAD 3D Des solutions de prestige sur mesure gr\u00e2ce \u00e0 l&rsquo;amour du design, de la d\u00e9coration et du bien-\u00eatre personnel. Des solutions de prestige sur mesure gr\u00e2ce \u00e0 l&rsquo;amour du design, de la d\u00e9coration et du bien-\u00eatre personnel.<\/p>\n","protected":false},"featured_media":25150,"comment_status":"open","ping_status":"closed","template":"","meta":{"site-sidebar-layout":"no-sidebar","site-content-layout":"page-builder","ast-site-content-layout":"default","site-content-style":"default","site-sidebar-style":"default","ast-global-header-display":"","ast-banner-title-visibility":"","ast-main-header-display":"","ast-hfb-above-header-display":"","ast-hfb-below-header-display":"","ast-hfb-mobile-header-display":"","site-post-title":"disabled","ast-breadcrumbs-content":"","ast-featured-img":"disabled","footer-sml-layout":"","ast-disable-related-posts":"","theme-transparent-header-meta":"default","adv-header-id-meta":"","stick-header-meta":"","header-above-stick-meta":"","header-main-stick-meta":"","header-below-stick-meta":"","astra-migrate-meta-layouts":"default","ast-page-background-enabled":"default","ast-page-background-meta":{"desktop":{"background-color":"var(--ast-global-color-4)","background-image":"","background-repeat":"repeat","background-position":"center center","background-size":"auto","background-attachment":"scroll","background-type":"","background-media":"","overlay-type":"","overlay-color":"","overlay-opacity":"","overlay-gradient":""},"tablet":{"background-color":"","background-image":"","background-repeat":"repeat","background-position":"center center","background-size":"auto","background-attachment":"scroll","background-type":"","background-media":"","overlay-type":"","overlay-color":"","overlay-opacity":"","overlay-gradient":""},"mobile":{"background-color":"","background-image":"","background-repeat":"repeat","background-position":"center center","background-size":"auto","background-attachment":"scroll","background-type":"","background-media":"","overlay-type":"","overlay-color":"","overlay-opacity":"","overlay-gradient":""}},"ast-content-background-meta":{"desktop":{"background-color":"var(--ast-global-color-5)","background-image":"","background-repeat":"repeat","background-position":"center center","background-size":"auto","background-attachment":"scroll","background-type":"","background-media":"","overlay-type":"","overlay-color":"","overlay-opacity":"","overlay-gradient":""},"tablet":{"background-color":"var(--ast-global-color-5)","background-image":"","background-repeat":"repeat","background-position":"center center","background-size":"auto","background-attachment":"scroll","background-type":"","background-media":"","overlay-type":"","overlay-color":"","overlay-opacity":"","overlay-gradient":""},"mobile":{"background-color":"var(--ast-global-color-5)","background-image":"","background-repeat":"repeat","background-position":"center center","background-size":"auto","background-attachment":"scroll","background-type":"","background-media":"","overlay-type":"","overlay-color":"","overlay-opacity":"","overlay-gradient":""}}},"product_brand":[],"product_cat":[173,172],"product_tag":[],"class_list":{"0":"post-35402","1":"product","2":"type-product","3":"status-publish","4":"has-post-thumbnail","6":"product_cat-miroirs-avec-cadre-et-miroirs-pharmacie","7":"product_cat-miroirs-de-salle-de-bains","8":"desktop-align-left","9":"tablet-align-left","10":"mobile-align-left","12":"first","13":"instock","14":"shipping-taxable","15":"product-type-simple"},"yoast_head":"<!-- This site is optimized with the Yoast SEO plugin v26.8 - https:\/\/yoast.com\/product\/yoast-seo-wordpress\/ -->\n<title>Miroir Mirr Vertigo | MOMA Design<\/title>\n<meta name=\"description\" content=\"Le miroir Mirr Vertigo de MOMA Design est un miroir asym\u00e9trique avec un \u00e9l\u00e9ment de conteneur en miroir \u00e0 l&#039;avant.\" \/>\n<meta name=\"robots\" content=\"index, follow, max-snippet:-1, max-image-preview:large, max-video-preview:-1\" \/>\n<link rel=\"canonical\" href=\"https:\/\/www.moma-design.it\/produit\/mirr-vertigo\/\" \/>\n<meta property=\"og:locale\" content=\"fr_FR\" \/>\n<meta property=\"og:type\" content=\"article\" \/>\n<meta property=\"og:title\" content=\"Miroir Mirr Vertigo | MOMA Design\" \/>\n<meta property=\"og:description\" content=\"Le miroir Mirr Vertigo de MOMA Design est un miroir asym\u00e9trique avec un \u00e9l\u00e9ment de conteneur en miroir \u00e0 l&#039;avant.\" \/>\n<meta property=\"og:url\" content=\"https:\/\/www.moma-design.it\/produit\/mirr-vertigo\/\" \/>\n<meta property=\"og:site_name\" content=\"MOMA Design\" \/>\n<meta property=\"article:modified_time\" content=\"2023-10-30T16:42:40+00:00\" \/>\n<meta property=\"og:image\" content=\"https:\/\/www.moma-design.it\/wp-content\/uploads\/2023\/05\/anteprima-mirr-vertigo-specchio-con-elemento-contenitore-in-legno-laccato-bianco-opaco.jpg\" \/>\n\t<meta property=\"og:image:width\" content=\"450\" \/>\n\t<meta property=\"og:image:height\" content=\"600\" \/>\n\t<meta property=\"og:image:type\" content=\"image\/jpeg\" \/>\n<meta name=\"twitter:card\" content=\"summary_large_image\" \/>\n<meta name=\"twitter:label1\" content=\"Dur\u00e9e de lecture estim\u00e9e\" \/>\n\t<meta name=\"twitter:data1\" content=\"1 minute\" \/>\n<script type=\"application\/ld+json\" class=\"yoast-schema-graph\">{\"@context\":\"https:\/\/schema.org\",\"@graph\":[{\"@type\":\"WebPage\",\"@id\":\"https:\/\/www.moma-design.it\/produit\/mirr-vertigo\/\",\"url\":\"https:\/\/www.moma-design.it\/produit\/mirr-vertigo\/\",\"name\":\"Miroir Mirr Vertigo | MOMA Design\",\"isPartOf\":{\"@id\":\"https:\/\/www.moma-design.it\/#website\"},\"primaryImageOfPage\":{\"@id\":\"https:\/\/www.moma-design.it\/produit\/mirr-vertigo\/#primaryimage\"},\"image\":{\"@id\":\"https:\/\/www.moma-design.it\/produit\/mirr-vertigo\/#primaryimage\"},\"thumbnailUrl\":\"https:\/\/www.moma-design.it\/wp-content\/uploads\/2023\/05\/anteprima-mirr-vertigo-specchio-con-elemento-contenitore-in-legno-laccato-bianco-opaco.jpg\",\"datePublished\":\"2023-05-24T15:41:44+00:00\",\"dateModified\":\"2023-10-30T16:42:40+00:00\",\"description\":\"Le miroir Mirr Vertigo de MOMA Design est un miroir asym\u00e9trique avec un \u00e9l\u00e9ment de conteneur en miroir \u00e0 l'avant.\",\"breadcrumb\":{\"@id\":\"https:\/\/www.moma-design.it\/produit\/mirr-vertigo\/#breadcrumb\"},\"inLanguage\":\"fr-FR\",\"potentialAction\":[{\"@type\":\"ReadAction\",\"target\":[\"https:\/\/www.moma-design.it\/produit\/mirr-vertigo\/\"]}]},{\"@type\":\"ImageObject\",\"inLanguage\":\"fr-FR\",\"@id\":\"https:\/\/www.moma-design.it\/produit\/mirr-vertigo\/#primaryimage\",\"url\":\"https:\/\/www.moma-design.it\/wp-content\/uploads\/2023\/05\/anteprima-mirr-vertigo-specchio-con-elemento-contenitore-in-legno-laccato-bianco-opaco.jpg\",\"contentUrl\":\"https:\/\/www.moma-design.it\/wp-content\/uploads\/2023\/05\/anteprima-mirr-vertigo-specchio-con-elemento-contenitore-in-legno-laccato-bianco-opaco.jpg\",\"width\":450,\"height\":600,\"caption\":\"conteneur miroir MOMA Design mod\u00e8le miroir vertige ferm\u00e9\"},{\"@type\":\"BreadcrumbList\",\"@id\":\"https:\/\/www.moma-design.it\/produit\/mirr-vertigo\/#breadcrumb\",\"itemListElement\":[{\"@type\":\"ListItem\",\"position\":1,\"name\":\"Home\",\"item\":\"https:\/\/www.moma-design.it\/\"},{\"@type\":\"ListItem\",\"position\":2,\"name\":\"Shop\",\"item\":\"https:\/\/www.moma-design.it\/?page_id=6\"},{\"@type\":\"ListItem\",\"position\":3,\"name\":\"Mirr Vertigo\"}]},{\"@type\":\"WebSite\",\"@id\":\"https:\/\/www.moma-design.it\/#website\",\"url\":\"https:\/\/www.moma-design.it\/\",\"name\":\"MOMA Design\",\"description\":\"\",\"publisher\":{\"@id\":\"https:\/\/www.moma-design.it\/#organization\"},\"potentialAction\":[{\"@type\":\"SearchAction\",\"target\":{\"@type\":\"EntryPoint\",\"urlTemplate\":\"https:\/\/www.moma-design.it\/?s={search_term_string}\"},\"query-input\":{\"@type\":\"PropertyValueSpecification\",\"valueRequired\":true,\"valueName\":\"search_term_string\"}}],\"inLanguage\":\"fr-FR\"},{\"@type\":\"Organization\",\"@id\":\"https:\/\/www.moma-design.it\/#organization\",\"name\":\"MOMA Design\",\"url\":\"https:\/\/www.moma-design.it\/\",\"logo\":{\"@type\":\"ImageObject\",\"inLanguage\":\"fr-FR\",\"@id\":\"https:\/\/www.moma-design.it\/#\/schema\/logo\/image\/\",\"url\":\"https:\/\/www.moma-design.it\/wp-content\/uploads\/2023\/07\/Logotipo-bianco-Moma-Design.png\",\"contentUrl\":\"https:\/\/www.moma-design.it\/wp-content\/uploads\/2023\/07\/Logotipo-bianco-Moma-Design.png\",\"width\":250,\"height\":150,\"caption\":\"MOMA Design\"},\"image\":{\"@id\":\"https:\/\/www.moma-design.it\/#\/schema\/logo\/image\/\"}}]}<\/script>\n<!-- \/ Yoast SEO plugin. -->","yoast_head_json":{"title":"Miroir Mirr Vertigo | MOMA Design","description":"Le miroir Mirr Vertigo de MOMA Design est un miroir asym\u00e9trique avec un \u00e9l\u00e9ment de conteneur en miroir \u00e0 l'avant.","robots":{"index":"index","follow":"follow","max-snippet":"max-snippet:-1","max-image-preview":"max-image-preview:large","max-video-preview":"max-video-preview:-1"},"canonical":"https:\/\/www.moma-design.it\/produit\/mirr-vertigo\/","og_locale":"fr_FR","og_type":"article","og_title":"Miroir Mirr Vertigo | MOMA Design","og_description":"Le miroir Mirr Vertigo de MOMA Design est un miroir asym\u00e9trique avec un \u00e9l\u00e9ment de conteneur en miroir \u00e0 l'avant.","og_url":"https:\/\/www.moma-design.it\/produit\/mirr-vertigo\/","og_site_name":"MOMA Design","article_modified_time":"2023-10-30T16:42:40+00:00","og_image":[{"width":450,"height":600,"url":"https:\/\/www.moma-design.it\/wp-content\/uploads\/2023\/05\/anteprima-mirr-vertigo-specchio-con-elemento-contenitore-in-legno-laccato-bianco-opaco.jpg","type":"image\/jpeg"}],"twitter_card":"summary_large_image","twitter_misc":{"Dur\u00e9e de lecture estim\u00e9e":"1 minute"},"schema":{"@context":"https:\/\/schema.org","@graph":[{"@type":"WebPage","@id":"https:\/\/www.moma-design.it\/produit\/mirr-vertigo\/","url":"https:\/\/www.moma-design.it\/produit\/mirr-vertigo\/","name":"Miroir Mirr Vertigo | MOMA Design","isPartOf":{"@id":"https:\/\/www.moma-design.it\/#website"},"primaryImageOfPage":{"@id":"https:\/\/www.moma-design.it\/produit\/mirr-vertigo\/#primaryimage"},"image":{"@id":"https:\/\/www.moma-design.it\/produit\/mirr-vertigo\/#primaryimage"},"thumbnailUrl":"https:\/\/www.moma-design.it\/wp-content\/uploads\/2023\/05\/anteprima-mirr-vertigo-specchio-con-elemento-contenitore-in-legno-laccato-bianco-opaco.jpg","datePublished":"2023-05-24T15:41:44+00:00","dateModified":"2023-10-30T16:42:40+00:00","description":"Le miroir Mirr Vertigo de MOMA Design est un miroir asym\u00e9trique avec un \u00e9l\u00e9ment de conteneur en miroir \u00e0 l'avant.","breadcrumb":{"@id":"https:\/\/www.moma-design.it\/produit\/mirr-vertigo\/#breadcrumb"},"inLanguage":"fr-FR","potentialAction":[{"@type":"ReadAction","target":["https:\/\/www.moma-design.it\/produit\/mirr-vertigo\/"]}]},{"@type":"ImageObject","inLanguage":"fr-FR","@id":"https:\/\/www.moma-design.it\/produit\/mirr-vertigo\/#primaryimage","url":"https:\/\/www.moma-design.it\/wp-content\/uploads\/2023\/05\/anteprima-mirr-vertigo-specchio-con-elemento-contenitore-in-legno-laccato-bianco-opaco.jpg","contentUrl":"https:\/\/www.moma-design.it\/wp-content\/uploads\/2023\/05\/anteprima-mirr-vertigo-specchio-con-elemento-contenitore-in-legno-laccato-bianco-opaco.jpg","width":450,"height":600,"caption":"conteneur miroir MOMA Design mod\u00e8le miroir vertige ferm\u00e9"},{"@type":"BreadcrumbList","@id":"https:\/\/www.moma-design.it\/produit\/mirr-vertigo\/#breadcrumb","itemListElement":[{"@type":"ListItem","position":1,"name":"Home","item":"https:\/\/www.moma-design.it\/"},{"@type":"ListItem","position":2,"name":"Shop","item":"https:\/\/www.moma-design.it\/?page_id=6"},{"@type":"ListItem","position":3,"name":"Mirr Vertigo"}]},{"@type":"WebSite","@id":"https:\/\/www.moma-design.it\/#website","url":"https:\/\/www.moma-design.it\/","name":"MOMA Design","description":"","publisher":{"@id":"https:\/\/www.moma-design.it\/#organization"},"potentialAction":[{"@type":"SearchAction","target":{"@type":"EntryPoint","urlTemplate":"https:\/\/www.moma-design.it\/?s={search_term_string}"},"query-input":{"@type":"PropertyValueSpecification","valueRequired":true,"valueName":"search_term_string"}}],"inLanguage":"fr-FR"},{"@type":"Organization","@id":"https:\/\/www.moma-design.it\/#organization","name":"MOMA Design","url":"https:\/\/www.moma-design.it\/","logo":{"@type":"ImageObject","inLanguage":"fr-FR","@id":"https:\/\/www.moma-design.it\/#\/schema\/logo\/image\/","url":"https:\/\/www.moma-design.it\/wp-content\/uploads\/2023\/07\/Logotipo-bianco-Moma-Design.png","contentUrl":"https:\/\/www.moma-design.it\/wp-content\/uploads\/2023\/07\/Logotipo-bianco-Moma-Design.png","width":250,"height":150,"caption":"MOMA Design"},"image":{"@id":"https:\/\/www.moma-design.it\/#\/schema\/logo\/image\/"}}]}},"_links":{"self":[{"href":"https:\/\/www.moma-design.it\/fr\/wp-json\/wp\/v2\/product\/35402","targetHints":{"allow":["GET"]}}],"collection":[{"href":"https:\/\/www.moma-design.it\/fr\/wp-json\/wp\/v2\/product"}],"about":[{"href":"https:\/\/www.moma-design.it\/fr\/wp-json\/wp\/v2\/types\/product"}],"replies":[{"embeddable":true,"href":"https:\/\/www.moma-design.it\/fr\/wp-json\/wp\/v2\/comments?post=35402"}],"version-history":[{"count":0,"href":"https:\/\/www.moma-design.it\/fr\/wp-json\/wp\/v2\/product\/35402\/revisions"}],"wp:featuredmedia":[{"embeddable":true,"href":"https:\/\/www.moma-design.it\/fr\/wp-json\/wp\/v2\/media\/25150"}],"wp:attachment":[{"href":"https:\/\/www.moma-design.it\/fr\/wp-json\/wp\/v2\/media?parent=35402"}],"wp:term":[{"taxonomy":"product_brand","embeddable":true,"href":"https:\/\/www.moma-design.it\/fr\/wp-json\/wp\/v2\/product_brand?post=35402"},{"taxonomy":"product_cat","embeddable":true,"href":"https:\/\/www.moma-design.it\/fr\/wp-json\/wp\/v2\/product_cat?post=35402"},{"taxonomy":"product_tag","embeddable":true,"href":"https:\/\/www.moma-design.it\/fr\/wp-json\/wp\/v2\/product_tag?post=35402"}],"curies":[{"name":"wp","href":"https:\/\/api.w.org\/{rel}","templated":true}]}}