{"id":44349,"date":"2025-05-19T12:15:18","date_gmt":"2025-05-19T10:15:18","guid":{"rendered":"https:\/\/www.moma-design.it\/?post_type=realizzazione&#038;p=44349"},"modified":"2025-06-04T10:29:03","modified_gmt":"2025-06-04T08:29:03","slug":"privat-chalet-in-megeve","status":"publish","type":"realizzazione","link":"https:\/\/www.moma-design.it\/de\/projekte\/privat-chalet-in-megeve\/","title":{"rendered":"Privat Chalet in Meg\u00e8ve"},"content":{"rendered":"\t\t<div data-elementor-type=\"wp-post\" data-elementor-id=\"44349\" class=\"elementor elementor-44349 elementor-44250\" data-elementor-post-type=\"realizzazione\">\n\t\t\t\t\t\t<section class=\"elementor-section elementor-top-section elementor-element elementor-element-342bed6 elementor-section-height-min-height elementor-section-items-bottom elementor-section-boxed elementor-section-height-default wpr-particle-no wpr-jarallax-no wpr-parallax-no wpr-sticky-section-no\" data-id=\"342bed6\" data-element_type=\"section\" data-settings=\"{&quot;background_background&quot;:&quot;classic&quot;}\">\n\t\t\t\t\t\t\t<div class=\"elementor-background-overlay\"><\/div>\n\t\t\t\t\t\t\t<div class=\"elementor-container elementor-column-gap-default\">\n\t\t\t\t\t<div class=\"elementor-column elementor-col-100 elementor-top-column elementor-element elementor-element-e74fc8a elementor-invisible\" data-id=\"e74fc8a\" data-element_type=\"column\" data-settings=\"{&quot;animation&quot;:&quot;fadeInUp&quot;}\">\n\t\t\t<div class=\"elementor-widget-wrap elementor-element-populated\">\n\t\t\t\t\t\t<div class=\"elementor-element elementor-element-6375d42 elementor-widget elementor-widget-heading\" data-id=\"6375d42\" data-element_type=\"widget\" data-widget_type=\"heading.default\">\n\t\t\t\t<div class=\"elementor-widget-container\">\n\t\t\t\t\t<h1 class=\"elementor-heading-title elementor-size-default\">Privat Chalet - Meg\u00e8ve, Frankreich<\/h1>\t\t\t\t<\/div>\n\t\t\t\t<\/div>\n\t\t\t\t<div class=\"elementor-element elementor-element-ce19b0e elementor-widget elementor-widget-heading\" data-id=\"ce19b0e\" data-element_type=\"widget\" data-widget_type=\"heading.default\">\n\t\t\t\t<div class=\"elementor-widget-container\">\n\t\t\t\t\t<h3 class=\"elementor-heading-title elementor-size-default\">Badezimmer-Projekte von MOMA Design<\/h3>\t\t\t\t<\/div>\n\t\t\t\t<\/div>\n\t\t\t\t\t<\/div>\n\t\t<\/div>\n\t\t\t\t\t<\/div>\n\t\t<\/section>\n\t\t\t\t<section class=\"elementor-section elementor-top-section elementor-element elementor-element-1da988d elementor-section-boxed elementor-section-height-default elementor-section-height-default wpr-particle-no wpr-jarallax-no wpr-parallax-no wpr-sticky-section-no\" data-id=\"1da988d\" data-element_type=\"section\">\n\t\t\t\t\t\t<div class=\"elementor-container elementor-column-gap-default\">\n\t\t\t\t\t<div class=\"elementor-column elementor-col-100 elementor-top-column elementor-element elementor-element-b00786a\" data-id=\"b00786a\" data-element_type=\"column\">\n\t\t\t<div class=\"elementor-widget-wrap elementor-element-populated\">\n\t\t\t\t\t\t<div class=\"elementor-element elementor-element-c01e47c elementor-widget elementor-widget-text-editor\" data-id=\"c01e47c\" data-element_type=\"widget\" data-widget_type=\"text-editor.default\">\n\t\t\t\t<div class=\"elementor-widget-container\">\n\t\t\t\t\t\t\t\t\t<p>Dieses malerische, zweist\u00f6ckige Chalet befindet sich im Herzen der franz\u00f6sischen Alpen, in Meg\u00e8ve, einem malerischen Ort mit Retro-Charme, der das ganze Jahr \u00fcber sch\u00f6n ist, aber in der Wintersaison definitiv am sch\u00f6nsten ist.<br \/>Unser Partner <strong>Innovatherm-Le Showroom <\/strong> k\u00fcmmerte sich um die Inneneinrichtung aller B\u00e4der sowie um die Installation der Produkte und die Anlagentechnik, so dass der Kunde ein schl\u00fcsselfertiges Projekt erhielt.<\/p>\n<p><strong>MOMA Design<\/strong> produzierte die gesamten Corian-Waschtischplatten in zwei Tranchen, eingebettet in komplett ma\u00dfgefertigte M\u00f6bel, die nach der Architektenzeichnung des Kunden entworfen wurden.<br \/>Die Besonderheit dieser aus Schubladen und offenen F\u00e4chern bestehenden M\u00f6belst\u00fccke besteht darin, dass sie ausschlie\u00dflich aus unbehandeltem Altholz hergestellt werden, um sich mit den \u00fcbrigen Holzelementen der Wohnung zu verbinden. Es handelt sich um ein \u00e4u\u00dferst empfindliches Material, das Unvollkommenheiten und Risse sowie \u00c4ste und Maserungsbr\u00fcche aufweist. Das Endergebnis entsch\u00e4digt jedoch f\u00fcr alle M\u00fchen: Die M\u00f6bel sind von gro\u00dfer Wirkung und stehen in perfekter Harmonie mit der nat\u00fcrlichen Umgebung.<\/p>\n\t\t\t\t\t\t\t\t<\/div>\n\t\t\t\t<\/div>\n\t\t\t\t\t<\/div>\n\t\t<\/div>\n\t\t\t\t\t<\/div>\n\t\t<\/section>\n\t\t\t\t<section class=\"elementor-section elementor-top-section elementor-element elementor-element-940d924 elementor-section-boxed elementor-section-height-default elementor-section-height-default wpr-particle-no wpr-jarallax-no wpr-parallax-no wpr-sticky-section-no\" data-id=\"940d924\" data-element_type=\"section\">\n\t\t\t\t\t\t<div class=\"elementor-container elementor-column-gap-default\">\n\t\t\t\t\t<div class=\"elementor-column elementor-col-100 elementor-top-column elementor-element elementor-element-e191615\" data-id=\"e191615\" data-element_type=\"column\">\n\t\t\t<div class=\"elementor-widget-wrap elementor-element-populated\">\n\t\t\t\t\t\t<div class=\"elementor-element elementor-element-791a13a elementor-widget elementor-widget-gallery\" data-id=\"791a13a\" data-element_type=\"widget\" data-settings=\"{&quot;gallery_layout&quot;:&quot;masonry&quot;,&quot;columns&quot;:&quot;2&quot;,&quot;lazyload&quot;:&quot;yes&quot;,&quot;columns_tablet&quot;:2,&quot;columns_mobile&quot;:1,&quot;gap&quot;:{&quot;unit&quot;:&quot;px&quot;,&quot;size&quot;:10,&quot;sizes&quot;:[]},&quot;gap_tablet&quot;:{&quot;unit&quot;:&quot;px&quot;,&quot;size&quot;:10,&quot;sizes&quot;:[]},&quot;gap_mobile&quot;:{&quot;unit&quot;:&quot;px&quot;,&quot;size&quot;:10,&quot;sizes&quot;:[]},&quot;link_to&quot;:&quot;file&quot;,&quot;overlay_background&quot;:&quot;yes&quot;,&quot;content_hover_animation&quot;:&quot;fade-in&quot;}\" data-widget_type=\"gallery.default\">\n\t\t\t\t<div class=\"elementor-widget-container\">\n\t\t\t\t\t\t\t<div class=\"elementor-gallery__container\">\n\t\t\t\t\t\t\t<a class=\"e-gallery-item elementor-gallery-item elementor-animated-content\" href=\"https:\/\/www.moma-design.it\/wp-content\/uploads\/2025\/05\/1-650x450-2.jpg\" data-elementor-open-lightbox=\"yes\" data-elementor-lightbox-slideshow=\"791a13a\" data-elementor-lightbox-title=\"1-650x450\" data-elementor-lightbox-description=\"chalet privato a megeve, piano otello module double su mobile su misura in legno abete vintage\" data-e-action-hash=\"#elementor-action%3Aaction%3Dlightbox%26settings%3DeyJpZCI6NDQzMjYsInVybCI6Imh0dHBzOlwvXC93d3cubW9tYS1kZXNpZ24uaXRcL3dwLWNvbnRlbnRcL3VwbG9hZHNcLzIwMjVcLzA1XC8xLTY1MHg0NTAtMi5qcGciLCJzbGlkZXNob3ciOiI3OTFhMTNhIn0%3D\">\n\t\t\t\t\t<div class=\"e-gallery-image elementor-gallery-item__image\" data-thumbnail=\"https:\/\/www.moma-design.it\/wp-content\/uploads\/2025\/05\/1-650x450-2.jpg\" data-width=\"650\" data-height=\"450\" aria-label=\"chalet privato a megeve, piano otello module double su mobile su misura in legno abete vintage\" role=\"img\" ><\/div>\n\t\t\t\t\t\t\t\t\t\t\t<div class=\"elementor-gallery-item__overlay\"><\/div>\n\t\t\t\t\t\t\t\t\t\t\t\t\t\t<\/a>\n\t\t\t\t\t\t\t<a class=\"e-gallery-item elementor-gallery-item elementor-animated-content\" href=\"https:\/\/www.moma-design.it\/wp-content\/uploads\/2025\/05\/1-450x450-3.jpg\" data-elementor-open-lightbox=\"yes\" data-elementor-lightbox-slideshow=\"791a13a\" data-elementor-lightbox-title=\"1-450x450\" data-elementor-lightbox-description=\"chalet privato a megeve, piano otello module double su mobile su misura in legno abete vintage\" data-e-action-hash=\"#elementor-action%3Aaction%3Dlightbox%26settings%3DeyJpZCI6NDQzMjIsInVybCI6Imh0dHBzOlwvXC93d3cubW9tYS1kZXNpZ24uaXRcL3dwLWNvbnRlbnRcL3VwbG9hZHNcLzIwMjVcLzA1XC8xLTQ1MHg0NTAtMy5qcGciLCJzbGlkZXNob3ciOiI3OTFhMTNhIn0%3D\">\n\t\t\t\t\t<div class=\"e-gallery-image elementor-gallery-item__image\" data-thumbnail=\"https:\/\/www.moma-design.it\/wp-content\/uploads\/2025\/05\/1-450x450-3.jpg\" data-width=\"450\" data-height=\"450\" aria-label=\"chalet privato a megeve, piano otello module double su mobile su misura in legno abete vintage\" role=\"img\" ><\/div>\n\t\t\t\t\t\t\t\t\t\t\t<div class=\"elementor-gallery-item__overlay\"><\/div>\n\t\t\t\t\t\t\t\t\t\t\t\t\t\t<\/a>\n\t\t\t\t\t\t\t<a class=\"e-gallery-item elementor-gallery-item elementor-animated-content\" href=\"https:\/\/www.moma-design.it\/wp-content\/uploads\/2025\/05\/2-650x450-2.jpg\" data-elementor-open-lightbox=\"yes\" data-elementor-lightbox-slideshow=\"791a13a\" data-elementor-lightbox-title=\"2-650x450\" data-elementor-lightbox-description=\"chalet privato a megeve, piano otello module su mobile su misura in legno abete vintage\" data-e-action-hash=\"#elementor-action%3Aaction%3Dlightbox%26settings%3DeyJpZCI6NDQzMDYsInVybCI6Imh0dHBzOlwvXC93d3cubW9tYS1kZXNpZ24uaXRcL3dwLWNvbnRlbnRcL3VwbG9hZHNcLzIwMjVcLzA1XC8yLTY1MHg0NTAtMi5qcGciLCJzbGlkZXNob3ciOiI3OTFhMTNhIn0%3D\">\n\t\t\t\t\t<div class=\"e-gallery-image elementor-gallery-item__image\" data-thumbnail=\"https:\/\/www.moma-design.it\/wp-content\/uploads\/2025\/05\/2-650x450-2.jpg\" data-width=\"650\" data-height=\"450\" aria-label=\"chalet privato a megeve, piano otello module su mobile su misura in legno abete vintage\" role=\"img\" ><\/div>\n\t\t\t\t\t\t\t\t\t\t\t<div class=\"elementor-gallery-item__overlay\"><\/div>\n\t\t\t\t\t\t\t\t\t\t\t\t\t\t<\/a>\n\t\t\t\t\t\t\t<a class=\"e-gallery-item elementor-gallery-item elementor-animated-content\" href=\"https:\/\/www.moma-design.it\/wp-content\/uploads\/2025\/05\/2-450x450-3.jpg\" data-elementor-open-lightbox=\"yes\" data-elementor-lightbox-slideshow=\"791a13a\" data-elementor-lightbox-title=\"2-450x450\" data-elementor-lightbox-description=\"chalet privato a megeve, piano otello module double su mobile su misura in legno abete vintage\" data-e-action-hash=\"#elementor-action%3Aaction%3Dlightbox%26settings%3DeyJpZCI6NDQzMzAsInVybCI6Imh0dHBzOlwvXC93d3cubW9tYS1kZXNpZ24uaXRcL3dwLWNvbnRlbnRcL3VwbG9hZHNcLzIwMjVcLzA1XC8yLTQ1MHg0NTAtMy5qcGciLCJzbGlkZXNob3ciOiI3OTFhMTNhIn0%3D\">\n\t\t\t\t\t<div class=\"e-gallery-image elementor-gallery-item__image\" data-thumbnail=\"https:\/\/www.moma-design.it\/wp-content\/uploads\/2025\/05\/2-450x450-3.jpg\" data-width=\"450\" data-height=\"450\" aria-label=\"chalet privato a megeve, piano otello module double su mobile su misura in legno abete vintage\" role=\"img\" ><\/div>\n\t\t\t\t\t\t\t\t\t\t\t<div class=\"elementor-gallery-item__overlay\"><\/div>\n\t\t\t\t\t\t\t\t\t\t\t\t\t\t<\/a>\n\t\t\t\t\t\t\t<a class=\"e-gallery-item elementor-gallery-item elementor-animated-content\" href=\"https:\/\/www.moma-design.it\/wp-content\/uploads\/2025\/05\/3-450x450-3.jpg\" data-elementor-open-lightbox=\"yes\" data-elementor-lightbox-slideshow=\"791a13a\" data-elementor-lightbox-title=\"3-450x450\" data-elementor-lightbox-description=\"chalet privato a megeve, piano otello module su mobile su misura in legno abete vintage\" data-e-action-hash=\"#elementor-action%3Aaction%3Dlightbox%26settings%3DeyJpZCI6NDQzMTAsInVybCI6Imh0dHBzOlwvXC93d3cubW9tYS1kZXNpZ24uaXRcL3dwLWNvbnRlbnRcL3VwbG9hZHNcLzIwMjVcLzA1XC8zLTQ1MHg0NTAtMy5qcGciLCJzbGlkZXNob3ciOiI3OTFhMTNhIn0%3D\">\n\t\t\t\t\t<div class=\"e-gallery-image elementor-gallery-item__image\" data-thumbnail=\"https:\/\/www.moma-design.it\/wp-content\/uploads\/2025\/05\/3-450x450-3.jpg\" data-width=\"450\" data-height=\"450\" aria-label=\"chalet privato a megeve, piano otello module su mobile su misura in legno abete vintage\" role=\"img\" ><\/div>\n\t\t\t\t\t\t\t\t\t\t\t<div class=\"elementor-gallery-item__overlay\"><\/div>\n\t\t\t\t\t\t\t\t\t\t\t\t\t\t<\/a>\n\t\t\t\t\t\t\t<a class=\"e-gallery-item elementor-gallery-item elementor-animated-content\" href=\"https:\/\/www.moma-design.it\/wp-content\/uploads\/2025\/05\/3-650x450-2.jpg\" data-elementor-open-lightbox=\"yes\" data-elementor-lightbox-slideshow=\"791a13a\" data-elementor-lightbox-title=\"3-650x450\" data-elementor-lightbox-description=\"chalet privato a megeve, piano otello module su mobile su misura in legno abete vintage\" data-e-action-hash=\"#elementor-action%3Aaction%3Dlightbox%26settings%3DeyJpZCI6NDQzMTQsInVybCI6Imh0dHBzOlwvXC93d3cubW9tYS1kZXNpZ24uaXRcL3dwLWNvbnRlbnRcL3VwbG9hZHNcLzIwMjVcLzA1XC8zLTY1MHg0NTAtMi5qcGciLCJzbGlkZXNob3ciOiI3OTFhMTNhIn0%3D\">\n\t\t\t\t\t<div class=\"e-gallery-image elementor-gallery-item__image\" data-thumbnail=\"https:\/\/www.moma-design.it\/wp-content\/uploads\/2025\/05\/3-650x450-2.jpg\" data-width=\"650\" data-height=\"450\" aria-label=\"chalet privato a megeve, piano otello module su mobile su misura in legno abete vintage\" role=\"img\" ><\/div>\n\t\t\t\t\t\t\t\t\t\t\t<div class=\"elementor-gallery-item__overlay\"><\/div>\n\t\t\t\t\t\t\t\t\t\t\t\t\t\t<\/a>\n\t\t\t\t\t<\/div>\n\t\t\t\t\t<\/div>\n\t\t\t\t<\/div>\n\t\t\t\t\t<\/div>\n\t\t<\/div>\n\t\t\t\t\t<\/div>\n\t\t<\/section>\n\t\t\t\t<\/div>\n\t\t","protected":false},"excerpt":{"rendered":"<p>MOMA Design entwarf die Waschtischplatten und Holzm\u00f6bel f\u00fcr dieses wundersch\u00f6ne Privatchalet in Meg\u00e8ve, im Herzen der franz\u00f6sischen Alpen.<\/p>\n","protected":false},"featured_media":45091,"template":"","meta":{"site-sidebar-layout":"no-sidebar","site-content-layout":"page-builder","ast-site-content-layout":"full-width-container","site-content-style":"default","site-sidebar-style":"default","ast-global-header-display":"","ast-banner-title-visibility":"","ast-main-header-display":"","ast-hfb-above-header-display":"","ast-hfb-below-header-display":"","ast-hfb-mobile-header-display":"","site-post-title":"disabled","ast-breadcrumbs-content":"","ast-featured-img":"disabled","footer-sml-layout":"","ast-disable-related-posts":"","theme-transparent-header-meta":"","adv-header-id-meta":"","stick-header-meta":"","header-above-stick-meta":"","header-main-stick-meta":"","header-below-stick-meta":"","astra-migrate-meta-layouts":"set","ast-page-background-enabled":"default","ast-page-background-meta":{"desktop":{"background-color":"var(--ast-global-color-4)","background-image":"","background-repeat":"repeat","background-position":"center center","background-size":"auto","background-attachment":"scroll","background-type":"","background-media":"","overlay-type":"","overlay-color":"","overlay-opacity":"","overlay-gradient":""},"tablet":{"background-color":"","background-image":"","background-repeat":"repeat","background-position":"center center","background-size":"auto","background-attachment":"scroll","background-type":"","background-media":"","overlay-type":"","overlay-color":"","overlay-opacity":"","overlay-gradient":""},"mobile":{"background-color":"","background-image":"","background-repeat":"repeat","background-position":"center center","background-size":"auto","background-attachment":"scroll","background-type":"","background-media":"","overlay-type":"","overlay-color":"","overlay-opacity":"","overlay-gradient":""}},"ast-content-background-meta":{"desktop":{"background-color":"var(--ast-global-color-5)","background-image":"","background-repeat":"repeat","background-position":"center center","background-size":"auto","background-attachment":"scroll","background-type":"","background-media":"","overlay-type":"","overlay-color":"","overlay-opacity":"","overlay-gradient":""},"tablet":{"background-color":"var(--ast-global-color-5)","background-image":"","background-repeat":"repeat","background-position":"center center","background-size":"auto","background-attachment":"scroll","background-type":"","background-media":"","overlay-type":"","overlay-color":"","overlay-opacity":"","overlay-gradient":""},"mobile":{"background-color":"var(--ast-global-color-5)","background-image":"","background-repeat":"repeat","background-position":"center center","background-size":"auto","background-attachment":"scroll","background-type":"","background-media":"","overlay-type":"","overlay-color":"","overlay-opacity":"","overlay-gradient":""}}},"realizzazione_categoria":[],"class_list":["post-44349","realizzazione","type-realizzazione","status-publish","has-post-thumbnail","hentry"],"yoast_head":"<!-- This site is optimized with the Yoast SEO plugin v26.8 - https:\/\/yoast.com\/product\/yoast-seo-wordpress\/ -->\n<title>Privat Chalet in Meg\u00e8ve | MOMA Design<\/title>\n<meta name=\"description\" content=\"MOMA Design entwarf die Waschtische und Holzm\u00f6bel f\u00fcr dieses wundersch\u00f6ne Privatchalet im Herzen der franz\u00f6sischen Alpen.\" \/>\n<meta name=\"robots\" content=\"index, follow, max-snippet:-1, max-image-preview:large, max-video-preview:-1\" \/>\n<link rel=\"canonical\" href=\"https:\/\/www.moma-design.it\/projekte\/chalet-privato\/\" \/>\n<meta property=\"og:locale\" content=\"de_DE\" \/>\n<meta property=\"og:type\" content=\"article\" \/>\n<meta property=\"og:title\" content=\"Privat Chalet in Meg\u00e8ve | MOMA Design\" \/>\n<meta property=\"og:description\" content=\"MOMA Design entwarf die Waschtische und Holzm\u00f6bel f\u00fcr dieses wundersch\u00f6ne Privatchalet im Herzen der franz\u00f6sischen Alpen.\" \/>\n<meta property=\"og:url\" content=\"https:\/\/www.moma-design.it\/projekte\/chalet-privato\/\" \/>\n<meta property=\"og:site_name\" content=\"MOMA Design\" \/>\n<meta property=\"article:modified_time\" content=\"2025-06-04T08:29:03+00:00\" \/>\n<meta property=\"og:image\" content=\"https:\/\/www.moma-design.it\/wp-content\/uploads\/2025\/06\/550x400-e-fai-targa-bianca_Megeve-3-1024x768.jpg\" \/>\n\t<meta property=\"og:image:width\" content=\"1024\" \/>\n\t<meta property=\"og:image:height\" content=\"768\" \/>\n\t<meta property=\"og:image:type\" content=\"image\/jpeg\" \/>\n<meta name=\"twitter:card\" content=\"summary_large_image\" \/>\n<meta name=\"twitter:label1\" content=\"Gesch\u00e4tzte Lesezeit\" \/>\n\t<meta name=\"twitter:data1\" content=\"2\u00a0Minuten\" \/>\n<script type=\"application\/ld+json\" class=\"yoast-schema-graph\">{\"@context\":\"https:\/\/schema.org\",\"@graph\":[{\"@type\":\"WebPage\",\"@id\":\"https:\/\/www.moma-design.it\/projekte\/chalet-privato\/\",\"url\":\"https:\/\/www.moma-design.it\/projekte\/chalet-privato\/\",\"name\":\"Privat Chalet in Meg\u00e8ve | MOMA Design\",\"isPartOf\":{\"@id\":\"https:\/\/www.moma-design.it\/#website\"},\"primaryImageOfPage\":{\"@id\":\"https:\/\/www.moma-design.it\/projekte\/chalet-privato\/#primaryimage\"},\"image\":{\"@id\":\"https:\/\/www.moma-design.it\/projekte\/chalet-privato\/#primaryimage\"},\"thumbnailUrl\":\"https:\/\/www.moma-design.it\/wp-content\/uploads\/2025\/06\/550x400-e-fai-targa-bianca_Megeve-3.jpg\",\"datePublished\":\"2025-05-19T10:15:18+00:00\",\"dateModified\":\"2025-06-04T08:29:03+00:00\",\"description\":\"MOMA Design entwarf die Waschtische und Holzm\u00f6bel f\u00fcr dieses wundersch\u00f6ne Privatchalet im Herzen der franz\u00f6sischen Alpen.\",\"breadcrumb\":{\"@id\":\"https:\/\/www.moma-design.it\/projekte\/chalet-privato\/#breadcrumb\"},\"inLanguage\":\"de\",\"potentialAction\":[{\"@type\":\"ReadAction\",\"target\":[\"https:\/\/www.moma-design.it\/projekte\/chalet-privato\/\"]}]},{\"@type\":\"ImageObject\",\"inLanguage\":\"de\",\"@id\":\"https:\/\/www.moma-design.it\/projekte\/chalet-privato\/#primaryimage\",\"url\":\"https:\/\/www.moma-design.it\/wp-content\/uploads\/2025\/06\/550x400-e-fai-targa-bianca_Megeve-3.jpg\",\"contentUrl\":\"https:\/\/www.moma-design.it\/wp-content\/uploads\/2025\/06\/550x400-e-fai-targa-bianca_Megeve-3.jpg\",\"width\":1920,\"height\":1440,\"caption\":\"anteprima chalet megeve\"},{\"@type\":\"BreadcrumbList\",\"@id\":\"https:\/\/www.moma-design.it\/projekte\/chalet-privato\/#breadcrumb\",\"itemListElement\":[{\"@type\":\"ListItem\",\"position\":1,\"name\":\"Home\",\"item\":\"https:\/\/www.moma-design.it\/\"},{\"@type\":\"ListItem\",\"position\":2,\"name\":\"Privat Chalet in Meg\u00e8ve\"}]},{\"@type\":\"WebSite\",\"@id\":\"https:\/\/www.moma-design.it\/#website\",\"url\":\"https:\/\/www.moma-design.it\/\",\"name\":\"MOMA Design\",\"description\":\"\",\"publisher\":{\"@id\":\"https:\/\/www.moma-design.it\/#organization\"},\"potentialAction\":[{\"@type\":\"SearchAction\",\"target\":{\"@type\":\"EntryPoint\",\"urlTemplate\":\"https:\/\/www.moma-design.it\/?s={search_term_string}\"},\"query-input\":{\"@type\":\"PropertyValueSpecification\",\"valueRequired\":true,\"valueName\":\"search_term_string\"}}],\"inLanguage\":\"de\"},{\"@type\":\"Organization\",\"@id\":\"https:\/\/www.moma-design.it\/#organization\",\"name\":\"MOMA Design\",\"url\":\"https:\/\/www.moma-design.it\/\",\"logo\":{\"@type\":\"ImageObject\",\"inLanguage\":\"de\",\"@id\":\"https:\/\/www.moma-design.it\/#\/schema\/logo\/image\/\",\"url\":\"https:\/\/www.moma-design.it\/wp-content\/uploads\/2023\/07\/Logotipo-bianco-Moma-Design.png\",\"contentUrl\":\"https:\/\/www.moma-design.it\/wp-content\/uploads\/2023\/07\/Logotipo-bianco-Moma-Design.png\",\"width\":250,\"height\":150,\"caption\":\"MOMA Design\"},\"image\":{\"@id\":\"https:\/\/www.moma-design.it\/#\/schema\/logo\/image\/\"}}]}<\/script>\n<!-- \/ Yoast SEO plugin. -->","yoast_head_json":{"title":"Privat Chalet in Meg\u00e8ve | MOMA Design","description":"MOMA Design entwarf die Waschtische und Holzm\u00f6bel f\u00fcr dieses wundersch\u00f6ne Privatchalet im Herzen der franz\u00f6sischen Alpen.","robots":{"index":"index","follow":"follow","max-snippet":"max-snippet:-1","max-image-preview":"max-image-preview:large","max-video-preview":"max-video-preview:-1"},"canonical":"https:\/\/www.moma-design.it\/projekte\/chalet-privato\/","og_locale":"de_DE","og_type":"article","og_title":"Privat Chalet in Meg\u00e8ve | MOMA Design","og_description":"MOMA Design entwarf die Waschtische und Holzm\u00f6bel f\u00fcr dieses wundersch\u00f6ne Privatchalet im Herzen der franz\u00f6sischen Alpen.","og_url":"https:\/\/www.moma-design.it\/projekte\/chalet-privato\/","og_site_name":"MOMA Design","article_modified_time":"2025-06-04T08:29:03+00:00","og_image":[{"width":1024,"height":768,"url":"https:\/\/www.moma-design.it\/wp-content\/uploads\/2025\/06\/550x400-e-fai-targa-bianca_Megeve-3-1024x768.jpg","type":"image\/jpeg"}],"twitter_card":"summary_large_image","twitter_misc":{"Gesch\u00e4tzte Lesezeit":"2\u00a0Minuten"},"schema":{"@context":"https:\/\/schema.org","@graph":[{"@type":"WebPage","@id":"https:\/\/www.moma-design.it\/projekte\/chalet-privato\/","url":"https:\/\/www.moma-design.it\/projekte\/chalet-privato\/","name":"Privat Chalet in Meg\u00e8ve | MOMA Design","isPartOf":{"@id":"https:\/\/www.moma-design.it\/#website"},"primaryImageOfPage":{"@id":"https:\/\/www.moma-design.it\/projekte\/chalet-privato\/#primaryimage"},"image":{"@id":"https:\/\/www.moma-design.it\/projekte\/chalet-privato\/#primaryimage"},"thumbnailUrl":"https:\/\/www.moma-design.it\/wp-content\/uploads\/2025\/06\/550x400-e-fai-targa-bianca_Megeve-3.jpg","datePublished":"2025-05-19T10:15:18+00:00","dateModified":"2025-06-04T08:29:03+00:00","description":"MOMA Design entwarf die Waschtische und Holzm\u00f6bel f\u00fcr dieses wundersch\u00f6ne Privatchalet im Herzen der franz\u00f6sischen Alpen.","breadcrumb":{"@id":"https:\/\/www.moma-design.it\/projekte\/chalet-privato\/#breadcrumb"},"inLanguage":"de","potentialAction":[{"@type":"ReadAction","target":["https:\/\/www.moma-design.it\/projekte\/chalet-privato\/"]}]},{"@type":"ImageObject","inLanguage":"de","@id":"https:\/\/www.moma-design.it\/projekte\/chalet-privato\/#primaryimage","url":"https:\/\/www.moma-design.it\/wp-content\/uploads\/2025\/06\/550x400-e-fai-targa-bianca_Megeve-3.jpg","contentUrl":"https:\/\/www.moma-design.it\/wp-content\/uploads\/2025\/06\/550x400-e-fai-targa-bianca_Megeve-3.jpg","width":1920,"height":1440,"caption":"anteprima chalet megeve"},{"@type":"BreadcrumbList","@id":"https:\/\/www.moma-design.it\/projekte\/chalet-privato\/#breadcrumb","itemListElement":[{"@type":"ListItem","position":1,"name":"Home","item":"https:\/\/www.moma-design.it\/"},{"@type":"ListItem","position":2,"name":"Privat Chalet in Meg\u00e8ve"}]},{"@type":"WebSite","@id":"https:\/\/www.moma-design.it\/#website","url":"https:\/\/www.moma-design.it\/","name":"MOMA Design","description":"","publisher":{"@id":"https:\/\/www.moma-design.it\/#organization"},"potentialAction":[{"@type":"SearchAction","target":{"@type":"EntryPoint","urlTemplate":"https:\/\/www.moma-design.it\/?s={search_term_string}"},"query-input":{"@type":"PropertyValueSpecification","valueRequired":true,"valueName":"search_term_string"}}],"inLanguage":"de"},{"@type":"Organization","@id":"https:\/\/www.moma-design.it\/#organization","name":"MOMA Design","url":"https:\/\/www.moma-design.it\/","logo":{"@type":"ImageObject","inLanguage":"de","@id":"https:\/\/www.moma-design.it\/#\/schema\/logo\/image\/","url":"https:\/\/www.moma-design.it\/wp-content\/uploads\/2023\/07\/Logotipo-bianco-Moma-Design.png","contentUrl":"https:\/\/www.moma-design.it\/wp-content\/uploads\/2023\/07\/Logotipo-bianco-Moma-Design.png","width":250,"height":150,"caption":"MOMA Design"},"image":{"@id":"https:\/\/www.moma-design.it\/#\/schema\/logo\/image\/"}}]}},"_links":{"self":[{"href":"https:\/\/www.moma-design.it\/de\/wp-json\/wp\/v2\/realizzazione\/44349","targetHints":{"allow":["GET"]}}],"collection":[{"href":"https:\/\/www.moma-design.it\/de\/wp-json\/wp\/v2\/realizzazione"}],"about":[{"href":"https:\/\/www.moma-design.it\/de\/wp-json\/wp\/v2\/types\/realizzazione"}],"version-history":[{"count":2,"href":"https:\/\/www.moma-design.it\/de\/wp-json\/wp\/v2\/realizzazione\/44349\/revisions"}],"predecessor-version":[{"id":45274,"href":"https:\/\/www.moma-design.it\/de\/wp-json\/wp\/v2\/realizzazione\/44349\/revisions\/45274"}],"wp:featuredmedia":[{"embeddable":true,"href":"https:\/\/www.moma-design.it\/de\/wp-json\/wp\/v2\/media\/45091"}],"wp:attachment":[{"href":"https:\/\/www.moma-design.it\/de\/wp-json\/wp\/v2\/media?parent=44349"}],"wp:term":[{"taxonomy":"realizzazione_categoria","embeddable":true,"href":"https:\/\/www.moma-design.it\/de\/wp-json\/wp\/v2\/realizzazione_categoria?post=44349"}],"curies":[{"name":"wp","href":"https:\/\/api.w.org\/{rel}","templated":true}]}}