{"id":34917,"date":"2023-04-12T16:30:49","date_gmt":"2023-04-12T14:30:49","guid":{"rendered":"https:\/\/www.moma-design.it\/realizzazione\/private-villa-in-der-bretagne-frankreich\/"},"modified":"2024-11-22T10:02:39","modified_gmt":"2024-11-22T09:02:39","slug":"private-villa-in-der-bretagne-frankreich","status":"publish","type":"realizzazione","link":"https:\/\/www.moma-design.it\/de\/projekte\/private-villa-in-der-bretagne-frankreich\/","title":{"rendered":"Private Villa in der Bretagne, Frankreich"},"content":{"rendered":"\t\t<div data-elementor-type=\"wp-post\" data-elementor-id=\"34917\" class=\"elementor elementor-34917 elementor-3294\" data-elementor-post-type=\"realizzazione\">\n\t\t\t\t\t\t<section class=\"elementor-section elementor-top-section elementor-element elementor-element-bec8491 elementor-section-height-min-height elementor-section-items-bottom elementor-section-boxed elementor-section-height-default wpr-particle-no wpr-jarallax-no wpr-parallax-no wpr-sticky-section-no\" data-id=\"bec8491\" data-element_type=\"section\" data-settings=\"{&quot;background_background&quot;:&quot;classic&quot;}\">\n\t\t\t\t\t\t\t<div class=\"elementor-background-overlay\"><\/div>\n\t\t\t\t\t\t\t<div class=\"elementor-container elementor-column-gap-default\">\n\t\t\t\t\t<div class=\"elementor-column elementor-col-100 elementor-top-column elementor-element elementor-element-062d6e3 elementor-invisible\" data-id=\"062d6e3\" data-element_type=\"column\" data-settings=\"{&quot;animation&quot;:&quot;fadeInUp&quot;}\">\n\t\t\t<div class=\"elementor-widget-wrap elementor-element-populated\">\n\t\t\t\t\t\t<div class=\"elementor-element elementor-element-7eee118 elementor-widget elementor-widget-heading\" data-id=\"7eee118\" data-element_type=\"widget\" data-widget_type=\"heading.default\">\n\t\t\t\t<div class=\"elementor-widget-container\">\n\t\t\t\t\t<h1 class=\"elementor-heading-title elementor-size-default\">Private Villa in der Bretagne, Frankreich<\/h1>\t\t\t\t<\/div>\n\t\t\t\t<\/div>\n\t\t\t\t<div class=\"elementor-element elementor-element-c01e0b7 elementor-widget elementor-widget-heading\" data-id=\"c01e0b7\" data-element_type=\"widget\" data-widget_type=\"heading.default\">\n\t\t\t\t<div class=\"elementor-widget-container\">\n\t\t\t\t\t<h3 class=\"elementor-heading-title elementor-size-default\">Badezimmer-Projekte von MOMA Design<\/h3>\t\t\t\t<\/div>\n\t\t\t\t<\/div>\n\t\t\t\t\t<\/div>\n\t\t<\/div>\n\t\t\t\t\t<\/div>\n\t\t<\/section>\n\t\t\t\t<section class=\"elementor-section elementor-top-section elementor-element elementor-element-f9d882d elementor-section-boxed elementor-section-height-default elementor-section-height-default wpr-particle-no wpr-jarallax-no wpr-parallax-no wpr-sticky-section-no\" data-id=\"f9d882d\" data-element_type=\"section\">\n\t\t\t\t\t\t<div class=\"elementor-container elementor-column-gap-default\">\n\t\t\t\t\t<div class=\"elementor-column elementor-col-100 elementor-top-column elementor-element elementor-element-fe3966a\" data-id=\"fe3966a\" data-element_type=\"column\">\n\t\t\t<div class=\"elementor-widget-wrap elementor-element-populated\">\n\t\t\t\t\t\t<div class=\"elementor-element elementor-element-5b8b56b elementor-widget elementor-widget-text-editor\" data-id=\"5b8b56b\" data-element_type=\"widget\" data-widget_type=\"text-editor.default\">\n\t\t\t\t<div class=\"elementor-widget-container\">\n\t\t\t\t\t\t\t\t\t<p>2019 wurde <strong>MOMA Design<\/strong> ausgew\u00e4hlt, um die B\u00e4der einer wundersch\u00f6nen renovierten historischen Villa komplett einzurichten.<\/p>\n<p>Der gew\u00e4hlte Stil ist ein elegantes &#8222;totales Wei\u00df&#8220;, das sich in der Badewanne, den Duschen, den Deckenduschk\u00f6pfen, den Waschtischschr\u00e4nken und der Coiffeuse, dem Schminkschrank mit integrierten LEDs fortsetzt.<\/p>\n<p>Jedes Produkt wurde gemeinsam mit dem Kunden am Schreibtisch studiert &#8211; ein vollkommen ma\u00dfgeschneidertes Projekt, das auf die Bed\u00fcrfnisse und den Geschmack des Kunden abgestimmt ist.<\/p>\n\t\t\t\t\t\t\t\t<\/div>\n\t\t\t\t<\/div>\n\t\t\t\t\t<\/div>\n\t\t<\/div>\n\t\t\t\t\t<\/div>\n\t\t<\/section>\n\t\t\t\t<section class=\"elementor-section elementor-top-section elementor-element elementor-element-28f97be elementor-section-boxed elementor-section-height-default elementor-section-height-default wpr-particle-no wpr-jarallax-no wpr-parallax-no wpr-sticky-section-no\" data-id=\"28f97be\" data-element_type=\"section\">\n\t\t\t\t\t\t<div class=\"elementor-container elementor-column-gap-default\">\n\t\t\t\t\t<div class=\"elementor-column elementor-col-100 elementor-top-column elementor-element elementor-element-aa3eb80\" data-id=\"aa3eb80\" data-element_type=\"column\">\n\t\t\t<div class=\"elementor-widget-wrap elementor-element-populated\">\n\t\t\t\t\t\t<div class=\"elementor-element elementor-element-82d0280 elementor-widget elementor-widget-gallery\" data-id=\"82d0280\" data-element_type=\"widget\" data-settings=\"{&quot;gallery_layout&quot;:&quot;masonry&quot;,&quot;columns&quot;:2,&quot;lazyload&quot;:&quot;yes&quot;,&quot;columns_tablet&quot;:2,&quot;columns_mobile&quot;:1,&quot;gap&quot;:{&quot;unit&quot;:&quot;px&quot;,&quot;size&quot;:10,&quot;sizes&quot;:[]},&quot;gap_tablet&quot;:{&quot;unit&quot;:&quot;px&quot;,&quot;size&quot;:10,&quot;sizes&quot;:[]},&quot;gap_mobile&quot;:{&quot;unit&quot;:&quot;px&quot;,&quot;size&quot;:10,&quot;sizes&quot;:[]},&quot;link_to&quot;:&quot;file&quot;,&quot;overlay_background&quot;:&quot;yes&quot;,&quot;content_hover_animation&quot;:&quot;fade-in&quot;}\" data-widget_type=\"gallery.default\">\n\t\t\t\t<div class=\"elementor-widget-container\">\n\t\t\t\t\t\t\t<div class=\"elementor-gallery__container\">\n\t\t\t\t\t\t\t<a class=\"e-gallery-item elementor-gallery-item elementor-animated-content\" href=\"https:\/\/www.moma-design.it\/wp-content\/uploads\/2023\/04\/MOMA-Design-realizza-il-bagno-per-la-Villa-privata-in-Francia.jpg\" data-elementor-open-lightbox=\"yes\" data-elementor-lightbox-slideshow=\"82d0280\" data-elementor-lightbox-title=\"Realizzazione bagno per villa privata in Bretagna\" data-elementor-lightbox-description=\"MOMA Design Bagno\" data-e-action-hash=\"#elementor-action%3Aaction%3Dlightbox%26settings%3DeyJpZCI6MjEyMTYsInVybCI6Imh0dHBzOlwvXC93d3cubW9tYS1kZXNpZ24uaXRcL3dwLWNvbnRlbnRcL3VwbG9hZHNcLzIwMjNcLzA0XC9NT01BLURlc2lnbi1yZWFsaXp6YS1pbC1iYWduby1wZXItbGEtVmlsbGEtcHJpdmF0YS1pbi1GcmFuY2lhLmpwZyIsInNsaWRlc2hvdyI6IjgyZDAyODAifQ%3D%3D\">\n\t\t\t\t\t<div class=\"e-gallery-image elementor-gallery-item__image\" data-thumbnail=\"https:\/\/www.moma-design.it\/wp-content\/uploads\/2023\/04\/MOMA-Design-realizza-il-bagno-per-la-Villa-privata-in-Francia.jpg\" data-width=\"450\" data-height=\"450\" aria-label=\"\" role=\"img\" ><\/div>\n\t\t\t\t\t\t\t\t\t\t\t<div class=\"elementor-gallery-item__overlay\"><\/div>\n\t\t\t\t\t\t\t\t\t\t\t\t\t\t<\/a>\n\t\t\t\t\t\t\t<a class=\"e-gallery-item elementor-gallery-item elementor-animated-content\" href=\"https:\/\/www.moma-design.it\/wp-content\/uploads\/2023\/04\/MOMA-Design-realizza-il-bagno-per-la-Villa-privata-in-Bretagna-Francia.jpg\" data-elementor-open-lightbox=\"yes\" data-elementor-lightbox-slideshow=\"82d0280\" data-elementor-lightbox-title=\"Realizzazione bagno per villa privata in Bretagna\" data-elementor-lightbox-description=\"MOMA Design Bagno\" data-e-action-hash=\"#elementor-action%3Aaction%3Dlightbox%26settings%3DeyJpZCI6MjEyMTIsInVybCI6Imh0dHBzOlwvXC93d3cubW9tYS1kZXNpZ24uaXRcL3dwLWNvbnRlbnRcL3VwbG9hZHNcLzIwMjNcLzA0XC9NT01BLURlc2lnbi1yZWFsaXp6YS1pbC1iYWduby1wZXItbGEtVmlsbGEtcHJpdmF0YS1pbi1CcmV0YWduYS1GcmFuY2lhLmpwZyIsInNsaWRlc2hvdyI6IjgyZDAyODAifQ%3D%3D\">\n\t\t\t\t\t<div class=\"e-gallery-image elementor-gallery-item__image\" data-thumbnail=\"https:\/\/www.moma-design.it\/wp-content\/uploads\/2023\/04\/MOMA-Design-realizza-il-bagno-per-la-Villa-privata-in-Bretagna-Francia.jpg\" data-width=\"650\" data-height=\"450\" aria-label=\"\" role=\"img\" ><\/div>\n\t\t\t\t\t\t\t\t\t\t\t<div class=\"elementor-gallery-item__overlay\"><\/div>\n\t\t\t\t\t\t\t\t\t\t\t\t\t\t<\/a>\n\t\t\t\t\t\t\t<a class=\"e-gallery-item elementor-gallery-item elementor-animated-content\" href=\"https:\/\/www.moma-design.it\/wp-content\/uploads\/2023\/04\/MOMA-Design-realizza-il-bagno-per-la-Villa-privata-in-Bretagna.jpg\" data-elementor-open-lightbox=\"yes\" data-elementor-lightbox-slideshow=\"82d0280\" data-elementor-lightbox-title=\"Realizzazione bagno per villa privata in Bretagna\" data-elementor-lightbox-description=\"MOMA Design Bagno\" data-e-action-hash=\"#elementor-action%3Aaction%3Dlightbox%26settings%3DeyJpZCI6MjEyMTQsInVybCI6Imh0dHBzOlwvXC93d3cubW9tYS1kZXNpZ24uaXRcL3dwLWNvbnRlbnRcL3VwbG9hZHNcLzIwMjNcLzA0XC9NT01BLURlc2lnbi1yZWFsaXp6YS1pbC1iYWduby1wZXItbGEtVmlsbGEtcHJpdmF0YS1pbi1CcmV0YWduYS5qcGciLCJzbGlkZXNob3ciOiI4MmQwMjgwIn0%3D\">\n\t\t\t\t\t<div class=\"e-gallery-image elementor-gallery-item__image\" data-thumbnail=\"https:\/\/www.moma-design.it\/wp-content\/uploads\/2023\/04\/MOMA-Design-realizza-il-bagno-per-la-Villa-privata-in-Bretagna.jpg\" data-width=\"450\" data-height=\"450\" aria-label=\"\" role=\"img\" ><\/div>\n\t\t\t\t\t\t\t\t\t\t\t<div class=\"elementor-gallery-item__overlay\"><\/div>\n\t\t\t\t\t\t\t\t\t\t\t\t\t\t<\/a>\n\t\t\t\t\t\t\t<a class=\"e-gallery-item elementor-gallery-item elementor-animated-content\" href=\"https:\/\/www.moma-design.it\/wp-content\/uploads\/2023\/04\/MOMA-Design-bagno-per-Villa-privata-in-Bretagna.jpg\" data-elementor-open-lightbox=\"yes\" data-elementor-lightbox-slideshow=\"82d0280\" data-elementor-lightbox-title=\"Realizzazione bagno per villa privata in Bretagna\" data-elementor-lightbox-description=\"MOMA Design Bagno\" data-e-action-hash=\"#elementor-action%3Aaction%3Dlightbox%26settings%3DeyJpZCI6MjEyMTAsInVybCI6Imh0dHBzOlwvXC93d3cubW9tYS1kZXNpZ24uaXRcL3dwLWNvbnRlbnRcL3VwbG9hZHNcLzIwMjNcLzA0XC9NT01BLURlc2lnbi1iYWduby1wZXItVmlsbGEtcHJpdmF0YS1pbi1CcmV0YWduYS5qcGciLCJzbGlkZXNob3ciOiI4MmQwMjgwIn0%3D\">\n\t\t\t\t\t<div class=\"e-gallery-image elementor-gallery-item__image\" data-thumbnail=\"https:\/\/www.moma-design.it\/wp-content\/uploads\/2023\/04\/MOMA-Design-bagno-per-Villa-privata-in-Bretagna.jpg\" data-width=\"650\" data-height=\"450\" aria-label=\"\" role=\"img\" ><\/div>\n\t\t\t\t\t\t\t\t\t\t\t<div class=\"elementor-gallery-item__overlay\"><\/div>\n\t\t\t\t\t\t\t\t\t\t\t\t\t\t<\/a>\n\t\t\t\t\t\t\t<a class=\"e-gallery-item elementor-gallery-item elementor-animated-content\" href=\"https:\/\/www.moma-design.it\/wp-content\/uploads\/2023\/04\/MOMA-Design-bagno-per-Villa-privata-in-Bretagna-Francia.jpg\" data-elementor-open-lightbox=\"yes\" data-elementor-lightbox-slideshow=\"82d0280\" data-elementor-lightbox-title=\"Realizzazione bagno per villa privata in Bretagna\" data-elementor-lightbox-description=\"MOMA Design Bagno\" data-e-action-hash=\"#elementor-action%3Aaction%3Dlightbox%26settings%3DeyJpZCI6MjEyMDgsInVybCI6Imh0dHBzOlwvXC93d3cubW9tYS1kZXNpZ24uaXRcL3dwLWNvbnRlbnRcL3VwbG9hZHNcLzIwMjNcLzA0XC9NT01BLURlc2lnbi1iYWduby1wZXItVmlsbGEtcHJpdmF0YS1pbi1CcmV0YWduYS1GcmFuY2lhLmpwZyIsInNsaWRlc2hvdyI6IjgyZDAyODAifQ%3D%3D\">\n\t\t\t\t\t<div class=\"e-gallery-image elementor-gallery-item__image\" data-thumbnail=\"https:\/\/www.moma-design.it\/wp-content\/uploads\/2023\/04\/MOMA-Design-bagno-per-Villa-privata-in-Bretagna-Francia.jpg\" data-width=\"650\" data-height=\"450\" aria-label=\"\" role=\"img\" ><\/div>\n\t\t\t\t\t\t\t\t\t\t\t<div class=\"elementor-gallery-item__overlay\"><\/div>\n\t\t\t\t\t\t\t\t\t\t\t\t\t\t<\/a>\n\t\t\t\t\t<\/div>\n\t\t\t\t\t<\/div>\n\t\t\t\t<\/div>\n\t\t\t\t\t<\/div>\n\t\t<\/div>\n\t\t\t\t\t<\/div>\n\t\t<\/section>\n\t\t\t\t<section class=\"elementor-section elementor-top-section elementor-element elementor-element-e4313e2 elementor-section-full_width elementor-hidden-desktop elementor-hidden-tablet elementor-hidden-mobile elementor-section-height-default elementor-section-height-default wpr-particle-no wpr-jarallax-no wpr-parallax-no wpr-sticky-section-no\" data-id=\"e4313e2\" data-element_type=\"section\" data-settings=\"{&quot;background_background&quot;:&quot;classic&quot;}\">\n\t\t\t\t\t\t<div class=\"elementor-container elementor-column-gap-default\">\n\t\t\t\t\t<div class=\"elementor-column elementor-col-100 elementor-top-column elementor-element elementor-element-b3c2604\" data-id=\"b3c2604\" data-element_type=\"column\">\n\t\t\t<div class=\"elementor-widget-wrap elementor-element-populated\">\n\t\t\t\t\t\t<div class=\"elementor-element elementor-element-e91def7 elementor-widget elementor-widget-heading\" data-id=\"e91def7\" data-element_type=\"widget\" data-widget_type=\"heading.default\">\n\t\t\t\t<div class=\"elementor-widget-container\">\n\t\t\t\t\t<h2 class=\"elementor-heading-title elementor-size-default\">MOMA DESIGN PRODUKTE, DIE BEI DIESER REALISIERUNG VERWENDET WURDEN<\/h2>\t\t\t\t<\/div>\n\t\t\t\t<\/div>\n\t\t\t\t<div class=\"elementor-element elementor-element-7700545 elementor-widget elementor-widget-heading\" data-id=\"7700545\" data-element_type=\"widget\" data-widget_type=\"heading.default\">\n\t\t\t\t<div class=\"elementor-widget-container\">\n\t\t\t\t\t<h3 class=\"elementor-heading-title elementor-size-default\">Details machen Perfektion aus, und Perfektion ist kein Detail.<\/h3>\t\t\t\t<\/div>\n\t\t\t\t<\/div>\n\t\t\t\t<div class=\"elementor-element elementor-element-101adf1 elementor-grid-5 elementor-product-loop-item--align-center elementor-grid-tablet-3 elementor-grid-mobile-2 elementor-products-grid elementor-wc-products elementor-widget elementor-widget-woocommerce-products\" data-id=\"101adf1\" data-element_type=\"widget\" data-widget_type=\"woocommerce-products.default\">\n\t\t\t\t<div class=\"elementor-widget-container\">\n\t\t\t\t\t<div class=\"woocommerce columns-5 \"><ul class=\"products elementor-grid columns-5\">\n<li class=\"desktop-align-left tablet-align-left mobile-align-left product type-product post-37090 status-publish first instock product_cat-badewannen product_cat-freistehende-badewannen has-post-thumbnail shipping-taxable product-type-simple\">\n\t<a href=\"https:\/\/www.moma-design.it\/de\/produkt\/chaise-longue-rive-gauche\/\" class=\"woocommerce-LoopProduct-link woocommerce-loop-product__link\"><img fetchpriority=\"high\" decoding=\"async\" width=\"300\" height=\"400\" src=\"https:\/\/www.moma-design.it\/wp-content\/uploads\/2023\/01\/Vasca-chaise-longue-rive-gauche-in-White-Stonage-di-Moma-Design-300x400.jpg\" class=\"attachment-woocommerce_thumbnail size-woocommerce_thumbnail\" alt=\"Chaise Longue Rive Gauche Badewanne, eine elegante und raffinierte L\u00f6sung, um das Badezimmer zu einem angenehmen und entspannenden Ort zu machen\" srcset=\"https:\/\/www.moma-design.it\/wp-content\/uploads\/2023\/01\/Vasca-chaise-longue-rive-gauche-in-White-Stonage-di-Moma-Design-300x400.jpg 300w, https:\/\/www.moma-design.it\/wp-content\/uploads\/2023\/01\/Vasca-chaise-longue-rive-gauche-in-White-Stonage-di-Moma-Design-225x300.jpg 225w, https:\/\/www.moma-design.it\/wp-content\/uploads\/2023\/01\/Vasca-chaise-longue-rive-gauche-in-White-Stonage-di-Moma-Design.jpg 450w\" sizes=\"(max-width: 300px) 100vw, 300px\" \/><h2 class=\"woocommerce-loop-product__title\">Chaise Longue Rive Gauche<\/h2>\n<\/a><a href=\"https:\/\/www.moma-design.it\/de\/produkt\/chaise-longue-rive-gauche\/\" aria-describedby=\"woocommerce_loop_add_to_cart_link_describedby_37090\" data-quantity=\"1\" class=\"button product_type_simple\" data-product_id=\"37090\" data-product_sku=\"\" aria-label=\"Lese mehr \u00fcber &#8222;Chaise Longue Rive Gauche&#8220;\" rel=\"nofollow\" data-success_message=\"\">Weiterlesen<\/a>\t<span id=\"woocommerce_loop_add_to_cart_link_describedby_37090\" class=\"screen-reader-text\">\n\t\t\t<\/span>\n<\/li>\n<\/ul>\n<\/div>\t\t\t\t<\/div>\n\t\t\t\t<\/div>\n\t\t\t\t\t<\/div>\n\t\t<\/div>\n\t\t\t\t\t<\/div>\n\t\t<\/section>\n\t\t\t\t<\/div>\n\t\t","protected":false},"excerpt":{"rendered":"<p>2019 wurde MOMA Design ausgew\u00e4hlt, um die B\u00e4der einer wundersch\u00f6nen, von innen renovierten historischen Villa komplett einzurichten.<\/p>\n","protected":false},"featured_media":35190,"template":"elementor_header_footer","meta":{"site-sidebar-layout":"no-sidebar","site-content-layout":"page-builder","ast-site-content-layout":"default","site-content-style":"default","site-sidebar-style":"default","ast-global-header-display":"","ast-banner-title-visibility":"","ast-main-header-display":"","ast-hfb-above-header-display":"","ast-hfb-below-header-display":"","ast-hfb-mobile-header-display":"","site-post-title":"disabled","ast-breadcrumbs-content":"","ast-featured-img":"disabled","footer-sml-layout":"","ast-disable-related-posts":"","theme-transparent-header-meta":"","adv-header-id-meta":"","stick-header-meta":"","header-above-stick-meta":"","header-main-stick-meta":"","header-below-stick-meta":"","astra-migrate-meta-layouts":"default","ast-page-background-enabled":"default","ast-page-background-meta":{"desktop":{"background-color":"var(--ast-global-color-4)","background-image":"","background-repeat":"repeat","background-position":"center center","background-size":"auto","background-attachment":"scroll","background-type":"","background-media":"","overlay-type":"","overlay-color":"","overlay-opacity":"","overlay-gradient":""},"tablet":{"background-color":"","background-image":"","background-repeat":"repeat","background-position":"center center","background-size":"auto","background-attachment":"scroll","background-type":"","background-media":"","overlay-type":"","overlay-color":"","overlay-opacity":"","overlay-gradient":""},"mobile":{"background-color":"","background-image":"","background-repeat":"repeat","background-position":"center center","background-size":"auto","background-attachment":"scroll","background-type":"","background-media":"","overlay-type":"","overlay-color":"","overlay-opacity":"","overlay-gradient":""}},"ast-content-background-meta":{"desktop":{"background-color":"var(--ast-global-color-5)","background-image":"","background-repeat":"repeat","background-position":"center center","background-size":"auto","background-attachment":"scroll","background-type":"","background-media":"","overlay-type":"","overlay-color":"","overlay-opacity":"","overlay-gradient":""},"tablet":{"background-color":"var(--ast-global-color-5)","background-image":"","background-repeat":"repeat","background-position":"center center","background-size":"auto","background-attachment":"scroll","background-type":"","background-media":"","overlay-type":"","overlay-color":"","overlay-opacity":"","overlay-gradient":""},"mobile":{"background-color":"var(--ast-global-color-5)","background-image":"","background-repeat":"repeat","background-position":"center center","background-size":"auto","background-attachment":"scroll","background-type":"","background-media":"","overlay-type":"","overlay-color":"","overlay-opacity":"","overlay-gradient":""}}},"realizzazione_categoria":[],"class_list":["post-34917","realizzazione","type-realizzazione","status-publish","has-post-thumbnail","hentry"],"yoast_head":"<!-- This site is optimized with the Yoast SEO plugin v26.8 - https:\/\/yoast.com\/product\/yoast-seo-wordpress\/ -->\n<title>Private Villa in der Bretagne, Frankreich | MOMA Design<\/title>\n<meta name=\"description\" content=\"2019 wurde MOMA Design ausgew\u00e4hlt, um die B\u00e4der einer wundersch\u00f6nen, von innen renovierten historischen Villa komplett einzurichten.\" \/>\n<meta name=\"robots\" content=\"index, follow, max-snippet:-1, max-image-preview:large, max-video-preview:-1\" \/>\n<link rel=\"canonical\" href=\"https:\/\/www.moma-design.it\/projekte\/villa-privata-in-bretagna-francia\/\" \/>\n<meta property=\"og:locale\" content=\"de_DE\" \/>\n<meta property=\"og:type\" content=\"article\" \/>\n<meta property=\"og:title\" content=\"Private Villa in der Bretagne, Frankreich | MOMA Design\" \/>\n<meta property=\"og:description\" content=\"2019 wurde MOMA Design ausgew\u00e4hlt, um die B\u00e4der einer wundersch\u00f6nen, von innen renovierten historischen Villa komplett einzurichten.\" \/>\n<meta property=\"og:url\" content=\"https:\/\/www.moma-design.it\/projekte\/villa-privata-in-bretagna-francia\/\" \/>\n<meta property=\"og:site_name\" content=\"MOMA Design\" \/>\n<meta property=\"article:modified_time\" content=\"2024-11-22T09:02:39+00:00\" \/>\n<meta property=\"og:image\" content=\"https:\/\/www.moma-design.it\/wp-content\/uploads\/2023\/04\/villa-saint-gregoire.jpg\" \/>\n\t<meta property=\"og:image:width\" content=\"550\" \/>\n\t<meta property=\"og:image:height\" content=\"400\" \/>\n\t<meta property=\"og:image:type\" content=\"image\/jpeg\" \/>\n<meta name=\"twitter:card\" content=\"summary_large_image\" \/>\n<meta name=\"twitter:label1\" content=\"Gesch\u00e4tzte Lesezeit\" \/>\n\t<meta name=\"twitter:data1\" content=\"1\u00a0Minute\" \/>\n<script type=\"application\/ld+json\" class=\"yoast-schema-graph\">{\"@context\":\"https:\/\/schema.org\",\"@graph\":[{\"@type\":\"WebPage\",\"@id\":\"https:\/\/www.moma-design.it\/projekte\/villa-privata-in-bretagna-francia\/\",\"url\":\"https:\/\/www.moma-design.it\/projekte\/villa-privata-in-bretagna-francia\/\",\"name\":\"Private Villa in der Bretagne, Frankreich | MOMA Design\",\"isPartOf\":{\"@id\":\"https:\/\/www.moma-design.it\/#website\"},\"primaryImageOfPage\":{\"@id\":\"https:\/\/www.moma-design.it\/projekte\/villa-privata-in-bretagna-francia\/#primaryimage\"},\"image\":{\"@id\":\"https:\/\/www.moma-design.it\/projekte\/villa-privata-in-bretagna-francia\/#primaryimage\"},\"thumbnailUrl\":\"https:\/\/www.moma-design.it\/wp-content\/uploads\/2023\/04\/villa-saint-gregoire.jpg\",\"datePublished\":\"2023-04-12T14:30:49+00:00\",\"dateModified\":\"2024-11-22T09:02:39+00:00\",\"description\":\"2019 wurde MOMA Design ausgew\u00e4hlt, um die B\u00e4der einer wundersch\u00f6nen, von innen renovierten historischen Villa komplett einzurichten.\",\"breadcrumb\":{\"@id\":\"https:\/\/www.moma-design.it\/projekte\/villa-privata-in-bretagna-francia\/#breadcrumb\"},\"inLanguage\":\"de\",\"potentialAction\":[{\"@type\":\"ReadAction\",\"target\":[\"https:\/\/www.moma-design.it\/projekte\/villa-privata-in-bretagna-francia\/\"]}]},{\"@type\":\"ImageObject\",\"inLanguage\":\"de\",\"@id\":\"https:\/\/www.moma-design.it\/projekte\/villa-privata-in-bretagna-francia\/#primaryimage\",\"url\":\"https:\/\/www.moma-design.it\/wp-content\/uploads\/2023\/04\/villa-saint-gregoire.jpg\",\"contentUrl\":\"https:\/\/www.moma-design.it\/wp-content\/uploads\/2023\/04\/villa-saint-gregoire.jpg\",\"width\":550,\"height\":400,\"caption\":\"realizzazione MOMA Design Villa Bretagna\"},{\"@type\":\"BreadcrumbList\",\"@id\":\"https:\/\/www.moma-design.it\/projekte\/villa-privata-in-bretagna-francia\/#breadcrumb\",\"itemListElement\":[{\"@type\":\"ListItem\",\"position\":1,\"name\":\"Home\",\"item\":\"https:\/\/www.moma-design.it\/\"},{\"@type\":\"ListItem\",\"position\":2,\"name\":\"Private Villa in der Bretagne, Frankreich\"}]},{\"@type\":\"WebSite\",\"@id\":\"https:\/\/www.moma-design.it\/#website\",\"url\":\"https:\/\/www.moma-design.it\/\",\"name\":\"MOMA Design\",\"description\":\"\",\"publisher\":{\"@id\":\"https:\/\/www.moma-design.it\/#organization\"},\"potentialAction\":[{\"@type\":\"SearchAction\",\"target\":{\"@type\":\"EntryPoint\",\"urlTemplate\":\"https:\/\/www.moma-design.it\/?s={search_term_string}\"},\"query-input\":{\"@type\":\"PropertyValueSpecification\",\"valueRequired\":true,\"valueName\":\"search_term_string\"}}],\"inLanguage\":\"de\"},{\"@type\":\"Organization\",\"@id\":\"https:\/\/www.moma-design.it\/#organization\",\"name\":\"MOMA Design\",\"url\":\"https:\/\/www.moma-design.it\/\",\"logo\":{\"@type\":\"ImageObject\",\"inLanguage\":\"de\",\"@id\":\"https:\/\/www.moma-design.it\/#\/schema\/logo\/image\/\",\"url\":\"https:\/\/www.moma-design.it\/wp-content\/uploads\/2023\/07\/Logotipo-bianco-Moma-Design.png\",\"contentUrl\":\"https:\/\/www.moma-design.it\/wp-content\/uploads\/2023\/07\/Logotipo-bianco-Moma-Design.png\",\"width\":250,\"height\":150,\"caption\":\"MOMA Design\"},\"image\":{\"@id\":\"https:\/\/www.moma-design.it\/#\/schema\/logo\/image\/\"}}]}<\/script>\n<!-- \/ Yoast SEO plugin. -->","yoast_head_json":{"title":"Private Villa in der Bretagne, Frankreich | MOMA Design","description":"2019 wurde MOMA Design ausgew\u00e4hlt, um die B\u00e4der einer wundersch\u00f6nen, von innen renovierten historischen Villa komplett einzurichten.","robots":{"index":"index","follow":"follow","max-snippet":"max-snippet:-1","max-image-preview":"max-image-preview:large","max-video-preview":"max-video-preview:-1"},"canonical":"https:\/\/www.moma-design.it\/projekte\/villa-privata-in-bretagna-francia\/","og_locale":"de_DE","og_type":"article","og_title":"Private Villa in der Bretagne, Frankreich | MOMA Design","og_description":"2019 wurde MOMA Design ausgew\u00e4hlt, um die B\u00e4der einer wundersch\u00f6nen, von innen renovierten historischen Villa komplett einzurichten.","og_url":"https:\/\/www.moma-design.it\/projekte\/villa-privata-in-bretagna-francia\/","og_site_name":"MOMA Design","article_modified_time":"2024-11-22T09:02:39+00:00","og_image":[{"width":550,"height":400,"url":"https:\/\/www.moma-design.it\/wp-content\/uploads\/2023\/04\/villa-saint-gregoire.jpg","type":"image\/jpeg"}],"twitter_card":"summary_large_image","twitter_misc":{"Gesch\u00e4tzte Lesezeit":"1\u00a0Minute"},"schema":{"@context":"https:\/\/schema.org","@graph":[{"@type":"WebPage","@id":"https:\/\/www.moma-design.it\/projekte\/villa-privata-in-bretagna-francia\/","url":"https:\/\/www.moma-design.it\/projekte\/villa-privata-in-bretagna-francia\/","name":"Private Villa in der Bretagne, Frankreich | MOMA Design","isPartOf":{"@id":"https:\/\/www.moma-design.it\/#website"},"primaryImageOfPage":{"@id":"https:\/\/www.moma-design.it\/projekte\/villa-privata-in-bretagna-francia\/#primaryimage"},"image":{"@id":"https:\/\/www.moma-design.it\/projekte\/villa-privata-in-bretagna-francia\/#primaryimage"},"thumbnailUrl":"https:\/\/www.moma-design.it\/wp-content\/uploads\/2023\/04\/villa-saint-gregoire.jpg","datePublished":"2023-04-12T14:30:49+00:00","dateModified":"2024-11-22T09:02:39+00:00","description":"2019 wurde MOMA Design ausgew\u00e4hlt, um die B\u00e4der einer wundersch\u00f6nen, von innen renovierten historischen Villa komplett einzurichten.","breadcrumb":{"@id":"https:\/\/www.moma-design.it\/projekte\/villa-privata-in-bretagna-francia\/#breadcrumb"},"inLanguage":"de","potentialAction":[{"@type":"ReadAction","target":["https:\/\/www.moma-design.it\/projekte\/villa-privata-in-bretagna-francia\/"]}]},{"@type":"ImageObject","inLanguage":"de","@id":"https:\/\/www.moma-design.it\/projekte\/villa-privata-in-bretagna-francia\/#primaryimage","url":"https:\/\/www.moma-design.it\/wp-content\/uploads\/2023\/04\/villa-saint-gregoire.jpg","contentUrl":"https:\/\/www.moma-design.it\/wp-content\/uploads\/2023\/04\/villa-saint-gregoire.jpg","width":550,"height":400,"caption":"realizzazione MOMA Design Villa Bretagna"},{"@type":"BreadcrumbList","@id":"https:\/\/www.moma-design.it\/projekte\/villa-privata-in-bretagna-francia\/#breadcrumb","itemListElement":[{"@type":"ListItem","position":1,"name":"Home","item":"https:\/\/www.moma-design.it\/"},{"@type":"ListItem","position":2,"name":"Private Villa in der Bretagne, Frankreich"}]},{"@type":"WebSite","@id":"https:\/\/www.moma-design.it\/#website","url":"https:\/\/www.moma-design.it\/","name":"MOMA Design","description":"","publisher":{"@id":"https:\/\/www.moma-design.it\/#organization"},"potentialAction":[{"@type":"SearchAction","target":{"@type":"EntryPoint","urlTemplate":"https:\/\/www.moma-design.it\/?s={search_term_string}"},"query-input":{"@type":"PropertyValueSpecification","valueRequired":true,"valueName":"search_term_string"}}],"inLanguage":"de"},{"@type":"Organization","@id":"https:\/\/www.moma-design.it\/#organization","name":"MOMA Design","url":"https:\/\/www.moma-design.it\/","logo":{"@type":"ImageObject","inLanguage":"de","@id":"https:\/\/www.moma-design.it\/#\/schema\/logo\/image\/","url":"https:\/\/www.moma-design.it\/wp-content\/uploads\/2023\/07\/Logotipo-bianco-Moma-Design.png","contentUrl":"https:\/\/www.moma-design.it\/wp-content\/uploads\/2023\/07\/Logotipo-bianco-Moma-Design.png","width":250,"height":150,"caption":"MOMA Design"},"image":{"@id":"https:\/\/www.moma-design.it\/#\/schema\/logo\/image\/"}}]}},"_links":{"self":[{"href":"https:\/\/www.moma-design.it\/de\/wp-json\/wp\/v2\/realizzazione\/34917","targetHints":{"allow":["GET"]}}],"collection":[{"href":"https:\/\/www.moma-design.it\/de\/wp-json\/wp\/v2\/realizzazione"}],"about":[{"href":"https:\/\/www.moma-design.it\/de\/wp-json\/wp\/v2\/types\/realizzazione"}],"version-history":[{"count":0,"href":"https:\/\/www.moma-design.it\/de\/wp-json\/wp\/v2\/realizzazione\/34917\/revisions"}],"wp:featuredmedia":[{"embeddable":true,"href":"https:\/\/www.moma-design.it\/de\/wp-json\/wp\/v2\/media\/35190"}],"wp:attachment":[{"href":"https:\/\/www.moma-design.it\/de\/wp-json\/wp\/v2\/media?parent=34917"}],"wp:term":[{"taxonomy":"realizzazione_categoria","embeddable":true,"href":"https:\/\/www.moma-design.it\/de\/wp-json\/wp\/v2\/realizzazione_categoria?post=34917"}],"curies":[{"name":"wp","href":"https:\/\/api.w.org\/{rel}","templated":true}]}}