{"id":34873,"date":"2023-07-27T07:20:35","date_gmt":"2023-07-27T05:20:35","guid":{"rendered":"https:\/\/www.moma-design.it\/realizzazione\/mareterra-project-in-monaco\/"},"modified":"2025-07-21T11:55:44","modified_gmt":"2025-07-21T09:55:44","slug":"mareterra-project-in-monaco","status":"publish","type":"realizzazione","link":"https:\/\/www.moma-design.it\/de\/projekte\/mareterra-project-in-monaco\/","title":{"rendered":"Mareterra Project in Monaco"},"content":{"rendered":"\t\t<div data-elementor-type=\"wp-post\" data-elementor-id=\"34873\" class=\"elementor elementor-34873 elementor-19240\" data-elementor-post-type=\"realizzazione\">\n\t\t\t\t\t\t<section class=\"elementor-section elementor-top-section elementor-element elementor-element-15d46fc elementor-section-height-min-height elementor-section-items-bottom elementor-section-boxed elementor-section-height-default wpr-particle-no wpr-jarallax-no wpr-parallax-no wpr-sticky-section-no\" data-id=\"15d46fc\" data-element_type=\"section\" data-settings=\"{&quot;background_background&quot;:&quot;classic&quot;}\">\n\t\t\t\t\t\t\t<div class=\"elementor-background-overlay\"><\/div>\n\t\t\t\t\t\t\t<div class=\"elementor-container elementor-column-gap-default\">\n\t\t\t\t\t<div class=\"elementor-column elementor-col-100 elementor-top-column elementor-element elementor-element-a4d1105 elementor-invisible\" data-id=\"a4d1105\" data-element_type=\"column\" data-settings=\"{&quot;animation&quot;:&quot;fadeInUp&quot;}\">\n\t\t\t<div class=\"elementor-widget-wrap elementor-element-populated\">\n\t\t\t\t\t\t<div class=\"elementor-element elementor-element-74b0ea1 elementor-widget elementor-widget-heading\" data-id=\"74b0ea1\" data-element_type=\"widget\" data-widget_type=\"heading.default\">\n\t\t\t\t<div class=\"elementor-widget-container\">\n\t\t\t\t\t<h1 class=\"elementor-heading-title elementor-size-default\">Mareterra Project in Monaco<\/h1>\t\t\t\t<\/div>\n\t\t\t\t<\/div>\n\t\t\t\t<div class=\"elementor-element elementor-element-6b45341 elementor-widget elementor-widget-heading\" data-id=\"6b45341\" data-element_type=\"widget\" data-widget_type=\"heading.default\">\n\t\t\t\t<div class=\"elementor-widget-container\">\n\t\t\t\t\t<h3 class=\"elementor-heading-title elementor-size-default\">Badezimmer-Projekte von MOMA Design<\/h3>\t\t\t\t<\/div>\n\t\t\t\t<\/div>\n\t\t\t\t\t<\/div>\n\t\t<\/div>\n\t\t\t\t\t<\/div>\n\t\t<\/section>\n\t\t\t\t<section class=\"elementor-section elementor-top-section elementor-element elementor-element-ecedfb5 elementor-section-boxed elementor-section-height-default elementor-section-height-default wpr-particle-no wpr-jarallax-no wpr-parallax-no wpr-sticky-section-no\" data-id=\"ecedfb5\" data-element_type=\"section\">\n\t\t\t\t\t\t<div class=\"elementor-container elementor-column-gap-default\">\n\t\t\t\t\t<div class=\"elementor-column elementor-col-100 elementor-top-column elementor-element elementor-element-e991713\" data-id=\"e991713\" data-element_type=\"column\">\n\t\t\t<div class=\"elementor-widget-wrap elementor-element-populated\">\n\t\t\t\t\t\t<div class=\"elementor-element elementor-element-0d4f281 elementor-widget elementor-widget-text-editor\" data-id=\"0d4f281\" data-element_type=\"widget\" data-widget_type=\"text-editor.default\">\n\t\t\t\t<div class=\"elementor-widget-container\">\n\t\t\t\t\t\t\t\t\t<p>Im Jahr 2021 begann <strong>MOMA Design<\/strong> mit der Gestaltung der Badewannen f\u00fcr die Immobilien des gigantischen Projekts &#8222;<strong>Mareterra<\/strong>&#8220; in Monaco, das von den international bekannten Architekten Renzo Piano und Denis Valode entworfen wurde.<\/p>\n<p>Der neue Komplex hat eine Gesamtfl\u00e4che von 6 Hektar und ist direkt am Meer gebaut, aber unter dem Banner der \u00f6kologischen Nachhaltigkeit: der Raum beherbergt mehrst\u00f6ckige Geb\u00e4ude, Villen, einen neuen Gesch\u00e4ftsraum, einen neuen Hafen, einen Park und einen neuen \u00f6ffentlichen Parkplatz, sowie k\u00fcnstliche Riffe, um die Besiedlung des neuen K\u00fcstenabschnitts durch gesch\u00fctzte Meeresgr\u00e4ser zu f\u00f6rdern.<\/p>\n<p>Die geschwungene Form der Grundst\u00fccke soll den Fluss der Meeresstr\u00f6mung beg\u00fcnstigen, und viele weitere Merkmale werden Mareterra zu einer echten \u00f6kologischen Oase machen: neue B\u00e4ume, Fahrrad- und Fu\u00dfg\u00e4ngerwege, Sonnenkollektoren, Ladesysteme f\u00fcr Elektrofahrzeuge und eine automatische Bew\u00e4sserung je nach Luftfeuchtigkeit und Niederschlag. Speziell f\u00fcr dieses Projekt hat MOMA Design die freistehende Badewanne OLIVIA entworfen, die dank der M\u00f6glichkeit, die Wasserh\u00e4hne am Wannenrand zu installieren, kompakt und gleichzeitig funktional ist.<\/p>\n<p>Die anderen Badewannen des Projekts, die alle auf den Millimeter genau ma\u00dfgefertigt wurden, sind f\u00fcr eine Verkleidung mit Naturstein vorgesehen.<\/p>\n\t\t\t\t\t\t\t\t<\/div>\n\t\t\t\t<\/div>\n\t\t\t\t\t<\/div>\n\t\t<\/div>\n\t\t\t\t\t<\/div>\n\t\t<\/section>\n\t\t\t\t<section class=\"elementor-section elementor-top-section elementor-element elementor-element-79c13b6 elementor-section-boxed elementor-section-height-default elementor-section-height-default wpr-particle-no wpr-jarallax-no wpr-parallax-no wpr-sticky-section-no\" data-id=\"79c13b6\" data-element_type=\"section\">\n\t\t\t\t\t\t<div class=\"elementor-container elementor-column-gap-default\">\n\t\t\t\t\t<div class=\"elementor-column elementor-col-100 elementor-top-column elementor-element elementor-element-5fc60c0\" data-id=\"5fc60c0\" data-element_type=\"column\">\n\t\t\t<div class=\"elementor-widget-wrap elementor-element-populated\">\n\t\t\t\t\t\t<div class=\"elementor-element elementor-element-799f46f elementor-widget elementor-widget-gallery\" data-id=\"799f46f\" data-element_type=\"widget\" data-settings=\"{&quot;gallery_layout&quot;:&quot;masonry&quot;,&quot;columns&quot;:&quot;2&quot;,&quot;lazyload&quot;:&quot;yes&quot;,&quot;columns_tablet&quot;:2,&quot;columns_mobile&quot;:1,&quot;gap&quot;:{&quot;unit&quot;:&quot;px&quot;,&quot;size&quot;:10,&quot;sizes&quot;:[]},&quot;gap_tablet&quot;:{&quot;unit&quot;:&quot;px&quot;,&quot;size&quot;:10,&quot;sizes&quot;:[]},&quot;gap_mobile&quot;:{&quot;unit&quot;:&quot;px&quot;,&quot;size&quot;:10,&quot;sizes&quot;:[]},&quot;link_to&quot;:&quot;file&quot;,&quot;overlay_background&quot;:&quot;yes&quot;,&quot;content_hover_animation&quot;:&quot;fade-in&quot;}\" data-widget_type=\"gallery.default\">\n\t\t\t\t<div class=\"elementor-widget-container\">\n\t\t\t\t\t\t\t<div class=\"elementor-gallery__container\">\n\t\t\t\t\t\t\t<a class=\"e-gallery-item elementor-gallery-item elementor-animated-content\" href=\"https:\/\/www.moma-design.it\/wp-content\/uploads\/2023\/07\/mareterra-650-1.jpg\" data-elementor-open-lightbox=\"yes\" data-elementor-lightbox-slideshow=\"799f46f\" data-elementor-lightbox-title=\"mareterra-650-1\" data-elementor-lightbox-description=\"progetto Mareterra Monaco\" data-e-action-hash=\"#elementor-action%3Aaction%3Dlightbox%26settings%3DeyJpZCI6MzQwNzEsInVybCI6Imh0dHBzOlwvXC93d3cubW9tYS1kZXNpZ24uaXRcL3dwLWNvbnRlbnRcL3VwbG9hZHNcLzIwMjNcLzA3XC9tYXJldGVycmEtNjUwLTEuanBnIiwic2xpZGVzaG93IjoiNzk5ZjQ2ZiJ9\">\n\t\t\t\t\t<div class=\"e-gallery-image elementor-gallery-item__image\" data-thumbnail=\"https:\/\/www.moma-design.it\/wp-content\/uploads\/2023\/07\/mareterra-650-1.jpg\" data-width=\"650\" data-height=\"450\" aria-label=\"progetto Mareterra Monaco\" role=\"img\" ><\/div>\n\t\t\t\t\t\t\t\t\t\t\t<div class=\"elementor-gallery-item__overlay\"><\/div>\n\t\t\t\t\t\t\t\t\t\t\t\t\t\t<\/a>\n\t\t\t\t\t\t\t<a class=\"e-gallery-item elementor-gallery-item elementor-animated-content\" href=\"https:\/\/www.moma-design.it\/wp-content\/uploads\/2023\/07\/mareterra-3.jpg\" data-elementor-open-lightbox=\"yes\" data-elementor-lightbox-slideshow=\"799f46f\" data-elementor-lightbox-title=\"mareterra-3\" data-elementor-lightbox-description=\"vasca Olivia di MOMA Design per progetto Mareterra Monaco\" data-e-action-hash=\"#elementor-action%3Aaction%3Dlightbox%26settings%3DeyJpZCI6MzQxMDAsInVybCI6Imh0dHBzOlwvXC93d3cubW9tYS1kZXNpZ24uaXRcL3dwLWNvbnRlbnRcL3VwbG9hZHNcLzIwMjNcLzA3XC9tYXJldGVycmEtMy5qcGciLCJzbGlkZXNob3ciOiI3OTlmNDZmIn0%3D\">\n\t\t\t\t\t<div class=\"e-gallery-image elementor-gallery-item__image\" data-thumbnail=\"https:\/\/www.moma-design.it\/wp-content\/uploads\/2023\/07\/mareterra-3.jpg\" data-width=\"450\" data-height=\"450\" aria-label=\"vasca Olivia di MOMA Design per progetto Mareterra Monaco\" role=\"img\" ><\/div>\n\t\t\t\t\t\t\t\t\t\t\t<div class=\"elementor-gallery-item__overlay\"><\/div>\n\t\t\t\t\t\t\t\t\t\t\t\t\t\t<\/a>\n\t\t\t\t\t\t\t<a class=\"e-gallery-item elementor-gallery-item elementor-animated-content\" href=\"https:\/\/www.moma-design.it\/wp-content\/uploads\/2023\/04\/dettaglio-olivia-vasca-freestanding-in-white-stonage.jpg\" data-elementor-open-lightbox=\"yes\" data-elementor-lightbox-slideshow=\"799f46f\" data-elementor-lightbox-title=\"dettaglio-olivia vasca-freestanding-in-white-stonage\" data-elementor-lightbox-description=\"vasca freestanding in White Stonage modello Olivia di MOMA Design, con rubinetteria a bordo vasca\" data-e-action-hash=\"#elementor-action%3Aaction%3Dlightbox%26settings%3DeyJpZCI6MjE3MzMsInVybCI6Imh0dHBzOlwvXC93d3cubW9tYS1kZXNpZ24uaXRcL3dwLWNvbnRlbnRcL3VwbG9hZHNcLzIwMjNcLzA0XC9kZXR0YWdsaW8tb2xpdmlhLXZhc2NhLWZyZWVzdGFuZGluZy1pbi13aGl0ZS1zdG9uYWdlLmpwZyIsInNsaWRlc2hvdyI6Ijc5OWY0NmYifQ%3D%3D\">\n\t\t\t\t\t<div class=\"e-gallery-image elementor-gallery-item__image\" data-thumbnail=\"https:\/\/www.moma-design.it\/wp-content\/uploads\/2023\/04\/dettaglio-olivia-vasca-freestanding-in-white-stonage.jpg\" data-width=\"600\" data-height=\"450\" aria-label=\"\" role=\"img\" ><\/div>\n\t\t\t\t\t\t\t\t\t\t\t<div class=\"elementor-gallery-item__overlay\"><\/div>\n\t\t\t\t\t\t\t\t\t\t\t\t\t\t<\/a>\n\t\t\t\t\t\t\t<a class=\"e-gallery-item elementor-gallery-item elementor-animated-content\" href=\"https:\/\/www.moma-design.it\/wp-content\/uploads\/2023\/04\/anteprima-olivia-vasca-freestanding-in-white-stonage.jpg\" data-elementor-open-lightbox=\"yes\" data-elementor-lightbox-slideshow=\"799f46f\" data-elementor-lightbox-title=\"Vorschau-olivia-freistehende-badewanne-aus-white-stonage\" data-elementor-lightbox-description=\"freistehende Badewanne in White Stonage Modell Olivia von MOMA Design, mit randmontierten Armaturen und Aipool System\" data-e-action-hash=\"#elementor-action%3Aaction%3Dlightbox%26settings%3DeyJpZCI6MjE3MjksInVybCI6Imh0dHBzOlwvXC93d3cubW9tYS1kZXNpZ24uaXRcL3dwLWNvbnRlbnRcL3VwbG9hZHNcLzIwMjNcLzA0XC9hbnRlcHJpbWEtb2xpdmlhLXZhc2NhLWZyZWVzdGFuZGluZy1pbi13aGl0ZS1zdG9uYWdlLmpwZyIsInNsaWRlc2hvdyI6Ijc5OWY0NmYifQ%3D%3D\">\n\t\t\t\t\t<div class=\"e-gallery-image elementor-gallery-item__image\" data-thumbnail=\"https:\/\/www.moma-design.it\/wp-content\/uploads\/2023\/04\/anteprima-olivia-vasca-freestanding-in-white-stonage.jpg\" data-width=\"450\" data-height=\"600\" aria-label=\"freistehende Badewanne in White Stonage Modell Olivia von MOMA Design, mit randmontierten Armaturen und Aipool System\" role=\"img\" ><\/div>\n\t\t\t\t\t\t\t\t\t\t\t<div class=\"elementor-gallery-item__overlay\"><\/div>\n\t\t\t\t\t\t\t\t\t\t\t\t\t\t<\/a>\n\t\t\t\t\t\t\t<a class=\"e-gallery-item elementor-gallery-item elementor-animated-content\" href=\"https:\/\/www.moma-design.it\/wp-content\/uploads\/2025\/07\/MARETERRA_450x450.jpg\" data-elementor-open-lightbox=\"yes\" data-elementor-lightbox-slideshow=\"799f46f\" data-elementor-lightbox-title=\"MARETERRA_450x450\" data-elementor-lightbox-description=\"inaugurazione mareterra a monaco\" data-e-action-hash=\"#elementor-action%3Aaction%3Dlightbox%26settings%3DeyJpZCI6NDU4MjQsInVybCI6Imh0dHBzOlwvXC93d3cubW9tYS1kZXNpZ24uaXRcL3dwLWNvbnRlbnRcL3VwbG9hZHNcLzIwMjVcLzA3XC9NQVJFVEVSUkFfNDUweDQ1MC5qcGciLCJzbGlkZXNob3ciOiI3OTlmNDZmIn0%3D\">\n\t\t\t\t\t<div class=\"e-gallery-image elementor-gallery-item__image\" data-thumbnail=\"https:\/\/www.moma-design.it\/wp-content\/uploads\/2025\/07\/MARETERRA_450x450.jpg\" data-width=\"450\" data-height=\"450\" aria-label=\"inaugurazione mareterra a monaco\" role=\"img\" ><\/div>\n\t\t\t\t\t\t\t\t\t\t\t<div class=\"elementor-gallery-item__overlay\"><\/div>\n\t\t\t\t\t\t\t\t\t\t\t\t\t\t<\/a>\n\t\t\t\t\t<\/div>\n\t\t\t\t\t<\/div>\n\t\t\t\t<\/div>\n\t\t\t\t\t<\/div>\n\t\t<\/div>\n\t\t\t\t\t<\/div>\n\t\t<\/section>\n\t\t\t\t<section class=\"elementor-section elementor-top-section elementor-element elementor-element-c31ec65 elementor-section-full_width elementor-hidden-desktop elementor-hidden-tablet elementor-hidden-mobile elementor-section-height-default elementor-section-height-default wpr-particle-no wpr-jarallax-no wpr-parallax-no wpr-sticky-section-no\" data-id=\"c31ec65\" data-element_type=\"section\" data-settings=\"{&quot;background_background&quot;:&quot;classic&quot;}\">\n\t\t\t\t\t\t<div class=\"elementor-container elementor-column-gap-default\">\n\t\t\t\t\t<div class=\"elementor-column elementor-col-100 elementor-top-column elementor-element elementor-element-c7ae6f4\" data-id=\"c7ae6f4\" data-element_type=\"column\">\n\t\t\t<div class=\"elementor-widget-wrap elementor-element-populated\">\n\t\t\t\t\t\t<div class=\"elementor-element elementor-element-ebdb3c1 elementor-widget elementor-widget-heading\" data-id=\"ebdb3c1\" data-element_type=\"widget\" data-widget_type=\"heading.default\">\n\t\t\t\t<div class=\"elementor-widget-container\">\n\t\t\t\t\t<h2 class=\"elementor-heading-title elementor-size-default\">MOMA DESIGN PRODUKTE, DIE BEI DIESER REALISIERUNG VERWENDET WURDEN<\/h2>\t\t\t\t<\/div>\n\t\t\t\t<\/div>\n\t\t\t\t<div class=\"elementor-element elementor-element-c50b349 elementor-widget elementor-widget-heading\" data-id=\"c50b349\" data-element_type=\"widget\" data-widget_type=\"heading.default\">\n\t\t\t\t<div class=\"elementor-widget-container\">\n\t\t\t\t\t<h3 class=\"elementor-heading-title elementor-size-default\">Details machen Perfektion aus, und Perfektion ist kein Detail.<\/h3>\t\t\t\t<\/div>\n\t\t\t\t<\/div>\n\t\t\t\t<div class=\"elementor-element elementor-element-d05b32d elementor-grid-5 elementor-product-loop-item--align-center elementor-grid-tablet-3 elementor-grid-mobile-2 elementor-products-grid elementor-wc-products elementor-widget elementor-widget-woocommerce-products\" data-id=\"d05b32d\" data-element_type=\"widget\" data-widget_type=\"woocommerce-products.default\">\n\t\t\t\t<div class=\"elementor-widget-container\">\n\t\t\t\t\t<div class=\"woocommerce columns-5 \"><ul class=\"products elementor-grid columns-5\">\n<li class=\"desktop-align-left tablet-align-left mobile-align-left product type-product post-37090 status-publish first instock product_cat-badewannen product_cat-freistehende-badewannen has-post-thumbnail shipping-taxable product-type-simple\">\n\t<a href=\"https:\/\/www.moma-design.it\/de\/produkt\/chaise-longue-rive-gauche\/\" class=\"woocommerce-LoopProduct-link woocommerce-loop-product__link\"><img fetchpriority=\"high\" decoding=\"async\" width=\"300\" height=\"400\" src=\"https:\/\/www.moma-design.it\/wp-content\/uploads\/2023\/01\/Vasca-chaise-longue-rive-gauche-in-White-Stonage-di-Moma-Design-300x400.jpg\" class=\"attachment-woocommerce_thumbnail size-woocommerce_thumbnail\" alt=\"Chaise Longue Rive Gauche Badewanne, eine elegante und raffinierte L\u00f6sung, um das Badezimmer zu einem angenehmen und entspannenden Ort zu machen\" srcset=\"https:\/\/www.moma-design.it\/wp-content\/uploads\/2023\/01\/Vasca-chaise-longue-rive-gauche-in-White-Stonage-di-Moma-Design-300x400.jpg 300w, https:\/\/www.moma-design.it\/wp-content\/uploads\/2023\/01\/Vasca-chaise-longue-rive-gauche-in-White-Stonage-di-Moma-Design-225x300.jpg 225w, https:\/\/www.moma-design.it\/wp-content\/uploads\/2023\/01\/Vasca-chaise-longue-rive-gauche-in-White-Stonage-di-Moma-Design.jpg 450w\" sizes=\"(max-width: 300px) 100vw, 300px\" \/><h2 class=\"woocommerce-loop-product__title\">Chaise Longue Rive Gauche<\/h2>\n<\/a><a href=\"https:\/\/www.moma-design.it\/de\/produkt\/chaise-longue-rive-gauche\/\" aria-describedby=\"woocommerce_loop_add_to_cart_link_describedby_37090\" data-quantity=\"1\" class=\"button product_type_simple\" data-product_id=\"37090\" data-product_sku=\"\" aria-label=\"Lese mehr \u00fcber &#8222;Chaise Longue Rive Gauche&#8220;\" rel=\"nofollow\" data-success_message=\"\">Weiterlesen<\/a>\t<span id=\"woocommerce_loop_add_to_cart_link_describedby_37090\" class=\"screen-reader-text\">\n\t\t\t<\/span>\n<\/li>\n<\/ul>\n<\/div>\t\t\t\t<\/div>\n\t\t\t\t<\/div>\n\t\t\t\t\t<\/div>\n\t\t<\/div>\n\t\t\t\t\t<\/div>\n\t\t<\/section>\n\t\t\t\t<\/div>\n\t\t","protected":false},"excerpt":{"rendered":"<p>MOMA Design wurde ausgew\u00e4hlt, um die Badewannen f\u00fcr das grandiose Mareterra-Projekt in Monaco zu liefern.<\/p>\n","protected":false},"featured_media":35101,"template":"elementor_header_footer","meta":{"site-sidebar-layout":"no-sidebar","site-content-layout":"page-builder","ast-site-content-layout":"default","site-content-style":"default","site-sidebar-style":"default","ast-global-header-display":"","ast-banner-title-visibility":"","ast-main-header-display":"","ast-hfb-above-header-display":"","ast-hfb-below-header-display":"","ast-hfb-mobile-header-display":"","site-post-title":"disabled","ast-breadcrumbs-content":"","ast-featured-img":"disabled","footer-sml-layout":"","ast-disable-related-posts":"","theme-transparent-header-meta":"","adv-header-id-meta":"","stick-header-meta":"","header-above-stick-meta":"","header-main-stick-meta":"","header-below-stick-meta":"","astra-migrate-meta-layouts":"default","ast-page-background-enabled":"default","ast-page-background-meta":{"desktop":{"background-color":"var(--ast-global-color-4)","background-image":"","background-repeat":"repeat","background-position":"center center","background-size":"auto","background-attachment":"scroll","background-type":"","background-media":"","overlay-type":"","overlay-color":"","overlay-opacity":"","overlay-gradient":""},"tablet":{"background-color":"","background-image":"","background-repeat":"repeat","background-position":"center center","background-size":"auto","background-attachment":"scroll","background-type":"","background-media":"","overlay-type":"","overlay-color":"","overlay-opacity":"","overlay-gradient":""},"mobile":{"background-color":"","background-image":"","background-repeat":"repeat","background-position":"center center","background-size":"auto","background-attachment":"scroll","background-type":"","background-media":"","overlay-type":"","overlay-color":"","overlay-opacity":"","overlay-gradient":""}},"ast-content-background-meta":{"desktop":{"background-color":"var(--ast-global-color-5)","background-image":"","background-repeat":"repeat","background-position":"center center","background-size":"auto","background-attachment":"scroll","background-type":"","background-media":"","overlay-type":"","overlay-color":"","overlay-opacity":"","overlay-gradient":""},"tablet":{"background-color":"var(--ast-global-color-5)","background-image":"","background-repeat":"repeat","background-position":"center center","background-size":"auto","background-attachment":"scroll","background-type":"","background-media":"","overlay-type":"","overlay-color":"","overlay-opacity":"","overlay-gradient":""},"mobile":{"background-color":"var(--ast-global-color-5)","background-image":"","background-repeat":"repeat","background-position":"center center","background-size":"auto","background-attachment":"scroll","background-type":"","background-media":"","overlay-type":"","overlay-color":"","overlay-opacity":"","overlay-gradient":""}}},"realizzazione_categoria":[],"class_list":["post-34873","realizzazione","type-realizzazione","status-publish","has-post-thumbnail","hentry"],"yoast_head":"<!-- This site is optimized with the Yoast SEO plugin v26.8 - https:\/\/yoast.com\/product\/yoast-seo-wordpress\/ -->\n<title>Mareterra Project in Monaco | MOMA Design<\/title>\n<meta name=\"description\" content=\"MOMA Design wurde ausgew\u00e4hlt, um die Badewannen f\u00fcr das grandiose Mareterra-Projekt in Monaco zu liefern.\" \/>\n<meta name=\"robots\" content=\"index, follow, max-snippet:-1, max-image-preview:large, max-video-preview:-1\" \/>\n<link rel=\"canonical\" href=\"https:\/\/www.moma-design.it\/projekte\/progetto-mareterra-a-monaco\/\" \/>\n<meta property=\"og:locale\" content=\"de_DE\" \/>\n<meta property=\"og:type\" content=\"article\" \/>\n<meta property=\"og:title\" content=\"Mareterra Project in Monaco | MOMA Design\" \/>\n<meta property=\"og:description\" content=\"MOMA Design wurde ausgew\u00e4hlt, um die Badewannen f\u00fcr das grandiose Mareterra-Projekt in Monaco zu liefern.\" \/>\n<meta property=\"og:url\" content=\"https:\/\/www.moma-design.it\/projekte\/progetto-mareterra-a-monaco\/\" \/>\n<meta property=\"og:site_name\" content=\"MOMA Design\" \/>\n<meta property=\"article:modified_time\" content=\"2025-07-21T09:55:44+00:00\" \/>\n<meta property=\"og:image\" content=\"https:\/\/www.moma-design.it\/wp-content\/uploads\/2023\/07\/mareterra.jpg\" \/>\n\t<meta property=\"og:image:width\" content=\"550\" \/>\n\t<meta property=\"og:image:height\" content=\"400\" \/>\n\t<meta property=\"og:image:type\" content=\"image\/jpeg\" \/>\n<meta name=\"twitter:card\" content=\"summary_large_image\" \/>\n<meta name=\"twitter:label1\" content=\"Gesch\u00e4tzte Lesezeit\" \/>\n\t<meta name=\"twitter:data1\" content=\"1\u00a0Minute\" \/>\n<script type=\"application\/ld+json\" class=\"yoast-schema-graph\">{\"@context\":\"https:\/\/schema.org\",\"@graph\":[{\"@type\":\"WebPage\",\"@id\":\"https:\/\/www.moma-design.it\/projekte\/progetto-mareterra-a-monaco\/\",\"url\":\"https:\/\/www.moma-design.it\/projekte\/progetto-mareterra-a-monaco\/\",\"name\":\"Mareterra Project in Monaco | MOMA Design\",\"isPartOf\":{\"@id\":\"https:\/\/www.moma-design.it\/#website\"},\"primaryImageOfPage\":{\"@id\":\"https:\/\/www.moma-design.it\/projekte\/progetto-mareterra-a-monaco\/#primaryimage\"},\"image\":{\"@id\":\"https:\/\/www.moma-design.it\/projekte\/progetto-mareterra-a-monaco\/#primaryimage\"},\"thumbnailUrl\":\"https:\/\/www.moma-design.it\/wp-content\/uploads\/2023\/07\/mareterra.jpg\",\"datePublished\":\"2023-07-27T05:20:35+00:00\",\"dateModified\":\"2025-07-21T09:55:44+00:00\",\"description\":\"MOMA Design wurde ausgew\u00e4hlt, um die Badewannen f\u00fcr das grandiose Mareterra-Projekt in Monaco zu liefern.\",\"breadcrumb\":{\"@id\":\"https:\/\/www.moma-design.it\/projekte\/progetto-mareterra-a-monaco\/#breadcrumb\"},\"inLanguage\":\"de\",\"potentialAction\":[{\"@type\":\"ReadAction\",\"target\":[\"https:\/\/www.moma-design.it\/projekte\/progetto-mareterra-a-monaco\/\"]}]},{\"@type\":\"ImageObject\",\"inLanguage\":\"de\",\"@id\":\"https:\/\/www.moma-design.it\/projekte\/progetto-mareterra-a-monaco\/#primaryimage\",\"url\":\"https:\/\/www.moma-design.it\/wp-content\/uploads\/2023\/07\/mareterra.jpg\",\"contentUrl\":\"https:\/\/www.moma-design.it\/wp-content\/uploads\/2023\/07\/mareterra.jpg\",\"width\":550,\"height\":400,\"caption\":\"realizzazione MOMA Design Mareterra Monaco\"},{\"@type\":\"BreadcrumbList\",\"@id\":\"https:\/\/www.moma-design.it\/projekte\/progetto-mareterra-a-monaco\/#breadcrumb\",\"itemListElement\":[{\"@type\":\"ListItem\",\"position\":1,\"name\":\"Home\",\"item\":\"https:\/\/www.moma-design.it\/\"},{\"@type\":\"ListItem\",\"position\":2,\"name\":\"Mareterra Project in Monaco\"}]},{\"@type\":\"WebSite\",\"@id\":\"https:\/\/www.moma-design.it\/#website\",\"url\":\"https:\/\/www.moma-design.it\/\",\"name\":\"MOMA Design\",\"description\":\"\",\"publisher\":{\"@id\":\"https:\/\/www.moma-design.it\/#organization\"},\"potentialAction\":[{\"@type\":\"SearchAction\",\"target\":{\"@type\":\"EntryPoint\",\"urlTemplate\":\"https:\/\/www.moma-design.it\/?s={search_term_string}\"},\"query-input\":{\"@type\":\"PropertyValueSpecification\",\"valueRequired\":true,\"valueName\":\"search_term_string\"}}],\"inLanguage\":\"de\"},{\"@type\":\"Organization\",\"@id\":\"https:\/\/www.moma-design.it\/#organization\",\"name\":\"MOMA Design\",\"url\":\"https:\/\/www.moma-design.it\/\",\"logo\":{\"@type\":\"ImageObject\",\"inLanguage\":\"de\",\"@id\":\"https:\/\/www.moma-design.it\/#\/schema\/logo\/image\/\",\"url\":\"https:\/\/www.moma-design.it\/wp-content\/uploads\/2023\/07\/Logotipo-bianco-Moma-Design.png\",\"contentUrl\":\"https:\/\/www.moma-design.it\/wp-content\/uploads\/2023\/07\/Logotipo-bianco-Moma-Design.png\",\"width\":250,\"height\":150,\"caption\":\"MOMA Design\"},\"image\":{\"@id\":\"https:\/\/www.moma-design.it\/#\/schema\/logo\/image\/\"}}]}<\/script>\n<!-- \/ Yoast SEO plugin. -->","yoast_head_json":{"title":"Mareterra Project in Monaco | MOMA Design","description":"MOMA Design wurde ausgew\u00e4hlt, um die Badewannen f\u00fcr das grandiose Mareterra-Projekt in Monaco zu liefern.","robots":{"index":"index","follow":"follow","max-snippet":"max-snippet:-1","max-image-preview":"max-image-preview:large","max-video-preview":"max-video-preview:-1"},"canonical":"https:\/\/www.moma-design.it\/projekte\/progetto-mareterra-a-monaco\/","og_locale":"de_DE","og_type":"article","og_title":"Mareterra Project in Monaco | MOMA Design","og_description":"MOMA Design wurde ausgew\u00e4hlt, um die Badewannen f\u00fcr das grandiose Mareterra-Projekt in Monaco zu liefern.","og_url":"https:\/\/www.moma-design.it\/projekte\/progetto-mareterra-a-monaco\/","og_site_name":"MOMA Design","article_modified_time":"2025-07-21T09:55:44+00:00","og_image":[{"width":550,"height":400,"url":"https:\/\/www.moma-design.it\/wp-content\/uploads\/2023\/07\/mareterra.jpg","type":"image\/jpeg"}],"twitter_card":"summary_large_image","twitter_misc":{"Gesch\u00e4tzte Lesezeit":"1\u00a0Minute"},"schema":{"@context":"https:\/\/schema.org","@graph":[{"@type":"WebPage","@id":"https:\/\/www.moma-design.it\/projekte\/progetto-mareterra-a-monaco\/","url":"https:\/\/www.moma-design.it\/projekte\/progetto-mareterra-a-monaco\/","name":"Mareterra Project in Monaco | MOMA Design","isPartOf":{"@id":"https:\/\/www.moma-design.it\/#website"},"primaryImageOfPage":{"@id":"https:\/\/www.moma-design.it\/projekte\/progetto-mareterra-a-monaco\/#primaryimage"},"image":{"@id":"https:\/\/www.moma-design.it\/projekte\/progetto-mareterra-a-monaco\/#primaryimage"},"thumbnailUrl":"https:\/\/www.moma-design.it\/wp-content\/uploads\/2023\/07\/mareterra.jpg","datePublished":"2023-07-27T05:20:35+00:00","dateModified":"2025-07-21T09:55:44+00:00","description":"MOMA Design wurde ausgew\u00e4hlt, um die Badewannen f\u00fcr das grandiose Mareterra-Projekt in Monaco zu liefern.","breadcrumb":{"@id":"https:\/\/www.moma-design.it\/projekte\/progetto-mareterra-a-monaco\/#breadcrumb"},"inLanguage":"de","potentialAction":[{"@type":"ReadAction","target":["https:\/\/www.moma-design.it\/projekte\/progetto-mareterra-a-monaco\/"]}]},{"@type":"ImageObject","inLanguage":"de","@id":"https:\/\/www.moma-design.it\/projekte\/progetto-mareterra-a-monaco\/#primaryimage","url":"https:\/\/www.moma-design.it\/wp-content\/uploads\/2023\/07\/mareterra.jpg","contentUrl":"https:\/\/www.moma-design.it\/wp-content\/uploads\/2023\/07\/mareterra.jpg","width":550,"height":400,"caption":"realizzazione MOMA Design Mareterra Monaco"},{"@type":"BreadcrumbList","@id":"https:\/\/www.moma-design.it\/projekte\/progetto-mareterra-a-monaco\/#breadcrumb","itemListElement":[{"@type":"ListItem","position":1,"name":"Home","item":"https:\/\/www.moma-design.it\/"},{"@type":"ListItem","position":2,"name":"Mareterra Project in Monaco"}]},{"@type":"WebSite","@id":"https:\/\/www.moma-design.it\/#website","url":"https:\/\/www.moma-design.it\/","name":"MOMA Design","description":"","publisher":{"@id":"https:\/\/www.moma-design.it\/#organization"},"potentialAction":[{"@type":"SearchAction","target":{"@type":"EntryPoint","urlTemplate":"https:\/\/www.moma-design.it\/?s={search_term_string}"},"query-input":{"@type":"PropertyValueSpecification","valueRequired":true,"valueName":"search_term_string"}}],"inLanguage":"de"},{"@type":"Organization","@id":"https:\/\/www.moma-design.it\/#organization","name":"MOMA Design","url":"https:\/\/www.moma-design.it\/","logo":{"@type":"ImageObject","inLanguage":"de","@id":"https:\/\/www.moma-design.it\/#\/schema\/logo\/image\/","url":"https:\/\/www.moma-design.it\/wp-content\/uploads\/2023\/07\/Logotipo-bianco-Moma-Design.png","contentUrl":"https:\/\/www.moma-design.it\/wp-content\/uploads\/2023\/07\/Logotipo-bianco-Moma-Design.png","width":250,"height":150,"caption":"MOMA Design"},"image":{"@id":"https:\/\/www.moma-design.it\/#\/schema\/logo\/image\/"}}]}},"_links":{"self":[{"href":"https:\/\/www.moma-design.it\/de\/wp-json\/wp\/v2\/realizzazione\/34873","targetHints":{"allow":["GET"]}}],"collection":[{"href":"https:\/\/www.moma-design.it\/de\/wp-json\/wp\/v2\/realizzazione"}],"about":[{"href":"https:\/\/www.moma-design.it\/de\/wp-json\/wp\/v2\/types\/realizzazione"}],"version-history":[{"count":3,"href":"https:\/\/www.moma-design.it\/de\/wp-json\/wp\/v2\/realizzazione\/34873\/revisions"}],"predecessor-version":[{"id":45830,"href":"https:\/\/www.moma-design.it\/de\/wp-json\/wp\/v2\/realizzazione\/34873\/revisions\/45830"}],"wp:featuredmedia":[{"embeddable":true,"href":"https:\/\/www.moma-design.it\/de\/wp-json\/wp\/v2\/media\/35101"}],"wp:attachment":[{"href":"https:\/\/www.moma-design.it\/de\/wp-json\/wp\/v2\/media?parent=34873"}],"wp:term":[{"taxonomy":"realizzazione_categoria","embeddable":true,"href":"https:\/\/www.moma-design.it\/de\/wp-json\/wp\/v2\/realizzazione_categoria?post=34873"}],"curies":[{"name":"wp","href":"https:\/\/api.w.org\/{rel}","templated":true}]}}